{"id":6298,"date":"2011-10-19T22:00:41","date_gmt":"2011-10-20T00:00:41","guid":{"rendered":"http:\/\/www.padreydecano.com\/cms\/?page_id=6298"},"modified":"2022-10-19T22:58:57","modified_gmt":"2022-10-20T01:58:57","slug":"el-historico-4-a-3-del-quinquenio","status":"publish","type":"page","link":"https:\/\/www.padreydecano.com\/cms\/historias-clasicas\/el-historico-4-a-3-del-quinquenio\/","title":{"rendered":"El Hist\u00f3rico 4 a 3 del Quinquenio"},"content":{"rendered":"<p style=\"text-align: justify;\"><a href=\"https:\/\/www.padreydecano.com\/cms\/wp-content\/uploads\/2011\/10\/971.jpg\" rel=\"shadowbox[sbpost-6298];player=img;\"><img loading=\"lazy\" decoding=\"async\" class=\"alignleft size-medium wp-image-6307\" src=\"https:\/\/www.padreydecano.com\/cms\/wp-content\/uploads\/2011\/10\/971-300x197.jpg\" alt=\"\" width=\"240\" height=\"158\" srcset=\"https:\/\/www.padreydecano.com\/cms\/wp-content\/uploads\/2011\/10\/971-300x197.jpg 300w, https:\/\/www.padreydecano.com\/cms\/wp-content\/uploads\/2011\/10\/971.jpg 597w\" sizes=\"(max-width: 240px) 100vw, 240px\" \/><\/a>El 19 de octubre no es una fecha m\u00e1s en cuanto a materia cl\u00e1sica, ya que aquel d\u00eda en 1997 se disput\u00f3 uno de los cl\u00e1sicos que quedar\u00e1n marcados con m\u00e1s fuerza en la memoria colectiva. Vulgarmente, es recordado como \u201cel cl\u00e1sico del 4 a 3\u201d, debido al resultado final, y su importancia se debe al tr\u00e1mite del partido, ya que supimos remontar un resultado adverso de 1-3 para lograr la victoria final de 4-3.<\/p>\n<p style=\"text-align: justify;\">Debido al r\u00e9gimen de disputa del campeonato uruguayo en aquel entonces, si perd\u00edamos aquel partido, nos desped\u00edamos de la posibilidad de ganar el Campeonato Uruguayo de 1997, y por ende, lograr el Segundo Quinquenio de Oro.<\/p>\n<p style=\"text-align: justify;\">A los 21 minutos el tradicional rival abri\u00f3 el marcador por intermedio de Danilo Baltierra, pero r\u00e1pidamente \u201cEl Profesor\u201d Pablo Javier Bengoechea empat\u00f3 el encuentro con un golpe de cabeza. Nuevamente el rival se puso en ventaja, esta vez sacando una diferencia de dos goles, ya que a los 32 y a los 35 minutos, Washington Rodr\u00edguez y Ruben Sosa mandaron la pelota a la red.<br \/>\nEl panorama era bastante oscuro. Con el 3 a 1 la hinchada rival festejaba porque con esa ventaja cre\u00edan que hab\u00edan cortado el Quinquenio. Estuvieron 5 a\u00f1os perdiendo los cl\u00e1sicos de todas las maneras existentes, y sin embargo se dieron el lujo de sentirse ganadores.<\/p>\n<p style=\"text-align: justify;\">Enfrente estaba Pe\u00f1arol, y antes del terminar el segundo tiempo, comenzaba la remontada \u00abA lo Pe\u00f1arol\u00bb. Cerca del final del primer tiempo, el \u201cLucho\u201d Romero conect\u00f3 un cabezazo tras un corner del \u201cPato\u201d Aguilera, y de esa manera el encuentro se fue al descanso con un 2-3. Ahora los de enfrente ya no festejaban y bajaban a la realidad; se dieron cuenta otra vez que \u00abPe\u00f1arol nunca est\u00e1 muerto\u00bb.<\/p>\n<p style=\"text-align: justify;\">El gol del descuento manten\u00eda las ilusiones intactas, y dejaba un partido abierto para los segundos 45 minutos que ser\u00edan apasionantes. Sobre los 66 minutos lleg\u00f3 el empate del partido, luego de un rebote que agarr\u00f3 Jorge Goncalvez tras un tiro libre de Pablo Javier Bengoechea que logr\u00f3 tapar Carlos Nicola. El \u00abTito\u00bb festej\u00f3 el gol frente a la hinchada rival, haci\u00e9ndole todo tipo de gestos y muecas.<\/p>\n<p style=\"text-align: justify;\">El partido estaba 3 a 3 y la historia estaba a punto de cambiar. La hinchada de Pe\u00f1arol estaba apoyando con mucha fuerza y aliento a sus jugadores en busca de la remontada final. Y ese bendito gol lleg\u00f3 a los 76 minutos de juego, cuando Juan Carlos De Lima conect\u00f3 de cabeza un centro de Pablo Bengoechea. Los jugadores estallaron de alegr\u00eda y se unieron en un abrazo tan fuerte que cayeron al c\u00e9sped. No se quer\u00edan levantar nunca m\u00e1s; hab\u00edamos dado vuelta aquel cl\u00e1sico y todos quer\u00edan registrar en las retinas el momento.<\/p>\n<p style=\"text-align: justify;\">A esa altura era muy complicado ganar el Quinquenio, se ten\u00edan que ganar todos los partidos y a su vez se ten\u00edan que dar muchos resultados. Ning\u00fan hincha de Pe\u00f1arol se iba a olvidar de esa tarde, de esa haza\u00f1a.<br \/>\nY gracias a esta victoria el plantel y la hinchada se dieron cuenta que si est\u00e1 Pe\u00f1arol, todo es posible, porque Pe\u00f1arol es el \u00abdue\u00f1o\u00bb de las haza\u00f1as.<\/p>\n<div>\n<p><strong><span style=\"color: #ffcc02;\">Ficha del Partido<\/span><br \/>\n<\/strong>P\u00fablico: 55.000<br \/>\nEntradas vendidas: 42.029<br \/>\nJueces: Gustavo Gallesio, Jos\u00e9 Lagos, N\u00e9stor Rodr\u00edguez.<br \/>\n<strong>Pe\u00f1arol:<\/strong>\u00a0Claudio Flores, Seraf\u00edn Garc\u00eda, Jorge Goncalves, Nicol\u00e1s Rotundo, Robert Lima, Marcelo De Souza,\u00a0Ruben Pereira (55&#8242; Zalayeta), \u00a0Pablo Bengoechea, Antonio Pacheco (78&#8242; Qui\u00f1ones)\u00a0, Carlos Aguilera (76&#8242; De Lima) y Luis Romero.<\/p>\n<\/div>\n<p><strong>Nacional:<\/strong>\u00a0Carlos Nicola, Tony G\u00f3mez, Dami\u00e1n Rodr\u00edguez (50&#8242; Cono Aguiar), Fernando Kanapkis, Leonardo Jara, Danilo Baltierra, Diego Tito (65&#8242; Carrasco), Mario Barilko, Jos\u00e9 L. Zalazar, Washington Rodr\u00edguez (68&#8242; Adippe) y Ruben Sosa.<br \/>\nGoles: 21&#8242; Baltierra (N), 25&#8242; Bengoechea (P), 31&#8242; Rodr\u00edguez\u00a0(N), 34&#8242; Sosa (N), 45&#8242; Romero (P), 66&#8242;\u00a0Goncalves (P), 76&#8242; De Lima (P).<br \/>\nExpulsados: 84&#8242; Zalayeta (P), 90&#8242; Zalazar.<\/p>\n<div align=\"center\">\n<table class=\"video\">\n<tbody>\n<tr>\n<td><iframe loading=\"lazy\" src=\"http:\/\/www.youtube.com\/embed\/3rWOFIf807U?wmode=transparent\" width=\"420\" height=\"315\" frameborder=\"0\"><\/iframe><\/td>\n<\/tr>\n<\/tbody>\n<\/table>\n<\/div>\n","protected":false},"excerpt":{"rendered":"<p>El 19 de octubre no es una fecha m\u00e1s en cuanto a materia cl\u00e1sica, ya que aquel d\u00eda en 1997 se disput\u00f3 uno de los cl\u00e1sicos que quedar\u00e1n marcados con m\u00e1s fuerza en la memoria colectiva. Vulgarmente, es recordado como \u201cel cl\u00e1sico del 4 a 3\u201d, debido al resultado final, y su importancia se debe [&hellip;]<\/p>\n","protected":false},"author":1,"featured_media":0,"parent":5170,"menu_order":9,"comment_status":"open","ping_status":"open","template":"","meta":{"footnotes":""},"yoast_head":"<!-- This site is optimized with the Yoast SEO plugin v23.2 - https:\/\/yoast.com\/wordpress\/plugins\/seo\/ -->\n<title>El Hist\u00f3rico 4 a 3 del Quinquenio - Padre y Decano - El Sitio del Pueblo<\/title>\n<meta name=\"robots\" content=\"index, follow, max-snippet:-1, max-image-preview:large, max-video-preview:-1\" \/>\n<link rel=\"canonical\" href=\"https:\/\/www.padreydecano.com\/cms\/historias-clasicas\/el-historico-4-a-3-del-quinquenio\/\" \/>\n<meta property=\"og:locale\" content=\"es_ES\" \/>\n<meta property=\"og:type\" content=\"article\" \/>\n<meta property=\"og:title\" content=\"El Hist\u00f3rico 4 a 3 del Quinquenio - Padre y Decano - El Sitio del Pueblo\" \/>\n<meta property=\"og:description\" content=\"El 19 de octubre no es una fecha m\u00e1s en cuanto a materia cl\u00e1sica, ya que aquel d\u00eda en 1997 se disput\u00f3 uno de los cl\u00e1sicos que quedar\u00e1n marcados con m\u00e1s fuerza en la memoria colectiva. Vulgarmente, es recordado como \u201cel cl\u00e1sico del 4 a 3\u201d, debido al resultado final, y su importancia se debe [&hellip;]\" \/>\n<meta property=\"og:url\" content=\"https:\/\/www.padreydecano.com\/cms\/historias-clasicas\/el-historico-4-a-3-del-quinquenio\/\" \/>\n<meta property=\"og:site_name\" content=\"Padre y Decano - El Sitio del Pueblo\" \/>\n<meta property=\"article:modified_time\" content=\"2022-10-20T01:58:57+00:00\" \/>\n<meta property=\"og:image\" content=\"http:\/\/www.padreydecano.com\/cms\/wp-content\/uploads\/2011\/10\/971-300x197.jpg\" \/>\n<meta name=\"twitter:card\" content=\"summary_large_image\" \/>\n<meta name=\"twitter:label1\" content=\"Tiempo de lectura\" \/>\n\t<meta name=\"twitter:data1\" content=\"3 minutos\" \/>\n<script type=\"application\/ld+json\" class=\"yoast-schema-graph\">{\"@context\":\"https:\/\/schema.org\",\"@graph\":[{\"@type\":\"WebPage\",\"@id\":\"https:\/\/www.padreydecano.com\/cms\/historias-clasicas\/el-historico-4-a-3-del-quinquenio\/\",\"url\":\"https:\/\/www.padreydecano.com\/cms\/historias-clasicas\/el-historico-4-a-3-del-quinquenio\/\",\"name\":\"El Hist\u00f3rico 4 a 3 del Quinquenio - Padre y Decano - El Sitio del Pueblo\",\"isPartOf\":{\"@id\":\"https:\/\/www.padreydecano.com\/cms\/#website\"},\"primaryImageOfPage\":{\"@id\":\"https:\/\/www.padreydecano.com\/cms\/historias-clasicas\/el-historico-4-a-3-del-quinquenio\/#primaryimage\"},\"image\":{\"@id\":\"https:\/\/www.padreydecano.com\/cms\/historias-clasicas\/el-historico-4-a-3-del-quinquenio\/#primaryimage\"},\"thumbnailUrl\":\"http:\/\/www.padreydecano.com\/cms\/wp-content\/uploads\/2011\/10\/971-300x197.jpg\",\"datePublished\":\"2011-10-20T00:00:41+00:00\",\"dateModified\":\"2022-10-20T01:58:57+00:00\",\"breadcrumb\":{\"@id\":\"https:\/\/www.padreydecano.com\/cms\/historias-clasicas\/el-historico-4-a-3-del-quinquenio\/#breadcrumb\"},\"inLanguage\":\"es\",\"potentialAction\":[{\"@type\":\"ReadAction\",\"target\":[\"https:\/\/www.padreydecano.com\/cms\/historias-clasicas\/el-historico-4-a-3-del-quinquenio\/\"]}]},{\"@type\":\"ImageObject\",\"inLanguage\":\"es\",\"@id\":\"https:\/\/www.padreydecano.com\/cms\/historias-clasicas\/el-historico-4-a-3-del-quinquenio\/#primaryimage\",\"url\":\"https:\/\/www.padreydecano.com\/cms\/wp-content\/uploads\/2011\/10\/971.jpg\",\"contentUrl\":\"https:\/\/www.padreydecano.com\/cms\/wp-content\/uploads\/2011\/10\/971.jpg\",\"width\":\"597\",\"height\":\"393\"},{\"@type\":\"BreadcrumbList\",\"@id\":\"https:\/\/www.padreydecano.com\/cms\/historias-clasicas\/el-historico-4-a-3-del-quinquenio\/#breadcrumb\",\"itemListElement\":[{\"@type\":\"ListItem\",\"position\":1,\"name\":\"Portada\",\"item\":\"https:\/\/www.padreydecano.com\/cms\/\"},{\"@type\":\"ListItem\",\"position\":2,\"name\":\"Historias Cl\u00e1sicas\",\"item\":\"https:\/\/www.padreydecano.com\/cms\/historias-clasicas\/\"},{\"@type\":\"ListItem\",\"position\":3,\"name\":\"El Hist\u00f3rico 4 a 3 del Quinquenio\"}]},{\"@type\":\"WebSite\",\"@id\":\"https:\/\/www.padreydecano.com\/cms\/#website\",\"url\":\"https:\/\/www.padreydecano.com\/cms\/\",\"name\":\"Padre y Decano - El Sitio del Pueblo\",\"description\":\"Club Atl\u00e9tico Pe\u00f1arol\",\"publisher\":{\"@id\":\"https:\/\/www.padreydecano.com\/cms\/#organization\"},\"potentialAction\":[{\"@type\":\"SearchAction\",\"target\":{\"@type\":\"EntryPoint\",\"urlTemplate\":\"https:\/\/www.padreydecano.com\/cms\/?s={search_term_string}\"},\"query-input\":\"required name=search_term_string\"}],\"inLanguage\":\"es\"},{\"@type\":\"Organization\",\"@id\":\"https:\/\/www.padreydecano.com\/cms\/#organization\",\"name\":\"Padre y Decano\",\"url\":\"https:\/\/www.padreydecano.com\/cms\/\",\"logo\":{\"@type\":\"ImageObject\",\"inLanguage\":\"es\",\"@id\":\"https:\/\/www.padreydecano.com\/cms\/#\/schema\/logo\/image\/\",\"url\":\"https:\/\/www.padreydecano.com\/cms\/wp-content\/uploads\/2022\/01\/avatar-square.png\",\"contentUrl\":\"https:\/\/www.padreydecano.com\/cms\/wp-content\/uploads\/2022\/01\/avatar-square.png\",\"width\":1500,\"height\":1500,\"caption\":\"Padre y Decano\"},\"image\":{\"@id\":\"https:\/\/www.padreydecano.com\/cms\/#\/schema\/logo\/image\/\"}}]}<\/script>\n<!-- \/ Yoast SEO plugin. -->","yoast_head_json":{"title":"El Hist\u00f3rico 4 a 3 del Quinquenio - Padre y Decano - El Sitio del Pueblo","robots":{"index":"index","follow":"follow","max-snippet":"max-snippet:-1","max-image-preview":"max-image-preview:large","max-video-preview":"max-video-preview:-1"},"canonical":"https:\/\/www.padreydecano.com\/cms\/historias-clasicas\/el-historico-4-a-3-del-quinquenio\/","og_locale":"es_ES","og_type":"article","og_title":"El Hist\u00f3rico 4 a 3 del Quinquenio - Padre y Decano - El Sitio del Pueblo","og_description":"El 19 de octubre no es una fecha m\u00e1s en cuanto a materia cl\u00e1sica, ya que aquel d\u00eda en 1997 se disput\u00f3 uno de los cl\u00e1sicos que quedar\u00e1n marcados con m\u00e1s fuerza en la memoria colectiva. Vulgarmente, es recordado como \u201cel cl\u00e1sico del 4 a 3\u201d, debido al resultado final, y su importancia se debe [&hellip;]","og_url":"https:\/\/www.padreydecano.com\/cms\/historias-clasicas\/el-historico-4-a-3-del-quinquenio\/","og_site_name":"Padre y Decano - El Sitio del Pueblo","article_modified_time":"2022-10-20T01:58:57+00:00","og_image":[{"url":"http:\/\/www.padreydecano.com\/cms\/wp-content\/uploads\/2011\/10\/971-300x197.jpg"}],"twitter_card":"summary_large_image","twitter_misc":{"Tiempo de lectura":"3 minutos"},"schema":{"@context":"https:\/\/schema.org","@graph":[{"@type":"WebPage","@id":"https:\/\/www.padreydecano.com\/cms\/historias-clasicas\/el-historico-4-a-3-del-quinquenio\/","url":"https:\/\/www.padreydecano.com\/cms\/historias-clasicas\/el-historico-4-a-3-del-quinquenio\/","name":"El Hist\u00f3rico 4 a 3 del Quinquenio - Padre y Decano - El Sitio del Pueblo","isPartOf":{"@id":"https:\/\/www.padreydecano.com\/cms\/#website"},"primaryImageOfPage":{"@id":"https:\/\/www.padreydecano.com\/cms\/historias-clasicas\/el-historico-4-a-3-del-quinquenio\/#primaryimage"},"image":{"@id":"https:\/\/www.padreydecano.com\/cms\/historias-clasicas\/el-historico-4-a-3-del-quinquenio\/#primaryimage"},"thumbnailUrl":"http:\/\/www.padreydecano.com\/cms\/wp-content\/uploads\/2011\/10\/971-300x197.jpg","datePublished":"2011-10-20T00:00:41+00:00","dateModified":"2022-10-20T01:58:57+00:00","breadcrumb":{"@id":"https:\/\/www.padreydecano.com\/cms\/historias-clasicas\/el-historico-4-a-3-del-quinquenio\/#breadcrumb"},"inLanguage":"es","potentialAction":[{"@type":"ReadAction","target":["https:\/\/www.padreydecano.com\/cms\/historias-clasicas\/el-historico-4-a-3-del-quinquenio\/"]}]},{"@type":"ImageObject","inLanguage":"es","@id":"https:\/\/www.padreydecano.com\/cms\/historias-clasicas\/el-historico-4-a-3-del-quinquenio\/#primaryimage","url":"https:\/\/www.padreydecano.com\/cms\/wp-content\/uploads\/2011\/10\/971.jpg","contentUrl":"https:\/\/www.padreydecano.com\/cms\/wp-content\/uploads\/2011\/10\/971.jpg","width":"597","height":"393"},{"@type":"BreadcrumbList","@id":"https:\/\/www.padreydecano.com\/cms\/historias-clasicas\/el-historico-4-a-3-del-quinquenio\/#breadcrumb","itemListElement":[{"@type":"ListItem","position":1,"name":"Portada","item":"https:\/\/www.padreydecano.com\/cms\/"},{"@type":"ListItem","position":2,"name":"Historias Cl\u00e1sicas","item":"https:\/\/www.padreydecano.com\/cms\/historias-clasicas\/"},{"@type":"ListItem","position":3,"name":"El Hist\u00f3rico 4 a 3 del Quinquenio"}]},{"@type":"WebSite","@id":"https:\/\/www.padreydecano.com\/cms\/#website","url":"https:\/\/www.padreydecano.com\/cms\/","name":"Padre y Decano - El Sitio del Pueblo","description":"Club Atl\u00e9tico Pe\u00f1arol","publisher":{"@id":"https:\/\/www.padreydecano.com\/cms\/#organization"},"potentialAction":[{"@type":"SearchAction","target":{"@type":"EntryPoint","urlTemplate":"https:\/\/www.padreydecano.com\/cms\/?s={search_term_string}"},"query-input":"required name=search_term_string"}],"inLanguage":"es"},{"@type":"Organization","@id":"https:\/\/www.padreydecano.com\/cms\/#organization","name":"Padre y Decano","url":"https:\/\/www.padreydecano.com\/cms\/","logo":{"@type":"ImageObject","inLanguage":"es","@id":"https:\/\/www.padreydecano.com\/cms\/#\/schema\/logo\/image\/","url":"https:\/\/www.padreydecano.com\/cms\/wp-content\/uploads\/2022\/01\/avatar-square.png","contentUrl":"https:\/\/www.padreydecano.com\/cms\/wp-content\/uploads\/2022\/01\/avatar-square.png","width":1500,"height":1500,"caption":"Padre y Decano"},"image":{"@id":"https:\/\/www.padreydecano.com\/cms\/#\/schema\/logo\/image\/"}}]}},"_links":{"self":[{"href":"https:\/\/www.padreydecano.com\/cms\/wp-json\/wp\/v2\/pages\/6298"}],"collection":[{"href":"https:\/\/www.padreydecano.com\/cms\/wp-json\/wp\/v2\/pages"}],"about":[{"href":"https:\/\/www.padreydecano.com\/cms\/wp-json\/wp\/v2\/types\/page"}],"author":[{"embeddable":true,"href":"https:\/\/www.padreydecano.com\/cms\/wp-json\/wp\/v2\/users\/1"}],"replies":[{"embeddable":true,"href":"https:\/\/www.padreydecano.com\/cms\/wp-json\/wp\/v2\/comments?post=6298"}],"version-history":[{"count":0,"href":"https:\/\/www.padreydecano.com\/cms\/wp-json\/wp\/v2\/pages\/6298\/revisions"}],"up":[{"embeddable":true,"href":"https:\/\/www.padreydecano.com\/cms\/wp-json\/wp\/v2\/pages\/5170"}],"wp:attachment":[{"href":"https:\/\/www.padreydecano.com\/cms\/wp-json\/wp\/v2\/media?parent=6298"}],"curies":[{"name":"wp","href":"https:\/\/api.w.org\/{rel}","templated":true}]}}