{"id":47461,"date":"2016-04-19T00:10:47","date_gmt":"2016-04-19T03:10:47","guid":{"rendered":"http:\/\/www.padreydecano.com\/cms\/?page_id=47461"},"modified":"2016-04-18T22:17:07","modified_gmt":"2016-04-19T01:17:07","slug":"primer-partido-de-la-historia-de-la-copa-libertadores","status":"publish","type":"page","link":"https:\/\/www.padreydecano.com\/cms\/primer-partido-de-la-historia-de-la-copa-libertadores\/","title":{"rendered":"Primer partido de la historia de la Copa Libertadores"},"content":{"rendered":"<p style=\"text-align: justify;\"><a href=\"https:\/\/www.padreydecano.com\/cms\/wp-content\/uploads\/2014\/07\/19-de-abril_Pe\u00f1arol-Wilsterman.jpg\" rel=\"shadowbox[sbpost-47461];player=img;\"><img loading=\"lazy\" decoding=\"async\" class=\"alignright size-medium wp-image-47465\" src=\"https:\/\/www.padreydecano.com\/cms\/wp-content\/uploads\/2014\/07\/19-de-abril_Pe\u00f1arol-Wilsterman-300x185.jpg\" alt=\"19-de-abril_Pe\u00f1arol-Wilsterman\" width=\"300\" height=\"185\" srcset=\"https:\/\/www.padreydecano.com\/cms\/wp-content\/uploads\/2014\/07\/19-de-abril_Pe\u00f1arol-Wilsterman-300x185.jpg 300w, https:\/\/www.padreydecano.com\/cms\/wp-content\/uploads\/2014\/07\/19-de-abril_Pe\u00f1arol-Wilsterman.jpg 650w\" sizes=\"(max-width: 300px) 100vw, 300px\" \/><\/a><strong>El 19 de abril de 1960 se jug\u00f3 el primer partido de la historia de la Copa Libertadores en el Estadio Centenario. Los protagonistas fueron Pe\u00f1arol y Jorge Wilstermann, jugaron por el Grupo 2 y el resultado fue goleada por 7 a 1 a favor de los aurinegros.<\/strong><\/p>\n<p style=\"text-align: justify;\">El <a title=\"Decanato\" href=\"https:\/\/www.padreydecano.com\/cms\/penarol-decano-futbol-uruguayo\/\" target=\"_blank\">Decano del F\u00fatbol Uruguayo<\/a> fue el \u00faltimo equipo en clasificar a dicho certamen, ya que el 20 de marzo de 1960 se disput\u00f3 la final de la Copa Uruguaya de 1959, y logr\u00f3 el pasaje luego de ganarle la final a Nacional por 2 a 0 con goles de Cubilla y Linazza. En esa primera Copa jugaron siete equipos: Pe\u00f1arol por Uruguay, Millonarios por Colombia, Olimpia por Paraguay, San Lorenzo por Argentina, EC Bah\u00eda por Brasil, Jorge Wilstermann por Boliv\u00eda y Universidad de Chile. Cada equipo fue el respectivo campe\u00f3n de su pa\u00eds.<\/p>\n<p style=\"text-align: justify;\">El partido disputado en la tarde tuvo una gran concurrencia que rond\u00f3 los 30 mil espectadores (28.700 entradas vendidas). Por ser feriado patrio Pe\u00f1arol ingres\u00f3 a la cancha con la bandera de Artigas a pesar de ser el aniversario del desembarco de los 33 orientales; lo hizo para difundir a\u00fan m\u00e1s el concepto \u00abLibertadores de Am\u00e9rica\u00bb.<\/p>\n<p style=\"text-align: justify;\"><a href=\"https:\/\/www.padreydecano.com\/cms\/wp-content\/uploads\/2014\/07\/gol_de_borges_460x.jpg\" rel=\"shadowbox[sbpost-47461];player=img;\"><img loading=\"lazy\" decoding=\"async\" class=\"alignleft wp-image-47466 size-medium\" src=\"https:\/\/www.padreydecano.com\/cms\/wp-content\/uploads\/2014\/07\/gol_de_borges_460x-300x245.jpg\" alt=\"gol_de_borges_460x\" width=\"300\" height=\"245\" srcset=\"https:\/\/www.padreydecano.com\/cms\/wp-content\/uploads\/2014\/07\/gol_de_borges_460x-300x245.jpg 300w, https:\/\/www.padreydecano.com\/cms\/wp-content\/uploads\/2014\/07\/gol_de_borges_460x.jpg 460w\" sizes=\"(max-width: 300px) 100vw, 300px\" \/><\/a>A los 13 minutos Carlos Borges convirti\u00f3 el primer gol de la Copa Libertadores. En el arco de la Tribuna Colombes se registr\u00f3 este hecho hist\u00f3rico, jugada de <a title=\"Juan Edgardo Hohberg\" href=\"https:\/\/www.padreydecano.com\/cms\/idolos\/juan-edgardo-hohberg\/\" target=\"_blank\">Hohberg <\/a>que termina con Cubilla estrellando la pelota contra el travesa\u00f1o y en el rebote convierte Borges. Solo pasaron 4 minutos para que llegue el segundo gol de Pe\u00f1arol otra vez convertido por Carlos Borges y a los 21 minutos el tercer tanto lo convirti\u00f3 Luis Cubilla.<\/p>\n<p style=\"text-align: justify;\">Antes de finalizar el primer tiempo lleg\u00f3 el cuarto gol, anotado\u00a0por <a title=\"Alberto Spencer\" href=\"https:\/\/www.padreydecano.com\/cms\/idolos\/alberto-spencer\/\" target=\"_blank\">Alberto Spencer<\/a>. Este\u00a0fue el primero de los <a title=\"Los goles de Spencer en la Libertadores\" href=\"https:\/\/www.padreydecano.com\/cms\/noticias\/los-goles-de-spencer-en-la-libertadores\/\" target=\"_blank\">54 goles que lo consagran como el m\u00e1ximo goleador de la Copa Libertadores<\/a>. Tras pase de Hohberg el ecuatoriano\u00a0sac\u00f3 un remate potente en el borde del \u00e1rea para marcar este hist\u00f3rico primer gol en la copa.<\/p>\n<p style=\"text-align: justify;\">En el comienzo del segundo tiempo lleg\u00f3 el descuento del equipo boliviano por intermedio de\u00a0M\u00e1ximo Alc\u00f3cer. Luego llegar\u00edan tres goles m\u00e1s de Spencer a los 57&#8242;, 66&#8242; y 89&#8242; para cerrar en\u00a0cuatro anotaciones su primera actuaci\u00f3n en la historia de la Copa Libertadores.<\/p>\n<p style=\"text-align: justify;\">Este primer encuentro\u00a0quedar\u00e1 en la historia por ser el primero de toda la Copa Libertadores y porque fue que inici\u00f3 el camino que terminar\u00eda con <a title=\"Copa Libertadores 1960\" href=\"https:\/\/www.padreydecano.com\/cms\/campanas-historicas\/copa-libertadores-1960\/\" target=\"_blank\">Pe\u00f1arol Campe\u00f3n de la Copa Libertadores en 1960<\/a>.<\/p>\n<p><span style=\"color: #ffcc02;\"><strong>Ficha del partido<\/strong><\/span><\/p>\n<p><strong>Estadio:<\/strong> Centenario<br \/>\n<strong>P\u00fablico:<\/strong> 30 mil espectadores (28.700 entradas vendidas)<br \/>\n<strong>Juez:<\/strong> Carlos Robles (CHI)<\/p>\n<p><strong>Pe\u00f1arol:<\/strong> <a title=\"Luis Maidana\" href=\"https:\/\/www.padreydecano.com\/cms\/idolos\/luis-maidana\/\" target=\"_blank\">Luis Maidana<\/a>; William Mart\u00ednez, Milton Alves da Silva \u00abSalvador\u00bb, Santigo Pino, <a title=\"N\u00e9stor Gon\u00e7alves\" href=\"https:\/\/www.padreydecano.com\/cms\/idolos\/nestor-goncalves\/\" target=\"_blank\">N\u00e9stor Gonc\u00e1lves<\/a>, W\u00e1lter Aguerre, Luis Cubilla, Carlos Abel Linazza, <a title=\"Juan Edgardo Hohberg\" href=\"https:\/\/www.padreydecano.com\/cms\/idolos\/juan-edgardo-hohberg\/\" target=\"_blank\">Juan Eduardo Hohberg<\/a>, <a title=\"Alberto Spencer\" href=\"https:\/\/www.padreydecano.com\/cms\/idolos\/alberto-spencer\/\" target=\"_blank\">Alberto Spencer<\/a> y Carlos Borges. DT: Roberto Scarone<\/p>\n<p><strong>Wilstermann:<\/strong> Hern\u00e1n Rico; \u00d3scar Claure, Wilfredo Villarroel, Jos\u00e9 Trujillo, Jos\u00e9 Rocabado, Mario Zabalaga, C\u00e9sar S\u00e1nchez, M\u00e1ximo Alc\u00f3cer, Auberto Garc\u00eda, Ren\u00e1n L\u00f3pez, R\u00f3mulo Cortez (44&#8242; Arturo Soria). DT: Sa\u00fal Ongaro<\/p>\n<p><strong>Detalle:<\/strong> William Mart\u00ednez (P) desvi\u00f3 penal a los 29 minutos<\/p>\n<p><strong>Goles:<\/strong> Carlos Borges (13&#8242; y 17&#8242;), Luis Cubilla (21&#8242;), Alberto Spencer (35&#8242;, 57&#8242;, 66&#8242; y 89&#8242;), para Pe\u00f1arol. M\u00e1ximo Alc\u00f3cer (48&#8242;) para Wilstermann.<\/p>\n\n\t\t<style type=\"text\/css\">\n\t\t\t#gallery-1 {\n\t\t\t\tmargin: auto;\n\t\t\t}\n\t\t\t#gallery-1 .gallery-item {\n\t\t\t\tfloat: left;\n\t\t\t\tmargin-top: 10px;\n\t\t\t\ttext-align: center;\n\t\t\t\twidth: 33%;\n\t\t\t}\n\t\t\t#gallery-1 img {\n\t\t\t\tborder: 2px solid #cfcfcf;\n\t\t\t}\n\t\t\t#gallery-1 .gallery-caption {\n\t\t\t\tmargin-left: 0;\n\t\t\t}\n\t\t\t\/* see gallery_shortcode() in wp-includes\/media.php *\/\n\t\t<\/style>\n\t\t<div id='gallery-1' class='gallery galleryid-47461 gallery-columns-3 gallery-size-thumbnail'><dl class='gallery-item'>\n\t\t\t<dt class='gallery-icon landscape'>\n\t\t\t\t<a href='https:\/\/www.padreydecano.com\/cms\/wp-content\/uploads\/2014\/07\/1er_gol_Spencer_460x.jpg' rel='shadowbox[sbalbum-47461];player=img;'><img loading=\"lazy\" decoding=\"async\" width=\"150\" height=\"150\" src=\"https:\/\/www.padreydecano.com\/cms\/wp-content\/uploads\/2014\/07\/1er_gol_Spencer_460x-150x150.jpg\" class=\"attachment-thumbnail size-thumbnail\" alt=\"\" srcset=\"https:\/\/www.padreydecano.com\/cms\/wp-content\/uploads\/2014\/07\/1er_gol_Spencer_460x-150x150.jpg 150w, https:\/\/www.padreydecano.com\/cms\/wp-content\/uploads\/2014\/07\/1er_gol_Spencer_460x-36x36.jpg 36w, https:\/\/www.padreydecano.com\/cms\/wp-content\/uploads\/2014\/07\/1er_gol_Spencer_460x-115x115.jpg 115w\" sizes=\"(max-width: 150px) 100vw, 150px\" \/><\/a>\n\t\t\t<\/dt><\/dl><dl class='gallery-item'>\n\t\t\t<dt class='gallery-icon landscape'>\n\t\t\t\t<a href='https:\/\/www.padreydecano.com\/cms\/wp-content\/uploads\/2014\/07\/18-de-abril_Pe\u00f1arol-Wilsterman-2.jpg' rel='shadowbox[sbalbum-47461];player=img;'><img loading=\"lazy\" decoding=\"async\" width=\"150\" height=\"150\" src=\"https:\/\/www.padreydecano.com\/cms\/wp-content\/uploads\/2014\/07\/18-de-abril_Pe\u00f1arol-Wilsterman-2-150x150.jpg\" class=\"attachment-thumbnail size-thumbnail\" alt=\"\" srcset=\"https:\/\/www.padreydecano.com\/cms\/wp-content\/uploads\/2014\/07\/18-de-abril_Pe\u00f1arol-Wilsterman-2-150x150.jpg 150w, https:\/\/www.padreydecano.com\/cms\/wp-content\/uploads\/2014\/07\/18-de-abril_Pe\u00f1arol-Wilsterman-2-36x36.jpg 36w, https:\/\/www.padreydecano.com\/cms\/wp-content\/uploads\/2014\/07\/18-de-abril_Pe\u00f1arol-Wilsterman-2-115x115.jpg 115w\" sizes=\"(max-width: 150px) 100vw, 150px\" \/><\/a>\n\t\t\t<\/dt><\/dl><dl class='gallery-item'>\n\t\t\t<dt class='gallery-icon landscape'>\n\t\t\t\t<a href='https:\/\/www.padreydecano.com\/cms\/wp-content\/uploads\/2014\/07\/18-de-abril_Pe\u00f1arol-Wilsterman.jpg' rel='shadowbox[sbalbum-47461];player=img;'><img loading=\"lazy\" decoding=\"async\" width=\"150\" height=\"150\" src=\"https:\/\/www.padreydecano.com\/cms\/wp-content\/uploads\/2014\/07\/18-de-abril_Pe\u00f1arol-Wilsterman-150x150.jpg\" class=\"attachment-thumbnail size-thumbnail\" alt=\"\" srcset=\"https:\/\/www.padreydecano.com\/cms\/wp-content\/uploads\/2014\/07\/18-de-abril_Pe\u00f1arol-Wilsterman-150x150.jpg 150w, https:\/\/www.padreydecano.com\/cms\/wp-content\/uploads\/2014\/07\/18-de-abril_Pe\u00f1arol-Wilsterman-36x36.jpg 36w, https:\/\/www.padreydecano.com\/cms\/wp-content\/uploads\/2014\/07\/18-de-abril_Pe\u00f1arol-Wilsterman-115x115.jpg 115w\" sizes=\"(max-width: 150px) 100vw, 150px\" \/><\/a>\n\t\t\t<\/dt><\/dl><br style=\"clear: both\" \/>\n\t\t<\/div>\n\n","protected":false},"excerpt":{"rendered":"<p>El 19 de abril de 1960 se jug\u00f3 el primer partido de la historia de la Copa Libertadores en el Estadio Centenario. Los protagonistas fueron Pe\u00f1arol y Jorge Wilstermann, jugaron por el Grupo 2 y el resultado fue goleada por 7 a 1 a favor de los aurinegros. El Decano del F\u00fatbol Uruguayo fue el [&hellip;]<\/p>\n","protected":false},"author":2,"featured_media":47466,"parent":0,"menu_order":0,"comment_status":"open","ping_status":"closed","template":"","meta":{"footnotes":""},"yoast_head":"<!-- This site is optimized with the Yoast SEO plugin v23.2 - https:\/\/yoast.com\/wordpress\/plugins\/seo\/ -->\n<title>Primer partido de la historia de la Copa Libertadores - Padre y Decano - El Sitio del Pueblo<\/title>\n<meta name=\"robots\" content=\"index, follow, max-snippet:-1, max-image-preview:large, max-video-preview:-1\" \/>\n<link rel=\"canonical\" href=\"https:\/\/www.padreydecano.com\/cms\/primer-partido-de-la-historia-de-la-copa-libertadores\/\" \/>\n<meta property=\"og:locale\" content=\"es_ES\" \/>\n<meta property=\"og:type\" content=\"article\" \/>\n<meta property=\"og:title\" content=\"Primer partido de la historia de la Copa Libertadores - Padre y Decano - El Sitio del Pueblo\" \/>\n<meta property=\"og:description\" content=\"El 19 de abril de 1960 se jug\u00f3 el primer partido de la historia de la Copa Libertadores en el Estadio Centenario. Los protagonistas fueron Pe\u00f1arol y Jorge Wilstermann, jugaron por el Grupo 2 y el resultado fue goleada por 7 a 1 a favor de los aurinegros. El Decano del F\u00fatbol Uruguayo fue el [&hellip;]\" \/>\n<meta property=\"og:url\" content=\"https:\/\/www.padreydecano.com\/cms\/primer-partido-de-la-historia-de-la-copa-libertadores\/\" \/>\n<meta property=\"og:site_name\" content=\"Padre y Decano - El Sitio del Pueblo\" \/>\n<meta property=\"article:modified_time\" content=\"2016-04-19T01:17:07+00:00\" \/>\n<meta property=\"og:image\" content=\"https:\/\/www.padreydecano.com\/cms\/wp-content\/uploads\/2014\/07\/gol_de_borges_460x.jpg\" \/>\n\t<meta property=\"og:image:width\" content=\"460\" \/>\n\t<meta property=\"og:image:height\" content=\"376\" \/>\n\t<meta property=\"og:image:type\" content=\"image\/jpeg\" \/>\n<meta name=\"twitter:card\" content=\"summary_large_image\" \/>\n<meta name=\"twitter:label1\" content=\"Tiempo de lectura\" \/>\n\t<meta name=\"twitter:data1\" content=\"3 minutos\" \/>\n<script type=\"application\/ld+json\" class=\"yoast-schema-graph\">{\"@context\":\"https:\/\/schema.org\",\"@graph\":[{\"@type\":\"WebPage\",\"@id\":\"https:\/\/www.padreydecano.com\/cms\/primer-partido-de-la-historia-de-la-copa-libertadores\/\",\"url\":\"https:\/\/www.padreydecano.com\/cms\/primer-partido-de-la-historia-de-la-copa-libertadores\/\",\"name\":\"Primer partido de la historia de la Copa Libertadores - Padre y Decano - El Sitio del Pueblo\",\"isPartOf\":{\"@id\":\"https:\/\/www.padreydecano.com\/cms\/#website\"},\"primaryImageOfPage\":{\"@id\":\"https:\/\/www.padreydecano.com\/cms\/primer-partido-de-la-historia-de-la-copa-libertadores\/#primaryimage\"},\"image\":{\"@id\":\"https:\/\/www.padreydecano.com\/cms\/primer-partido-de-la-historia-de-la-copa-libertadores\/#primaryimage\"},\"thumbnailUrl\":\"https:\/\/www.padreydecano.com\/cms\/wp-content\/uploads\/2014\/07\/gol_de_borges_460x.jpg\",\"datePublished\":\"2016-04-19T03:10:47+00:00\",\"dateModified\":\"2016-04-19T01:17:07+00:00\",\"breadcrumb\":{\"@id\":\"https:\/\/www.padreydecano.com\/cms\/primer-partido-de-la-historia-de-la-copa-libertadores\/#breadcrumb\"},\"inLanguage\":\"es\",\"potentialAction\":[{\"@type\":\"ReadAction\",\"target\":[\"https:\/\/www.padreydecano.com\/cms\/primer-partido-de-la-historia-de-la-copa-libertadores\/\"]}]},{\"@type\":\"ImageObject\",\"inLanguage\":\"es\",\"@id\":\"https:\/\/www.padreydecano.com\/cms\/primer-partido-de-la-historia-de-la-copa-libertadores\/#primaryimage\",\"url\":\"https:\/\/www.padreydecano.com\/cms\/wp-content\/uploads\/2014\/07\/gol_de_borges_460x.jpg\",\"contentUrl\":\"https:\/\/www.padreydecano.com\/cms\/wp-content\/uploads\/2014\/07\/gol_de_borges_460x.jpg\",\"width\":460,\"height\":376},{\"@type\":\"BreadcrumbList\",\"@id\":\"https:\/\/www.padreydecano.com\/cms\/primer-partido-de-la-historia-de-la-copa-libertadores\/#breadcrumb\",\"itemListElement\":[{\"@type\":\"ListItem\",\"position\":1,\"name\":\"Portada\",\"item\":\"https:\/\/www.padreydecano.com\/cms\/\"},{\"@type\":\"ListItem\",\"position\":2,\"name\":\"Primer partido de la historia de la Copa Libertadores\"}]},{\"@type\":\"WebSite\",\"@id\":\"https:\/\/www.padreydecano.com\/cms\/#website\",\"url\":\"https:\/\/www.padreydecano.com\/cms\/\",\"name\":\"Padre y Decano - El Sitio del Pueblo\",\"description\":\"Club Atl\u00e9tico Pe\u00f1arol\",\"publisher\":{\"@id\":\"https:\/\/www.padreydecano.com\/cms\/#organization\"},\"potentialAction\":[{\"@type\":\"SearchAction\",\"target\":{\"@type\":\"EntryPoint\",\"urlTemplate\":\"https:\/\/www.padreydecano.com\/cms\/?s={search_term_string}\"},\"query-input\":\"required name=search_term_string\"}],\"inLanguage\":\"es\"},{\"@type\":\"Organization\",\"@id\":\"https:\/\/www.padreydecano.com\/cms\/#organization\",\"name\":\"Padre y Decano\",\"url\":\"https:\/\/www.padreydecano.com\/cms\/\",\"logo\":{\"@type\":\"ImageObject\",\"inLanguage\":\"es\",\"@id\":\"https:\/\/www.padreydecano.com\/cms\/#\/schema\/logo\/image\/\",\"url\":\"https:\/\/www.padreydecano.com\/cms\/wp-content\/uploads\/2022\/01\/avatar-square.png\",\"contentUrl\":\"https:\/\/www.padreydecano.com\/cms\/wp-content\/uploads\/2022\/01\/avatar-square.png\",\"width\":1500,\"height\":1500,\"caption\":\"Padre y Decano\"},\"image\":{\"@id\":\"https:\/\/www.padreydecano.com\/cms\/#\/schema\/logo\/image\/\"}}]}<\/script>\n<!-- \/ Yoast SEO plugin. -->","yoast_head_json":{"title":"Primer partido de la historia de la Copa Libertadores - Padre y Decano - El Sitio del Pueblo","robots":{"index":"index","follow":"follow","max-snippet":"max-snippet:-1","max-image-preview":"max-image-preview:large","max-video-preview":"max-video-preview:-1"},"canonical":"https:\/\/www.padreydecano.com\/cms\/primer-partido-de-la-historia-de-la-copa-libertadores\/","og_locale":"es_ES","og_type":"article","og_title":"Primer partido de la historia de la Copa Libertadores - Padre y Decano - El Sitio del Pueblo","og_description":"El 19 de abril de 1960 se jug\u00f3 el primer partido de la historia de la Copa Libertadores en el Estadio Centenario. Los protagonistas fueron Pe\u00f1arol y Jorge Wilstermann, jugaron por el Grupo 2 y el resultado fue goleada por 7 a 1 a favor de los aurinegros. El Decano del F\u00fatbol Uruguayo fue el [&hellip;]","og_url":"https:\/\/www.padreydecano.com\/cms\/primer-partido-de-la-historia-de-la-copa-libertadores\/","og_site_name":"Padre y Decano - El Sitio del Pueblo","article_modified_time":"2016-04-19T01:17:07+00:00","og_image":[{"width":460,"height":376,"url":"https:\/\/www.padreydecano.com\/cms\/wp-content\/uploads\/2014\/07\/gol_de_borges_460x.jpg","type":"image\/jpeg"}],"twitter_card":"summary_large_image","twitter_misc":{"Tiempo de lectura":"3 minutos"},"schema":{"@context":"https:\/\/schema.org","@graph":[{"@type":"WebPage","@id":"https:\/\/www.padreydecano.com\/cms\/primer-partido-de-la-historia-de-la-copa-libertadores\/","url":"https:\/\/www.padreydecano.com\/cms\/primer-partido-de-la-historia-de-la-copa-libertadores\/","name":"Primer partido de la historia de la Copa Libertadores - Padre y Decano - El Sitio del Pueblo","isPartOf":{"@id":"https:\/\/www.padreydecano.com\/cms\/#website"},"primaryImageOfPage":{"@id":"https:\/\/www.padreydecano.com\/cms\/primer-partido-de-la-historia-de-la-copa-libertadores\/#primaryimage"},"image":{"@id":"https:\/\/www.padreydecano.com\/cms\/primer-partido-de-la-historia-de-la-copa-libertadores\/#primaryimage"},"thumbnailUrl":"https:\/\/www.padreydecano.com\/cms\/wp-content\/uploads\/2014\/07\/gol_de_borges_460x.jpg","datePublished":"2016-04-19T03:10:47+00:00","dateModified":"2016-04-19T01:17:07+00:00","breadcrumb":{"@id":"https:\/\/www.padreydecano.com\/cms\/primer-partido-de-la-historia-de-la-copa-libertadores\/#breadcrumb"},"inLanguage":"es","potentialAction":[{"@type":"ReadAction","target":["https:\/\/www.padreydecano.com\/cms\/primer-partido-de-la-historia-de-la-copa-libertadores\/"]}]},{"@type":"ImageObject","inLanguage":"es","@id":"https:\/\/www.padreydecano.com\/cms\/primer-partido-de-la-historia-de-la-copa-libertadores\/#primaryimage","url":"https:\/\/www.padreydecano.com\/cms\/wp-content\/uploads\/2014\/07\/gol_de_borges_460x.jpg","contentUrl":"https:\/\/www.padreydecano.com\/cms\/wp-content\/uploads\/2014\/07\/gol_de_borges_460x.jpg","width":460,"height":376},{"@type":"BreadcrumbList","@id":"https:\/\/www.padreydecano.com\/cms\/primer-partido-de-la-historia-de-la-copa-libertadores\/#breadcrumb","itemListElement":[{"@type":"ListItem","position":1,"name":"Portada","item":"https:\/\/www.padreydecano.com\/cms\/"},{"@type":"ListItem","position":2,"name":"Primer partido de la historia de la Copa Libertadores"}]},{"@type":"WebSite","@id":"https:\/\/www.padreydecano.com\/cms\/#website","url":"https:\/\/www.padreydecano.com\/cms\/","name":"Padre y Decano - El Sitio del Pueblo","description":"Club Atl\u00e9tico Pe\u00f1arol","publisher":{"@id":"https:\/\/www.padreydecano.com\/cms\/#organization"},"potentialAction":[{"@type":"SearchAction","target":{"@type":"EntryPoint","urlTemplate":"https:\/\/www.padreydecano.com\/cms\/?s={search_term_string}"},"query-input":"required name=search_term_string"}],"inLanguage":"es"},{"@type":"Organization","@id":"https:\/\/www.padreydecano.com\/cms\/#organization","name":"Padre y Decano","url":"https:\/\/www.padreydecano.com\/cms\/","logo":{"@type":"ImageObject","inLanguage":"es","@id":"https:\/\/www.padreydecano.com\/cms\/#\/schema\/logo\/image\/","url":"https:\/\/www.padreydecano.com\/cms\/wp-content\/uploads\/2022\/01\/avatar-square.png","contentUrl":"https:\/\/www.padreydecano.com\/cms\/wp-content\/uploads\/2022\/01\/avatar-square.png","width":1500,"height":1500,"caption":"Padre y Decano"},"image":{"@id":"https:\/\/www.padreydecano.com\/cms\/#\/schema\/logo\/image\/"}}]}},"_links":{"self":[{"href":"https:\/\/www.padreydecano.com\/cms\/wp-json\/wp\/v2\/pages\/47461"}],"collection":[{"href":"https:\/\/www.padreydecano.com\/cms\/wp-json\/wp\/v2\/pages"}],"about":[{"href":"https:\/\/www.padreydecano.com\/cms\/wp-json\/wp\/v2\/types\/page"}],"author":[{"embeddable":true,"href":"https:\/\/www.padreydecano.com\/cms\/wp-json\/wp\/v2\/users\/2"}],"replies":[{"embeddable":true,"href":"https:\/\/www.padreydecano.com\/cms\/wp-json\/wp\/v2\/comments?post=47461"}],"version-history":[{"count":0,"href":"https:\/\/www.padreydecano.com\/cms\/wp-json\/wp\/v2\/pages\/47461\/revisions"}],"wp:featuredmedia":[{"embeddable":true,"href":"https:\/\/www.padreydecano.com\/cms\/wp-json\/wp\/v2\/media\/47466"}],"wp:attachment":[{"href":"https:\/\/www.padreydecano.com\/cms\/wp-json\/wp\/v2\/media?parent=47461"}],"curies":[{"name":"wp","href":"https:\/\/api.w.org\/{rel}","templated":true}]}}