{"id":39842,"date":"2013-06-25T17:47:07","date_gmt":"2013-06-25T20:47:07","guid":{"rendered":"http:\/\/www.padreydecano.com\/cms\/?page_id=39842"},"modified":"2015-11-07T15:37:34","modified_gmt":"2015-11-07T18:37:34","slug":"tres-copas-en-un-solo-clasico","status":"publish","type":"page","link":"https:\/\/www.padreydecano.com\/cms\/tres-copas-en-un-solo-clasico\/","title":{"rendered":"Tres copas en un solo cl\u00e1sico"},"content":{"rendered":"<div style=\"text-align: justify;\">\n<p><strong><strong><strong><strong><span style=\"color: #ffcc02;\"><a href=\"https:\/\/www.padreydecano.com\/cms\/wp-content\/uploads\/2013\/06\/3-Copas-en-un-d\u00eda-b.jpg\" rel=\"shadowbox[sbpost-39842];player=img;\"><img loading=\"lazy\" decoding=\"async\" class=\"alignright wp-image-39843\" src=\"https:\/\/www.padreydecano.com\/cms\/wp-content\/uploads\/2013\/06\/3-Copas-en-un-d\u00eda-b-300x197.jpg\" alt=\"\" width=\"240\" height=\"158\" srcset=\"https:\/\/www.padreydecano.com\/cms\/wp-content\/uploads\/2013\/06\/3-Copas-en-un-d\u00eda-b-300x197.jpg 300w, https:\/\/www.padreydecano.com\/cms\/wp-content\/uploads\/2013\/06\/3-Copas-en-un-d\u00eda-b.jpg 800w\" sizes=\"(max-width: 240px) 100vw, 240px\" \/><\/a>El 8 de Noviembre de 1925 Pe\u00f1arol obtuvo tres copas, al vencer a Nacional por 1 a 0.<\/span><\/strong><\/strong><\/strong><\/strong><\/p>\n<p>El Parque Central fue el escenario, el d\u00eda 8 de noviembre de 1925, de un gran partido cl\u00e1sico que un\u00eda a la tradicional rivalidad de adversarios, el af\u00e1n de conquista de <strong>tres hermosas copas que se hallaban en juego ese d\u00eda. Las mismas eran la Copa Imparcial, la del C\u00edrculo de Prensa y la Copa Alonso.<\/strong><\/p>\n<p>Ante una verdadera multitud de p\u00fablico, que ascend\u00eda a 30.000 personas los elencos hicieron acto de presencia en el campo de esta manera.<\/p>\n<p><span style=\"color: #ffcc02;\"><strong>Por Pe\u00f1arol:<\/strong><\/span> J. Legnazzi; J. Benincussa y D. Dagosto, R. Ruotta, I. Silva y E. Ferrando; J. P. Arrem\u00f3n, H. Sufiotti, J. Piendibene, P. Anselmo y A. C\u00e1mpolo.<\/p>\n<p><strong>Por Nacional:<\/strong> F. Maturell; R. Bucetta y A. Recoba; F. Broncini, A. Zibechi y J. Zenzzino; S. Urdinar\u00e1n, A. Romano, H. Scarone, H. Castro y B. Elizalde. De juez arbitr\u00f3 el correcto y capacitado se\u00f1or Lombardi.<\/p>\n<p>El juego mostr\u00f3 a Pe\u00f1arol m\u00e1s arm\u00f3nico a trav\u00e9s de los minutos iniciales, pasando la valla alba por varias situaciones de apremio. En una oportunidad, el pase de Silva a Anselmo, este se la cort\u00f3 a C\u00e1mpolo, quien ejecut\u00f3 un centro ce\u00f1ido, que el <a title=\"Jos\u00e9 Antonio el \u201cMaestro\u201d Piendibene\" href=\"https:\/\/www.padreydecano.com\/cms\/editoriales\/jose-antonio-el-maestro-piendibene\/\" target=\"_blank\">\u00abMaestro\u00bb Piendibene<\/a> desvi\u00f3 por sobre el travesa\u00f1o con un espectacular cabezazo. <strong>La apertura del score ocurri\u00f3 a los 30 minutos de iniciada la brega, y ante un tiro largo de Sufiotti; el zaguero albo Bucetta, al querer alejar manote\u00f3 la pelota en el \u00e1rea penal, concedi\u00e9ndose de inmediato la pena m\u00e1xima contra los tricolores. Se encarg\u00f3 de hacerle efectiva el half Ruotta, quien convirti\u00f3 la misma en gol con tiro bajo y a un costado, dejando sin chance al guardavalla F. Maturell<\/strong>. Una ovaci\u00f3n cerrada y clamorosa salud\u00f3 la ventaja aurinegra.<\/p>\n<p>Con ese \u00fanico gol termin\u00f3 el primer tiempo. En la parte final, y hasta los 25 minutos, las cosas siguieron al mismo ritmo; con Pe\u00f1arol a la ofensiva tratando de ampliar el tanteador a su favor. Tal cosa no sucedi\u00f3 y casi al final reaccion\u00f3 Nacional con visible intensidad, pero la gesti\u00f3n notable de Benincasa, Ruotta y Legnazzi, impidieron la culminaci\u00f3n de sus esfuerzos, de los que iban en p\u00e9rdida.<\/p>\n<p>Es dable destacar que faltando 10 minutos el juez di\u00f3 por terminado, en forma err\u00f3nea al cotejo, pero que al se\u00f1alarle los linesman, Sr. S. Battiani y Acevedo, su error, orden\u00f3 proseguir el juego, que no trajo aparejado ning\u00fan cambio en el tanteador.<\/p>\n<p><strong>De esta manera finaliz\u00f3 el lance con el triunfo de los colores gloriosos de Pe\u00f1arol, adjudic\u00e1ndose por lo tanto, las tres copas que estaban en disputa.<\/strong><\/p>\n<p>Revista Partidaria \u00abPe\u00f1arol\u00bb &#8211; John Out<\/p>\n<\/div>\n<div style=\"text-align: justify;\">\n\n\t\t<style type=\"text\/css\">\n\t\t\t#gallery-1 {\n\t\t\t\tmargin: auto;\n\t\t\t}\n\t\t\t#gallery-1 .gallery-item {\n\t\t\t\tfloat: left;\n\t\t\t\tmargin-top: 10px;\n\t\t\t\ttext-align: center;\n\t\t\t\twidth: 33%;\n\t\t\t}\n\t\t\t#gallery-1 img {\n\t\t\t\tborder: 2px solid #cfcfcf;\n\t\t\t}\n\t\t\t#gallery-1 .gallery-caption {\n\t\t\t\tmargin-left: 0;\n\t\t\t}\n\t\t\t\/* see gallery_shortcode() in wp-includes\/media.php *\/\n\t\t<\/style>\n\t\t<div id='gallery-1' class='gallery galleryid-39842 gallery-columns-3 gallery-size-thumbnail'><dl class='gallery-item'>\n\t\t\t<dt class='gallery-icon portrait'>\n\t\t\t\t<a href='https:\/\/www.padreydecano.com\/cms\/wp-content\/uploads\/2013\/06\/3-Copas-en-un-d\u00eda-a.jpg' rel='shadowbox[sbalbum-39842];player=img;'><img loading=\"lazy\" decoding=\"async\" width=\"150\" height=\"150\" src=\"https:\/\/www.padreydecano.com\/cms\/wp-content\/uploads\/2013\/06\/3-Copas-en-un-d\u00eda-a-150x150.jpg\" class=\"attachment-thumbnail size-thumbnail\" alt=\"\" srcset=\"https:\/\/www.padreydecano.com\/cms\/wp-content\/uploads\/2013\/06\/3-Copas-en-un-d\u00eda-a-150x150.jpg 150w, https:\/\/www.padreydecano.com\/cms\/wp-content\/uploads\/2013\/06\/3-Copas-en-un-d\u00eda-a-36x36.jpg 36w, https:\/\/www.padreydecano.com\/cms\/wp-content\/uploads\/2013\/06\/3-Copas-en-un-d\u00eda-a-115x115.jpg 115w\" sizes=\"(max-width: 150px) 100vw, 150px\" \/><\/a>\n\t\t\t<\/dt><\/dl><dl class='gallery-item'>\n\t\t\t<dt class='gallery-icon landscape'>\n\t\t\t\t<a href='https:\/\/www.padreydecano.com\/cms\/wp-content\/uploads\/2013\/06\/3-Copas-en-un-d\u00eda.jpg' rel='shadowbox[sbalbum-39842];player=img;'><img loading=\"lazy\" decoding=\"async\" width=\"150\" height=\"150\" src=\"https:\/\/www.padreydecano.com\/cms\/wp-content\/uploads\/2013\/06\/3-Copas-en-un-d\u00eda-150x150.jpg\" class=\"attachment-thumbnail size-thumbnail\" alt=\"\" srcset=\"https:\/\/www.padreydecano.com\/cms\/wp-content\/uploads\/2013\/06\/3-Copas-en-un-d\u00eda-150x150.jpg 150w, https:\/\/www.padreydecano.com\/cms\/wp-content\/uploads\/2013\/06\/3-Copas-en-un-d\u00eda-36x36.jpg 36w, https:\/\/www.padreydecano.com\/cms\/wp-content\/uploads\/2013\/06\/3-Copas-en-un-d\u00eda-115x115.jpg 115w\" sizes=\"(max-width: 150px) 100vw, 150px\" \/><\/a>\n\t\t\t<\/dt><\/dl><dl class='gallery-item'>\n\t\t\t<dt class='gallery-icon landscape'>\n\t\t\t\t<a href='https:\/\/www.padreydecano.com\/cms\/wp-content\/uploads\/2013\/06\/3-Copas-en-un-d\u00eda-b.jpg' rel='shadowbox[sbalbum-39842];player=img;'><img loading=\"lazy\" decoding=\"async\" width=\"150\" height=\"150\" src=\"https:\/\/www.padreydecano.com\/cms\/wp-content\/uploads\/2013\/06\/3-Copas-en-un-d\u00eda-b-150x150.jpg\" class=\"attachment-thumbnail size-thumbnail\" alt=\"\" srcset=\"https:\/\/www.padreydecano.com\/cms\/wp-content\/uploads\/2013\/06\/3-Copas-en-un-d\u00eda-b-150x150.jpg 150w, https:\/\/www.padreydecano.com\/cms\/wp-content\/uploads\/2013\/06\/3-Copas-en-un-d\u00eda-b-36x36.jpg 36w, https:\/\/www.padreydecano.com\/cms\/wp-content\/uploads\/2013\/06\/3-Copas-en-un-d\u00eda-b-115x115.jpg 115w\" sizes=\"(max-width: 150px) 100vw, 150px\" \/><\/a>\n\t\t\t<\/dt><\/dl><br style=\"clear: both\" \/>\n\t\t<\/div>\n\n<\/div>\n","protected":false},"excerpt":{"rendered":"<p>El 8 de Noviembre de 1925 Pe\u00f1arol obtuvo tres copas, al vencer a Nacional por 1 a 0. El Parque Central fue el escenario, el d\u00eda 8 de noviembre de 1925, de un gran partido cl\u00e1sico que un\u00eda a la tradicional rivalidad de adversarios, el af\u00e1n de conquista de tres hermosas copas que se hallaban [&hellip;]<\/p>\n","protected":false},"author":2,"featured_media":0,"parent":0,"menu_order":6,"comment_status":"open","ping_status":"closed","template":"","meta":{"footnotes":""},"yoast_head":"<!-- This site is optimized with the Yoast SEO plugin v23.2 - https:\/\/yoast.com\/wordpress\/plugins\/seo\/ -->\n<title>Tres copas en un solo cl\u00e1sico - Padre y Decano - El Sitio del Pueblo<\/title>\n<meta name=\"robots\" content=\"index, follow, max-snippet:-1, max-image-preview:large, max-video-preview:-1\" \/>\n<link rel=\"canonical\" href=\"https:\/\/www.padreydecano.com\/cms\/tres-copas-en-un-solo-clasico\/\" \/>\n<meta property=\"og:locale\" content=\"es_ES\" \/>\n<meta property=\"og:type\" content=\"article\" \/>\n<meta property=\"og:title\" content=\"Tres copas en un solo cl\u00e1sico - Padre y Decano - El Sitio del Pueblo\" \/>\n<meta property=\"og:description\" content=\"El 8 de Noviembre de 1925 Pe\u00f1arol obtuvo tres copas, al vencer a Nacional por 1 a 0. El Parque Central fue el escenario, el d\u00eda 8 de noviembre de 1925, de un gran partido cl\u00e1sico que un\u00eda a la tradicional rivalidad de adversarios, el af\u00e1n de conquista de tres hermosas copas que se hallaban [&hellip;]\" \/>\n<meta property=\"og:url\" content=\"https:\/\/www.padreydecano.com\/cms\/tres-copas-en-un-solo-clasico\/\" \/>\n<meta property=\"og:site_name\" content=\"Padre y Decano - El Sitio del Pueblo\" \/>\n<meta property=\"article:modified_time\" content=\"2015-11-07T18:37:34+00:00\" \/>\n<meta property=\"og:image\" content=\"https:\/\/www.padreydecano.com\/cms\/wp-content\/uploads\/2013\/06\/3-Copas-en-un-d\u00eda-a-150x150.jpg\" \/>\n<meta name=\"twitter:card\" content=\"summary_large_image\" \/>\n<meta name=\"twitter:label1\" content=\"Tiempo de lectura\" \/>\n\t<meta name=\"twitter:data1\" content=\"2 minutos\" \/>\n<script type=\"application\/ld+json\" class=\"yoast-schema-graph\">{\"@context\":\"https:\/\/schema.org\",\"@graph\":[{\"@type\":\"WebPage\",\"@id\":\"https:\/\/www.padreydecano.com\/cms\/tres-copas-en-un-solo-clasico\/\",\"url\":\"https:\/\/www.padreydecano.com\/cms\/tres-copas-en-un-solo-clasico\/\",\"name\":\"Tres copas en un solo cl\u00e1sico - Padre y Decano - El Sitio del Pueblo\",\"isPartOf\":{\"@id\":\"https:\/\/www.padreydecano.com\/cms\/#website\"},\"datePublished\":\"2013-06-25T20:47:07+00:00\",\"dateModified\":\"2015-11-07T18:37:34+00:00\",\"breadcrumb\":{\"@id\":\"https:\/\/www.padreydecano.com\/cms\/tres-copas-en-un-solo-clasico\/#breadcrumb\"},\"inLanguage\":\"es\",\"potentialAction\":[{\"@type\":\"ReadAction\",\"target\":[\"https:\/\/www.padreydecano.com\/cms\/tres-copas-en-un-solo-clasico\/\"]}]},{\"@type\":\"BreadcrumbList\",\"@id\":\"https:\/\/www.padreydecano.com\/cms\/tres-copas-en-un-solo-clasico\/#breadcrumb\",\"itemListElement\":[{\"@type\":\"ListItem\",\"position\":1,\"name\":\"Portada\",\"item\":\"https:\/\/www.padreydecano.com\/cms\/\"},{\"@type\":\"ListItem\",\"position\":2,\"name\":\"Tres copas en un solo cl\u00e1sico\"}]},{\"@type\":\"WebSite\",\"@id\":\"https:\/\/www.padreydecano.com\/cms\/#website\",\"url\":\"https:\/\/www.padreydecano.com\/cms\/\",\"name\":\"Padre y Decano - El Sitio del Pueblo\",\"description\":\"Club Atl\u00e9tico Pe\u00f1arol\",\"publisher\":{\"@id\":\"https:\/\/www.padreydecano.com\/cms\/#organization\"},\"potentialAction\":[{\"@type\":\"SearchAction\",\"target\":{\"@type\":\"EntryPoint\",\"urlTemplate\":\"https:\/\/www.padreydecano.com\/cms\/?s={search_term_string}\"},\"query-input\":\"required name=search_term_string\"}],\"inLanguage\":\"es\"},{\"@type\":\"Organization\",\"@id\":\"https:\/\/www.padreydecano.com\/cms\/#organization\",\"name\":\"Padre y Decano\",\"url\":\"https:\/\/www.padreydecano.com\/cms\/\",\"logo\":{\"@type\":\"ImageObject\",\"inLanguage\":\"es\",\"@id\":\"https:\/\/www.padreydecano.com\/cms\/#\/schema\/logo\/image\/\",\"url\":\"https:\/\/www.padreydecano.com\/cms\/wp-content\/uploads\/2022\/01\/avatar-square.png\",\"contentUrl\":\"https:\/\/www.padreydecano.com\/cms\/wp-content\/uploads\/2022\/01\/avatar-square.png\",\"width\":1500,\"height\":1500,\"caption\":\"Padre y Decano\"},\"image\":{\"@id\":\"https:\/\/www.padreydecano.com\/cms\/#\/schema\/logo\/image\/\"}}]}<\/script>\n<!-- \/ Yoast SEO plugin. -->","yoast_head_json":{"title":"Tres copas en un solo cl\u00e1sico - Padre y Decano - El Sitio del Pueblo","robots":{"index":"index","follow":"follow","max-snippet":"max-snippet:-1","max-image-preview":"max-image-preview:large","max-video-preview":"max-video-preview:-1"},"canonical":"https:\/\/www.padreydecano.com\/cms\/tres-copas-en-un-solo-clasico\/","og_locale":"es_ES","og_type":"article","og_title":"Tres copas en un solo cl\u00e1sico - Padre y Decano - El Sitio del Pueblo","og_description":"El 8 de Noviembre de 1925 Pe\u00f1arol obtuvo tres copas, al vencer a Nacional por 1 a 0. El Parque Central fue el escenario, el d\u00eda 8 de noviembre de 1925, de un gran partido cl\u00e1sico que un\u00eda a la tradicional rivalidad de adversarios, el af\u00e1n de conquista de tres hermosas copas que se hallaban [&hellip;]","og_url":"https:\/\/www.padreydecano.com\/cms\/tres-copas-en-un-solo-clasico\/","og_site_name":"Padre y Decano - El Sitio del Pueblo","article_modified_time":"2015-11-07T18:37:34+00:00","og_image":[{"url":"https:\/\/www.padreydecano.com\/cms\/wp-content\/uploads\/2013\/06\/3-Copas-en-un-d\u00eda-a-150x150.jpg"}],"twitter_card":"summary_large_image","twitter_misc":{"Tiempo de lectura":"2 minutos"},"schema":{"@context":"https:\/\/schema.org","@graph":[{"@type":"WebPage","@id":"https:\/\/www.padreydecano.com\/cms\/tres-copas-en-un-solo-clasico\/","url":"https:\/\/www.padreydecano.com\/cms\/tres-copas-en-un-solo-clasico\/","name":"Tres copas en un solo cl\u00e1sico - Padre y Decano - El Sitio del Pueblo","isPartOf":{"@id":"https:\/\/www.padreydecano.com\/cms\/#website"},"datePublished":"2013-06-25T20:47:07+00:00","dateModified":"2015-11-07T18:37:34+00:00","breadcrumb":{"@id":"https:\/\/www.padreydecano.com\/cms\/tres-copas-en-un-solo-clasico\/#breadcrumb"},"inLanguage":"es","potentialAction":[{"@type":"ReadAction","target":["https:\/\/www.padreydecano.com\/cms\/tres-copas-en-un-solo-clasico\/"]}]},{"@type":"BreadcrumbList","@id":"https:\/\/www.padreydecano.com\/cms\/tres-copas-en-un-solo-clasico\/#breadcrumb","itemListElement":[{"@type":"ListItem","position":1,"name":"Portada","item":"https:\/\/www.padreydecano.com\/cms\/"},{"@type":"ListItem","position":2,"name":"Tres copas en un solo cl\u00e1sico"}]},{"@type":"WebSite","@id":"https:\/\/www.padreydecano.com\/cms\/#website","url":"https:\/\/www.padreydecano.com\/cms\/","name":"Padre y Decano - El Sitio del Pueblo","description":"Club Atl\u00e9tico Pe\u00f1arol","publisher":{"@id":"https:\/\/www.padreydecano.com\/cms\/#organization"},"potentialAction":[{"@type":"SearchAction","target":{"@type":"EntryPoint","urlTemplate":"https:\/\/www.padreydecano.com\/cms\/?s={search_term_string}"},"query-input":"required name=search_term_string"}],"inLanguage":"es"},{"@type":"Organization","@id":"https:\/\/www.padreydecano.com\/cms\/#organization","name":"Padre y Decano","url":"https:\/\/www.padreydecano.com\/cms\/","logo":{"@type":"ImageObject","inLanguage":"es","@id":"https:\/\/www.padreydecano.com\/cms\/#\/schema\/logo\/image\/","url":"https:\/\/www.padreydecano.com\/cms\/wp-content\/uploads\/2022\/01\/avatar-square.png","contentUrl":"https:\/\/www.padreydecano.com\/cms\/wp-content\/uploads\/2022\/01\/avatar-square.png","width":1500,"height":1500,"caption":"Padre y Decano"},"image":{"@id":"https:\/\/www.padreydecano.com\/cms\/#\/schema\/logo\/image\/"}}]}},"_links":{"self":[{"href":"https:\/\/www.padreydecano.com\/cms\/wp-json\/wp\/v2\/pages\/39842"}],"collection":[{"href":"https:\/\/www.padreydecano.com\/cms\/wp-json\/wp\/v2\/pages"}],"about":[{"href":"https:\/\/www.padreydecano.com\/cms\/wp-json\/wp\/v2\/types\/page"}],"author":[{"embeddable":true,"href":"https:\/\/www.padreydecano.com\/cms\/wp-json\/wp\/v2\/users\/2"}],"replies":[{"embeddable":true,"href":"https:\/\/www.padreydecano.com\/cms\/wp-json\/wp\/v2\/comments?post=39842"}],"version-history":[{"count":0,"href":"https:\/\/www.padreydecano.com\/cms\/wp-json\/wp\/v2\/pages\/39842\/revisions"}],"wp:attachment":[{"href":"https:\/\/www.padreydecano.com\/cms\/wp-json\/wp\/v2\/media?parent=39842"}],"curies":[{"name":"wp","href":"https:\/\/api.w.org\/{rel}","templated":true}]}}