{"id":27763,"date":"2012-08-09T18:27:15","date_gmt":"2012-08-09T21:27:15","guid":{"rendered":"http:\/\/www.padreydecano.com\/cms\/?page_id=27763"},"modified":"2012-08-14T10:53:54","modified_gmt":"2012-08-14T13:53:54","slug":"bicampeones-de-la-copa-teresa-herrera","status":"publish","type":"page","link":"https:\/\/www.padreydecano.com\/cms\/el-baul-de-los-recuerdos\/bicampeones-de-la-copa-teresa-herrera\/","title":{"rendered":"Bicampeones de la Copa Teresa Herrera"},"content":{"rendered":"<div id=\"attachment_2336\" style=\"width: 250px\" class=\"wp-caption alignright\"><a href=\"https:\/\/www.padreydecano.com\/cms\/wp-content\/uploads\/2011\/06\/15.jpg\" rel=\"shadowbox[sbpost-27763];player=img;\"><img loading=\"lazy\" decoding=\"async\" aria-describedby=\"caption-attachment-2336\" class=\" wp-image-2336\" src=\"https:\/\/www.padreydecano.com\/cms\/wp-content\/uploads\/2011\/06\/15-300x225.jpg\" alt=\"\" width=\"240\" height=\"180\" srcset=\"https:\/\/www.padreydecano.com\/cms\/wp-content\/uploads\/2011\/06\/15-300x225.jpg 300w, https:\/\/www.padreydecano.com\/cms\/wp-content\/uploads\/2011\/06\/15.jpg 800w\" sizes=\"(max-width: 240px) 100vw, 240px\" \/><\/a><p id=\"caption-attachment-2336\" class=\"wp-caption-text\">Los dos trofeos en nuestro museo<\/p><\/div>\n<p style=\"text-align: justify;\">Pe\u00f1arol es el <strong>\u00fanico equipo uruguayo bicampe\u00f3n de la Copa Teresa Herrera<\/strong>. No s\u00f3lo gan\u00f3 dos veces el torneo, sino que lo hizo de forma consecutiva, ya que se adjudic\u00f3 el trofeo en los a\u00f1os <strong>1974 y 1975<\/strong>. La Copa Teresa Herrera es un tradicional y prestigioso torneo de verano que se disputa desde 1946\u00a0en La Coru\u00f1a, Espa\u00f1a. Adem\u00e1s de ser reconocido por la calidad de los equipos que lo disputan a\u00f1o a a\u00f1o, se destaca su dise\u00f1o, tama\u00f1o y materiales.<\/p>\n<p style=\"text-align: justify;\">En 1974 Pe\u00f1arol realiz\u00f3 una gira muy exitosa por Europa y \u00c1frica donde conquist\u00f3 varios trofeos amistosos internacionales. El 13 de agosto de 1974 por la primera instancia de la Copa Teresa Herrera <strong>nos enfrentamos al Barcelona de Johan Cruyff<\/strong> y <strong>lo derrotamos 1 a 0<\/strong> con gol de<a title=\"Fernando Morena\" href=\"https:\/\/www.padreydecano.com\/cms\/idolos\/fernando-morena\/\" target=\"_blank\"> Fernando Morena<\/a> a los 77 minutos. Ese d\u00eda Pe\u00f1arol form\u00f3 con <strong>Walter Corbo, Rodolfo Sandoval, Hugo Fern\u00e1ndez, Mario Gonz\u00e1lez, Nelson Acosta, Mario Soryez, Jos\u00e9 Cruz, Lorenzo Unanue, Fernando Morena, Ram\u00f3n Silva y Julio C\u00e9sar Jim\u00e9nez. <\/strong>Ingresaron en el complemento Daniel Quevedo y Voltaire Garc\u00eda.<\/p>\n<p style=\"text-align: justify;\">Apenas dos d\u00edas despu\u00e9s disputamos la final ante el equipo alem\u00e1n de Borussia M\u00f6nchengladbach y <strong>triunfamos 3 a 2 luego de comenzar en desventaja 0-2<\/strong>. Los goles fueron de Daniel Quevedo a los 65 y 80, y Fernando Morena en el alargue. De esa manera nos alzamos por primera vez con este trofeo amistoso de gran renombre. Ese d\u00eda <a title=\"Hugo Bagnulo\" href=\"https:\/\/www.padreydecano.com\/cms\/idolos\/hugo-bagnulo\/\" target=\"_blank\">Hugo Bagnulo<\/a> aline\u00f3 a <strong>Walter Corbo, Rodolfo Sandoval, Nelson Acosta, Mario Gonz\u00e1lez, Voltaire Garc\u00eda, Mario \u00a0Soryez, Jos\u00e9 Cruz, Julio C\u00e9sar Jim\u00e9nez, Fernando Morena, Ram\u00f3n Silva y Daniel Quevedo<\/strong>. Ingresaron Santelli y Un\u00e1nue.<\/p>\n<p style=\"text-align: justify;\"><a href=\"https:\/\/www.padreydecano.com\/cms\/wp-content\/uploads\/2012\/08\/banderin-copa-teresa-herrera.jpg\" rel=\"shadowbox[sbpost-27763];player=img;\"><img loading=\"lazy\" decoding=\"async\" class=\"alignleft  wp-image-27764\" src=\"https:\/\/www.padreydecano.com\/cms\/wp-content\/uploads\/2012\/08\/banderin-copa-teresa-herrera-225x300.jpg\" alt=\"\" width=\"180\" height=\"240\" srcset=\"https:\/\/www.padreydecano.com\/cms\/wp-content\/uploads\/2012\/08\/banderin-copa-teresa-herrera-225x300.jpg 225w, https:\/\/www.padreydecano.com\/cms\/wp-content\/uploads\/2012\/08\/banderin-copa-teresa-herrera-768x1024.jpg 768w, https:\/\/www.padreydecano.com\/cms\/wp-content\/uploads\/2012\/08\/banderin-copa-teresa-herrera.jpg 800w\" sizes=\"(max-width: 180px) 100vw, 180px\" \/><\/a>En el siguiente verano europeo, volvimos a participar del torneo con algunas incorporaciones en el plantel como Carlos Peruena y Luis Garisto. El 8 de agosto de 1975 nos enfrentamos al Atl\u00e9tico de Madrid en el Riazor y <strong>ganamos 3 a 2<\/strong> con goles de Ram\u00f3n Silva a los 13 minutos, Fernando Morena a los 39 y Daniel Quevedo a los 57. Pe\u00f1arol form\u00f3 con <strong>Walter Corbo, Carlos Peruena, Luis Garisto, Mario Gonz\u00e1lez, Nelson Acosta, Mario Soryez, Daniel Quevedo, Lorenzo Unanue, Fernando Morena, Ram\u00f3n Silva y Jos\u00e9 Cruz.<\/strong><\/p>\n<p style=\"text-align: justify;\">En la final, disputada el 10 de agosto de 1975, el rival fue el Cruzeiro de Belo Horizonte, con el cual <strong>empatamos 3 a 3<\/strong>. Fernando Morena puso el 1-1 parcial a los 42 minutos y Lorenzo Un\u00e1nue marc\u00f3 a 10 minutos del final y luego en el alargue. Como ten\u00eda que haber un ganador <strong>se defini\u00f3 por penales y el equipo aurinegro se alz\u00f3 nuevamente con el t\u00edtulo.<\/strong> El conjunto carbonero sali\u00f3 ese d\u00eda a la cancha con <strong>Walter Corbo, Carlos Perurena, Voltaire Garc\u00eda, Luis Garisto, Mario Mart\u00ednez, Mario Soryez, Quevedo, Un\u00e1nue, Fernando Morena, Ram\u00f3n Silva y Jos\u00e9 Cruz.<\/strong><\/p>\n<p style=\"text-align: justify;\">La web gallega Canal deportivo recoge esta an\u00e9cdota: <strong>\u201cPrueba de la fama universal del torneo y su trofeo, lo es una reciente an\u00e9cdota protagonizada por el expresidente del Uruguay, el Doctor Julio Mar\u00eda Sanguinetti. Esta personalidad, en el transcurso de una visita tur\u00edstica a la ciudad de Coru\u00f1a en octubre de 2000, manifest\u00f3 un vivo inter\u00e9s en visitar el estadio de Riazor, cosa que as\u00ed hizo en el preciso instante en el que los deportivistas se entrenaban para un partido de la Liga de Campeones. Minutos antes, y en la Torre de H\u00e9rcules, el Expresidente del Uruguay dijo sentirse muy sorprendido por la familiaridad que percib\u00eda en el faro romano cuando nunca hab\u00eda estado en Coru\u00f1a. En su recorrido hasta el Playa Club manifest\u00f3 en repetidas ocasiones su sorpresa ante tal ins\u00f3lito hecho hasta que, una vez visto el Teresa Herrera en la cafeter\u00eda del Deportivo, desvel\u00f3 la inc\u00f3gnita: \u00abConozco la Torre de H\u00e9rcules por los dos Teresa Herreras de la Sala de Trofeos de Pe\u00f1arol\u00bb. Y es que el Doctor Sanguinetti, era Presidente Honorario del hist\u00f3rico Club de Montevideo\u201d.<\/strong><\/p>\n<p style=\"text-align: center;\"><a href=\"https:\/\/www.padreydecano.com\/cms\/wp-content\/uploads\/2012\/08\/recorte-diario-copa-teresa-herrera.jpg\" rel=\"shadowbox[sbpost-27763];player=img;\"><img loading=\"lazy\" decoding=\"async\" class=\"aligncenter  wp-image-27765\" src=\"https:\/\/www.padreydecano.com\/cms\/wp-content\/uploads\/2012\/08\/recorte-diario-copa-teresa-herrera.jpg\" alt=\"\" width=\"577\" height=\"428\" srcset=\"https:\/\/www.padreydecano.com\/cms\/wp-content\/uploads\/2012\/08\/recorte-diario-copa-teresa-herrera.jpg 901w, https:\/\/www.padreydecano.com\/cms\/wp-content\/uploads\/2012\/08\/recorte-diario-copa-teresa-herrera-300x222.jpg 300w\" sizes=\"(max-width: 577px) 100vw, 577px\" \/><\/a><\/p>\n<div align=\"center\">\n<table class=\"comun\" width=\"500\">\n<tbody>\n<tr>\n<td><strong>Fecha<\/strong><\/td>\n<td width=\"70\"><\/td>\n<td width=\"30\"><\/td>\n<td width=\"50\"><\/td>\n<td><\/td>\n<td>\n<div style=\"text-align: left;\" align=\"right\"><strong>Goles<\/strong><\/div>\n<\/td>\n<\/tr>\n<tr>\n<td>13\/08\/1974<\/td>\n<td width=\"70\"><span style=\"color: #ffcc02;\"><strong>Pe\u00f1arol<\/strong><\/span><\/td>\n<td width=\"30\">\n<div align=\"center\">1<\/div>\n<\/td>\n<td width=\"50\">\n<div align=\"center\">0<\/div>\n<\/td>\n<td>Barcelona<\/td>\n<td>\n<div style=\"text-align: left;\" align=\"right\">Morena<\/div>\n<\/td>\n<\/tr>\n<tr>\n<td>15\/08\/1974<\/td>\n<td width=\"70\"><span style=\"color: #ffcc02;\"><strong>Pe\u00f1arol<\/strong><\/span><\/td>\n<td width=\"30\">\n<div align=\"center\">3<\/div>\n<\/td>\n<td width=\"50\">\n<div align=\"center\">2<\/div>\n<\/td>\n<td>Borussia M.<\/td>\n<td>\n<div style=\"text-align: left;\" align=\"right\">Quevedo (x2), Morena<\/div>\n<\/td>\n<\/tr>\n<tr>\n<td>08\/08\/1975<\/td>\n<td width=\"70\"><span style=\"color: #ffcc02;\"><strong>Pe\u00f1arol<\/strong><\/span><\/td>\n<td width=\"30\">\n<div align=\"center\">3<\/div>\n<\/td>\n<td width=\"50\">\n<div align=\"center\">2<\/div>\n<\/td>\n<td>Atl\u00e9tico de Madrid<\/td>\n<td>\n<div style=\"text-align: left;\" align=\"right\">Silva, Morena, Quevedo<\/div>\n<\/td>\n<\/tr>\n<tr>\n<td>10\/08\/1975<\/td>\n<td width=\"50\"><span style=\"color: #ffcc02;\"><strong>Pe\u00f1arol<\/strong><\/span><\/td>\n<td width=\"30\">\n<div align=\"center\">3<\/div>\n<\/td>\n<td width=\"50\">\n<div align=\"center\">3<\/div>\n<\/td>\n<td>Cruzeiro<\/td>\n<td>\n<div style=\"text-align: left;\" align=\"right\">Morena, Un\u00e1nue (x2)<\/div>\n<\/td>\n<\/tr>\n<\/tbody>\n<\/table>\n<\/div>\n","protected":false},"excerpt":{"rendered":"<p>Pe\u00f1arol es el \u00fanico equipo uruguayo bicampe\u00f3n de la Copa Teresa Herrera. No s\u00f3lo gan\u00f3 dos veces el torneo, sino que lo hizo de forma consecutiva, ya que se adjudic\u00f3 el trofeo en los a\u00f1os 1974 y 1975. La Copa Teresa Herrera es un tradicional y prestigioso torneo de verano que se disputa desde 1946\u00a0en [&hellip;]<\/p>\n","protected":false},"author":13,"featured_media":0,"parent":13741,"menu_order":13,"comment_status":"open","ping_status":"open","template":"","meta":{"footnotes":""},"yoast_head":"<!-- This site is optimized with the Yoast SEO plugin v23.2 - https:\/\/yoast.com\/wordpress\/plugins\/seo\/ -->\n<title>Bicampeones de la Copa Teresa Herrera - Padre y Decano - El Sitio del Pueblo<\/title>\n<meta name=\"robots\" content=\"index, follow, max-snippet:-1, max-image-preview:large, max-video-preview:-1\" \/>\n<link rel=\"canonical\" href=\"https:\/\/www.padreydecano.com\/cms\/el-baul-de-los-recuerdos\/bicampeones-de-la-copa-teresa-herrera\/\" \/>\n<meta property=\"og:locale\" content=\"es_ES\" \/>\n<meta property=\"og:type\" content=\"article\" \/>\n<meta property=\"og:title\" content=\"Bicampeones de la Copa Teresa Herrera - Padre y Decano - El Sitio del Pueblo\" \/>\n<meta property=\"og:description\" content=\"Pe\u00f1arol es el \u00fanico equipo uruguayo bicampe\u00f3n de la Copa Teresa Herrera. No s\u00f3lo gan\u00f3 dos veces el torneo, sino que lo hizo de forma consecutiva, ya que se adjudic\u00f3 el trofeo en los a\u00f1os 1974 y 1975. La Copa Teresa Herrera es un tradicional y prestigioso torneo de verano que se disputa desde 1946\u00a0en [&hellip;]\" \/>\n<meta property=\"og:url\" content=\"https:\/\/www.padreydecano.com\/cms\/el-baul-de-los-recuerdos\/bicampeones-de-la-copa-teresa-herrera\/\" \/>\n<meta property=\"og:site_name\" content=\"Padre y Decano - El Sitio del Pueblo\" \/>\n<meta property=\"article:modified_time\" content=\"2012-08-14T13:53:54+00:00\" \/>\n<meta property=\"og:image\" content=\"http:\/\/www.padreydecano.com\/cms\/wp-content\/uploads\/2011\/06\/15-300x225.jpg\" \/>\n<meta name=\"twitter:card\" content=\"summary_large_image\" \/>\n<meta name=\"twitter:label1\" content=\"Tiempo de lectura\" \/>\n\t<meta name=\"twitter:data1\" content=\"4 minutos\" \/>\n<script type=\"application\/ld+json\" class=\"yoast-schema-graph\">{\"@context\":\"https:\/\/schema.org\",\"@graph\":[{\"@type\":\"WebPage\",\"@id\":\"https:\/\/www.padreydecano.com\/cms\/el-baul-de-los-recuerdos\/bicampeones-de-la-copa-teresa-herrera\/\",\"url\":\"https:\/\/www.padreydecano.com\/cms\/el-baul-de-los-recuerdos\/bicampeones-de-la-copa-teresa-herrera\/\",\"name\":\"Bicampeones de la Copa Teresa Herrera - Padre y Decano - El Sitio del Pueblo\",\"isPartOf\":{\"@id\":\"https:\/\/www.padreydecano.com\/cms\/#website\"},\"primaryImageOfPage\":{\"@id\":\"https:\/\/www.padreydecano.com\/cms\/el-baul-de-los-recuerdos\/bicampeones-de-la-copa-teresa-herrera\/#primaryimage\"},\"image\":{\"@id\":\"https:\/\/www.padreydecano.com\/cms\/el-baul-de-los-recuerdos\/bicampeones-de-la-copa-teresa-herrera\/#primaryimage\"},\"thumbnailUrl\":\"http:\/\/www.padreydecano.com\/cms\/wp-content\/uploads\/2011\/06\/15-300x225.jpg\",\"datePublished\":\"2012-08-09T21:27:15+00:00\",\"dateModified\":\"2012-08-14T13:53:54+00:00\",\"breadcrumb\":{\"@id\":\"https:\/\/www.padreydecano.com\/cms\/el-baul-de-los-recuerdos\/bicampeones-de-la-copa-teresa-herrera\/#breadcrumb\"},\"inLanguage\":\"es\",\"potentialAction\":[{\"@type\":\"ReadAction\",\"target\":[\"https:\/\/www.padreydecano.com\/cms\/el-baul-de-los-recuerdos\/bicampeones-de-la-copa-teresa-herrera\/\"]}]},{\"@type\":\"ImageObject\",\"inLanguage\":\"es\",\"@id\":\"https:\/\/www.padreydecano.com\/cms\/el-baul-de-los-recuerdos\/bicampeones-de-la-copa-teresa-herrera\/#primaryimage\",\"url\":\"http:\/\/www.padreydecano.com\/cms\/wp-content\/uploads\/2011\/06\/15-300x225.jpg\",\"contentUrl\":\"http:\/\/www.padreydecano.com\/cms\/wp-content\/uploads\/2011\/06\/15-300x225.jpg\"},{\"@type\":\"BreadcrumbList\",\"@id\":\"https:\/\/www.padreydecano.com\/cms\/el-baul-de-los-recuerdos\/bicampeones-de-la-copa-teresa-herrera\/#breadcrumb\",\"itemListElement\":[{\"@type\":\"ListItem\",\"position\":1,\"name\":\"Portada\",\"item\":\"https:\/\/www.padreydecano.com\/cms\/\"},{\"@type\":\"ListItem\",\"position\":2,\"name\":\"El Ba\u00fal de los Recuerdos\",\"item\":\"https:\/\/www.padreydecano.com\/cms\/el-baul-de-los-recuerdos\/\"},{\"@type\":\"ListItem\",\"position\":3,\"name\":\"Bicampeones de la Copa Teresa Herrera\"}]},{\"@type\":\"WebSite\",\"@id\":\"https:\/\/www.padreydecano.com\/cms\/#website\",\"url\":\"https:\/\/www.padreydecano.com\/cms\/\",\"name\":\"Padre y Decano - El Sitio del Pueblo\",\"description\":\"Club Atl\u00e9tico Pe\u00f1arol\",\"publisher\":{\"@id\":\"https:\/\/www.padreydecano.com\/cms\/#organization\"},\"potentialAction\":[{\"@type\":\"SearchAction\",\"target\":{\"@type\":\"EntryPoint\",\"urlTemplate\":\"https:\/\/www.padreydecano.com\/cms\/?s={search_term_string}\"},\"query-input\":\"required name=search_term_string\"}],\"inLanguage\":\"es\"},{\"@type\":\"Organization\",\"@id\":\"https:\/\/www.padreydecano.com\/cms\/#organization\",\"name\":\"Padre y Decano\",\"url\":\"https:\/\/www.padreydecano.com\/cms\/\",\"logo\":{\"@type\":\"ImageObject\",\"inLanguage\":\"es\",\"@id\":\"https:\/\/www.padreydecano.com\/cms\/#\/schema\/logo\/image\/\",\"url\":\"https:\/\/www.padreydecano.com\/cms\/wp-content\/uploads\/2022\/01\/avatar-square.png\",\"contentUrl\":\"https:\/\/www.padreydecano.com\/cms\/wp-content\/uploads\/2022\/01\/avatar-square.png\",\"width\":1500,\"height\":1500,\"caption\":\"Padre y Decano\"},\"image\":{\"@id\":\"https:\/\/www.padreydecano.com\/cms\/#\/schema\/logo\/image\/\"}}]}<\/script>\n<!-- \/ Yoast SEO plugin. -->","yoast_head_json":{"title":"Bicampeones de la Copa Teresa Herrera - Padre y Decano - El Sitio del Pueblo","robots":{"index":"index","follow":"follow","max-snippet":"max-snippet:-1","max-image-preview":"max-image-preview:large","max-video-preview":"max-video-preview:-1"},"canonical":"https:\/\/www.padreydecano.com\/cms\/el-baul-de-los-recuerdos\/bicampeones-de-la-copa-teresa-herrera\/","og_locale":"es_ES","og_type":"article","og_title":"Bicampeones de la Copa Teresa Herrera - Padre y Decano - El Sitio del Pueblo","og_description":"Pe\u00f1arol es el \u00fanico equipo uruguayo bicampe\u00f3n de la Copa Teresa Herrera. No s\u00f3lo gan\u00f3 dos veces el torneo, sino que lo hizo de forma consecutiva, ya que se adjudic\u00f3 el trofeo en los a\u00f1os 1974 y 1975. La Copa Teresa Herrera es un tradicional y prestigioso torneo de verano que se disputa desde 1946\u00a0en [&hellip;]","og_url":"https:\/\/www.padreydecano.com\/cms\/el-baul-de-los-recuerdos\/bicampeones-de-la-copa-teresa-herrera\/","og_site_name":"Padre y Decano - El Sitio del Pueblo","article_modified_time":"2012-08-14T13:53:54+00:00","og_image":[{"url":"http:\/\/www.padreydecano.com\/cms\/wp-content\/uploads\/2011\/06\/15-300x225.jpg"}],"twitter_card":"summary_large_image","twitter_misc":{"Tiempo de lectura":"4 minutos"},"schema":{"@context":"https:\/\/schema.org","@graph":[{"@type":"WebPage","@id":"https:\/\/www.padreydecano.com\/cms\/el-baul-de-los-recuerdos\/bicampeones-de-la-copa-teresa-herrera\/","url":"https:\/\/www.padreydecano.com\/cms\/el-baul-de-los-recuerdos\/bicampeones-de-la-copa-teresa-herrera\/","name":"Bicampeones de la Copa Teresa Herrera - Padre y Decano - El Sitio del Pueblo","isPartOf":{"@id":"https:\/\/www.padreydecano.com\/cms\/#website"},"primaryImageOfPage":{"@id":"https:\/\/www.padreydecano.com\/cms\/el-baul-de-los-recuerdos\/bicampeones-de-la-copa-teresa-herrera\/#primaryimage"},"image":{"@id":"https:\/\/www.padreydecano.com\/cms\/el-baul-de-los-recuerdos\/bicampeones-de-la-copa-teresa-herrera\/#primaryimage"},"thumbnailUrl":"http:\/\/www.padreydecano.com\/cms\/wp-content\/uploads\/2011\/06\/15-300x225.jpg","datePublished":"2012-08-09T21:27:15+00:00","dateModified":"2012-08-14T13:53:54+00:00","breadcrumb":{"@id":"https:\/\/www.padreydecano.com\/cms\/el-baul-de-los-recuerdos\/bicampeones-de-la-copa-teresa-herrera\/#breadcrumb"},"inLanguage":"es","potentialAction":[{"@type":"ReadAction","target":["https:\/\/www.padreydecano.com\/cms\/el-baul-de-los-recuerdos\/bicampeones-de-la-copa-teresa-herrera\/"]}]},{"@type":"ImageObject","inLanguage":"es","@id":"https:\/\/www.padreydecano.com\/cms\/el-baul-de-los-recuerdos\/bicampeones-de-la-copa-teresa-herrera\/#primaryimage","url":"http:\/\/www.padreydecano.com\/cms\/wp-content\/uploads\/2011\/06\/15-300x225.jpg","contentUrl":"http:\/\/www.padreydecano.com\/cms\/wp-content\/uploads\/2011\/06\/15-300x225.jpg"},{"@type":"BreadcrumbList","@id":"https:\/\/www.padreydecano.com\/cms\/el-baul-de-los-recuerdos\/bicampeones-de-la-copa-teresa-herrera\/#breadcrumb","itemListElement":[{"@type":"ListItem","position":1,"name":"Portada","item":"https:\/\/www.padreydecano.com\/cms\/"},{"@type":"ListItem","position":2,"name":"El Ba\u00fal de los Recuerdos","item":"https:\/\/www.padreydecano.com\/cms\/el-baul-de-los-recuerdos\/"},{"@type":"ListItem","position":3,"name":"Bicampeones de la Copa Teresa Herrera"}]},{"@type":"WebSite","@id":"https:\/\/www.padreydecano.com\/cms\/#website","url":"https:\/\/www.padreydecano.com\/cms\/","name":"Padre y Decano - El Sitio del Pueblo","description":"Club Atl\u00e9tico Pe\u00f1arol","publisher":{"@id":"https:\/\/www.padreydecano.com\/cms\/#organization"},"potentialAction":[{"@type":"SearchAction","target":{"@type":"EntryPoint","urlTemplate":"https:\/\/www.padreydecano.com\/cms\/?s={search_term_string}"},"query-input":"required name=search_term_string"}],"inLanguage":"es"},{"@type":"Organization","@id":"https:\/\/www.padreydecano.com\/cms\/#organization","name":"Padre y Decano","url":"https:\/\/www.padreydecano.com\/cms\/","logo":{"@type":"ImageObject","inLanguage":"es","@id":"https:\/\/www.padreydecano.com\/cms\/#\/schema\/logo\/image\/","url":"https:\/\/www.padreydecano.com\/cms\/wp-content\/uploads\/2022\/01\/avatar-square.png","contentUrl":"https:\/\/www.padreydecano.com\/cms\/wp-content\/uploads\/2022\/01\/avatar-square.png","width":1500,"height":1500,"caption":"Padre y Decano"},"image":{"@id":"https:\/\/www.padreydecano.com\/cms\/#\/schema\/logo\/image\/"}}]}},"_links":{"self":[{"href":"https:\/\/www.padreydecano.com\/cms\/wp-json\/wp\/v2\/pages\/27763"}],"collection":[{"href":"https:\/\/www.padreydecano.com\/cms\/wp-json\/wp\/v2\/pages"}],"about":[{"href":"https:\/\/www.padreydecano.com\/cms\/wp-json\/wp\/v2\/types\/page"}],"author":[{"embeddable":true,"href":"https:\/\/www.padreydecano.com\/cms\/wp-json\/wp\/v2\/users\/13"}],"replies":[{"embeddable":true,"href":"https:\/\/www.padreydecano.com\/cms\/wp-json\/wp\/v2\/comments?post=27763"}],"version-history":[{"count":0,"href":"https:\/\/www.padreydecano.com\/cms\/wp-json\/wp\/v2\/pages\/27763\/revisions"}],"up":[{"embeddable":true,"href":"https:\/\/www.padreydecano.com\/cms\/wp-json\/wp\/v2\/pages\/13741"}],"wp:attachment":[{"href":"https:\/\/www.padreydecano.com\/cms\/wp-json\/wp\/v2\/media?parent=27763"}],"curies":[{"name":"wp","href":"https:\/\/api.w.org\/{rel}","templated":true}]}}