{"id":27617,"date":"2012-08-06T21:06:55","date_gmt":"2012-08-07T00:06:55","guid":{"rendered":"http:\/\/www.padreydecano.com\/cms\/?page_id=27617"},"modified":"2015-08-06T19:46:49","modified_gmt":"2015-08-06T22:46:49","slug":"el-primer-clasico-de-la-era-profesional","status":"publish","type":"page","link":"https:\/\/www.padreydecano.com\/cms\/historias-clasicas\/el-primer-clasico-de-la-era-profesional\/","title":{"rendered":"El primer cl\u00e1sico de la era profesional"},"content":{"rendered":"<div id=\"attachment_27650\" style=\"width: 140px\" class=\"wp-caption alignleft\"><a href=\"https:\/\/www.padreydecano.com\/cms\/wp-content\/uploads\/2012\/08\/luis-mata.jpg\" rel=\"shadowbox[sbpost-27617];player=img;\"><img loading=\"lazy\" decoding=\"async\" aria-describedby=\"caption-attachment-27650\" class=\" wp-image-27650\" src=\"https:\/\/www.padreydecano.com\/cms\/wp-content\/uploads\/2012\/08\/luis-mata-185x300.jpg\" alt=\"\" width=\"130\" height=\"210\" srcset=\"https:\/\/www.padreydecano.com\/cms\/wp-content\/uploads\/2012\/08\/luis-mata-185x300.jpg 185w, https:\/\/www.padreydecano.com\/cms\/wp-content\/uploads\/2012\/08\/luis-mata.jpg 240w\" sizes=\"(max-width: 130px) 100vw, 130px\" \/><\/a><p id=\"caption-attachment-27650\" class=\"wp-caption-text\">Luis Mata autor del segundo gol cl\u00e1sico de la era profesional<\/p><\/div>\n<p style=\"text-align: justify;\"><strong>El 29 de abril de 1932, la Asociaci\u00f3n Uruguaya de F\u00fatbol aprob\u00f3 las bases para la implementaci\u00f3n del Profesionalismo en el f\u00fatbol uruguayo.<\/strong> El 7 de agosto de ese a\u00f1o se juega <strong>el primer cl\u00e1sico de la era profesional<\/strong> y como no pod\u00eda ser de otra manera <strong>lo gana Pe\u00f1arol<\/strong>. El Estadio Centenario contaba con 60 mil personas en las tribunas.<\/p>\n<p style=\"text-align: justify;\">El partido fue muy disputado, sobre todo los primeros 45 minutos que terminaron 0 a 0 donde ninguno de los dos equipos logr\u00f3 abrir el marcador. Pero en el segundo tiempo Pe\u00f1arol lograr\u00eda imponerse ante el tradicional rival.<\/p>\n<div id=\"attachment_26137\" style=\"width: 183px\" class=\"wp-caption alignright\"><img loading=\"lazy\" decoding=\"async\" aria-describedby=\"caption-attachment-26137\" class=\" wp-image-26137  \" src=\"https:\/\/www.padreydecano.com\/cms\/wp-content\/uploads\/2012\/07\/lorenzo-fernandez-300x272.jpg\" alt=\"\" width=\"173\" height=\"157\" srcset=\"https:\/\/www.padreydecano.com\/cms\/wp-content\/uploads\/2012\/07\/lorenzo-fernandez-300x272.jpg 300w, https:\/\/www.padreydecano.com\/cms\/wp-content\/uploads\/2012\/07\/lorenzo-fernandez.jpg 521w\" sizes=\"(max-width: 173px) 100vw, 173px\" \/><p id=\"caption-attachment-26137\" class=\"wp-caption-text\">L. Fern\u00e1ndez autor del primer gol cl\u00e1sico de la era profesional.<\/p><\/div>\n<p style=\"text-align: justify;\">Pe\u00f1arol sali\u00f3 al segundo tiempo a ganar como sea y comienza a dominar el partido con la batuta de <a href=\"https:\/\/www.padreydecano.com\/cms\/idolos\/alvaro-gestido\/\" target=\"_blank\">\u00c1lvaro Gestido<\/a>. A Los 21 minutos llega el primer gol del partido: <a href=\"https:\/\/www.padreydecano.com\/cms\/idolos\/lorenzo-fernandez\/\" target=\"_blank\">Lorenzo Fern\u00e1ndez<\/a> en una pared magn\u00edfica con <strong>Mata logra sacarse a su defensor de encima y con potente disparo rastrero vence a Garc\u00eda<\/strong> para poner el 1 a o para el decano.<\/p>\n<p style=\"text-align: justify;\">Luego de la ventaja el decano sigui\u00f3 dominando el partido y estaba cerca de aumentar el resultado. A 5 minutos de terminar el partido <a href=\"https:\/\/www.padreydecano.com\/cms\/idolos\/lorenzo-fernandez\/\" target=\"_blank\">Lorenzo Fern\u00e1ndez<\/a> otra vez es protagonista y <strong>elabora una gran jugada para dejar de cara al gol a Mata que con fuerte remate vence por segunda vez al portero tricolor<\/strong>. El Estadio era todo algarab\u00eda por la victoria del decano en el primer cl\u00e1sico de la era profesional.<\/p>\n<p style=\"text-align: justify;\"><strong><a title=\"La Campa\u00f1a de 1932\" href=\"https:\/\/www.padreydecano.com\/cms\/campanas-historicas\/la-campana-de-1932\/\" target=\"_blank\">Ese primer Campeonato Uruguayo Profesional de 1932 fue ganado por Pe\u00f1arol<\/a>,<\/strong> marcando como siempre ser el primero en todo. <strong>Los 3 cl\u00e1sicos disputados por la Copa Uruguaya de 1932<\/strong> (el tercero jugado el 05\/02\/1933) <strong>fueron ganados por el <a href=\"https:\/\/www.padreydecano.com\/cms\/el-cuadro-del-pueblo\/\" target=\"_blank\">Cuadro del Pueblo<\/a><\/strong> y los tres por el mismo resultado: 2 a 0.<\/p>\n<p style=\"text-align: justify;\"><strong><span style=\"color: #ffcc02;\">Ficha del partido<\/span><\/strong><\/p>\n<p><strong>Pe\u00f1arol 2 &#8211; 0 Nacional<\/strong><\/p>\n<p style=\"text-align: justify;\"><strong>Estadio Centenario<\/strong><\/p>\n<p style=\"text-align: justify;\"><strong>Jueces:<\/strong> D. Lombardini, A. Mirabal y Olavarrieta.<\/p>\n<p style=\"text-align: justify;\"><span style=\"color: #ffcc02;\"><strong>Pe\u00f1arol:<\/strong><\/span> H. Fern\u00e1ndez, A. Nogu\u00e9s, E. Mascheroni, L. Mainardi, A. Gestido, A Cambra, B. Castro, L. Fern\u00e1ndez, J.P. Young, L.A. Mata y J.P. Arremond.<\/p>\n<p style=\"text-align: justify;\"><strong> Nacional:<\/strong> E. Garc\u00eda, I. Oloris, J. Gemelli, N. Rodr\u00edguez, R. Faccio, A. Melogno, A. Saldombide, A. Ciocca, P. Duhart, C. P\u00edriz y A. Larraura.<\/p>\n<p style=\"text-align: justify;\"><strong>Goles:<\/strong> 74&#8242; L. Fern\u00e1ndez (P), 85&#8242; Mata (P).<\/p>\n","protected":false},"excerpt":{"rendered":"<p>El 29 de abril de 1932, la Asociaci\u00f3n Uruguaya de F\u00fatbol aprob\u00f3 las bases para la implementaci\u00f3n del Profesionalismo en el f\u00fatbol uruguayo. El 7 de agosto de ese a\u00f1o se juega el primer cl\u00e1sico de la era profesional y como no pod\u00eda ser de otra manera lo gana Pe\u00f1arol. El Estadio Centenario contaba con [&hellip;]<\/p>\n","protected":false},"author":2,"featured_media":27646,"parent":5170,"menu_order":2,"comment_status":"open","ping_status":"open","template":"","meta":{"footnotes":""},"yoast_head":"<!-- This site is optimized with the Yoast SEO plugin v23.2 - https:\/\/yoast.com\/wordpress\/plugins\/seo\/ -->\n<title>El primer cl\u00e1sico de la era profesional - Padre y Decano - El Sitio del Pueblo<\/title>\n<meta name=\"robots\" content=\"index, follow, max-snippet:-1, max-image-preview:large, max-video-preview:-1\" \/>\n<link rel=\"canonical\" href=\"https:\/\/www.padreydecano.com\/cms\/historias-clasicas\/el-primer-clasico-de-la-era-profesional\/\" \/>\n<meta property=\"og:locale\" content=\"es_ES\" \/>\n<meta property=\"og:type\" content=\"article\" \/>\n<meta property=\"og:title\" content=\"El primer cl\u00e1sico de la era profesional - Padre y Decano - El Sitio del Pueblo\" \/>\n<meta property=\"og:description\" content=\"El 29 de abril de 1932, la Asociaci\u00f3n Uruguaya de F\u00fatbol aprob\u00f3 las bases para la implementaci\u00f3n del Profesionalismo en el f\u00fatbol uruguayo. El 7 de agosto de ese a\u00f1o se juega el primer cl\u00e1sico de la era profesional y como no pod\u00eda ser de otra manera lo gana Pe\u00f1arol. El Estadio Centenario contaba con [&hellip;]\" \/>\n<meta property=\"og:url\" content=\"https:\/\/www.padreydecano.com\/cms\/historias-clasicas\/el-primer-clasico-de-la-era-profesional\/\" \/>\n<meta property=\"og:site_name\" content=\"Padre y Decano - El Sitio del Pueblo\" \/>\n<meta property=\"article:modified_time\" content=\"2015-08-06T22:46:49+00:00\" \/>\n<meta property=\"og:image\" content=\"https:\/\/www.padreydecano.com\/cms\/wp-content\/uploads\/2012\/08\/1932.png\" \/>\n\t<meta property=\"og:image:width\" content=\"720\" \/>\n\t<meta property=\"og:image:height\" content=\"467\" \/>\n\t<meta property=\"og:image:type\" content=\"image\/png\" \/>\n<meta name=\"twitter:card\" content=\"summary_large_image\" \/>\n<meta name=\"twitter:label1\" content=\"Tiempo de lectura\" \/>\n\t<meta name=\"twitter:data1\" content=\"2 minutos\" \/>\n<script type=\"application\/ld+json\" class=\"yoast-schema-graph\">{\"@context\":\"https:\/\/schema.org\",\"@graph\":[{\"@type\":\"WebPage\",\"@id\":\"https:\/\/www.padreydecano.com\/cms\/historias-clasicas\/el-primer-clasico-de-la-era-profesional\/\",\"url\":\"https:\/\/www.padreydecano.com\/cms\/historias-clasicas\/el-primer-clasico-de-la-era-profesional\/\",\"name\":\"El primer cl\u00e1sico de la era profesional - Padre y Decano - El Sitio del Pueblo\",\"isPartOf\":{\"@id\":\"https:\/\/www.padreydecano.com\/cms\/#website\"},\"primaryImageOfPage\":{\"@id\":\"https:\/\/www.padreydecano.com\/cms\/historias-clasicas\/el-primer-clasico-de-la-era-profesional\/#primaryimage\"},\"image\":{\"@id\":\"https:\/\/www.padreydecano.com\/cms\/historias-clasicas\/el-primer-clasico-de-la-era-profesional\/#primaryimage\"},\"thumbnailUrl\":\"https:\/\/www.padreydecano.com\/cms\/wp-content\/uploads\/2012\/08\/1932.png\",\"datePublished\":\"2012-08-07T00:06:55+00:00\",\"dateModified\":\"2015-08-06T22:46:49+00:00\",\"breadcrumb\":{\"@id\":\"https:\/\/www.padreydecano.com\/cms\/historias-clasicas\/el-primer-clasico-de-la-era-profesional\/#breadcrumb\"},\"inLanguage\":\"es\",\"potentialAction\":[{\"@type\":\"ReadAction\",\"target\":[\"https:\/\/www.padreydecano.com\/cms\/historias-clasicas\/el-primer-clasico-de-la-era-profesional\/\"]}]},{\"@type\":\"ImageObject\",\"inLanguage\":\"es\",\"@id\":\"https:\/\/www.padreydecano.com\/cms\/historias-clasicas\/el-primer-clasico-de-la-era-profesional\/#primaryimage\",\"url\":\"https:\/\/www.padreydecano.com\/cms\/wp-content\/uploads\/2012\/08\/1932.png\",\"contentUrl\":\"https:\/\/www.padreydecano.com\/cms\/wp-content\/uploads\/2012\/08\/1932.png\",\"width\":\"720\",\"height\":\"467\"},{\"@type\":\"BreadcrumbList\",\"@id\":\"https:\/\/www.padreydecano.com\/cms\/historias-clasicas\/el-primer-clasico-de-la-era-profesional\/#breadcrumb\",\"itemListElement\":[{\"@type\":\"ListItem\",\"position\":1,\"name\":\"Portada\",\"item\":\"https:\/\/www.padreydecano.com\/cms\/\"},{\"@type\":\"ListItem\",\"position\":2,\"name\":\"Historias Cl\u00e1sicas\",\"item\":\"https:\/\/www.padreydecano.com\/cms\/historias-clasicas\/\"},{\"@type\":\"ListItem\",\"position\":3,\"name\":\"El primer cl\u00e1sico de la era profesional\"}]},{\"@type\":\"WebSite\",\"@id\":\"https:\/\/www.padreydecano.com\/cms\/#website\",\"url\":\"https:\/\/www.padreydecano.com\/cms\/\",\"name\":\"Padre y Decano - El Sitio del Pueblo\",\"description\":\"Club Atl\u00e9tico Pe\u00f1arol\",\"publisher\":{\"@id\":\"https:\/\/www.padreydecano.com\/cms\/#organization\"},\"potentialAction\":[{\"@type\":\"SearchAction\",\"target\":{\"@type\":\"EntryPoint\",\"urlTemplate\":\"https:\/\/www.padreydecano.com\/cms\/?s={search_term_string}\"},\"query-input\":\"required name=search_term_string\"}],\"inLanguage\":\"es\"},{\"@type\":\"Organization\",\"@id\":\"https:\/\/www.padreydecano.com\/cms\/#organization\",\"name\":\"Padre y Decano\",\"url\":\"https:\/\/www.padreydecano.com\/cms\/\",\"logo\":{\"@type\":\"ImageObject\",\"inLanguage\":\"es\",\"@id\":\"https:\/\/www.padreydecano.com\/cms\/#\/schema\/logo\/image\/\",\"url\":\"https:\/\/www.padreydecano.com\/cms\/wp-content\/uploads\/2022\/01\/avatar-square.png\",\"contentUrl\":\"https:\/\/www.padreydecano.com\/cms\/wp-content\/uploads\/2022\/01\/avatar-square.png\",\"width\":1500,\"height\":1500,\"caption\":\"Padre y Decano\"},\"image\":{\"@id\":\"https:\/\/www.padreydecano.com\/cms\/#\/schema\/logo\/image\/\"}}]}<\/script>\n<!-- \/ Yoast SEO plugin. -->","yoast_head_json":{"title":"El primer cl\u00e1sico de la era profesional - Padre y Decano - El Sitio del Pueblo","robots":{"index":"index","follow":"follow","max-snippet":"max-snippet:-1","max-image-preview":"max-image-preview:large","max-video-preview":"max-video-preview:-1"},"canonical":"https:\/\/www.padreydecano.com\/cms\/historias-clasicas\/el-primer-clasico-de-la-era-profesional\/","og_locale":"es_ES","og_type":"article","og_title":"El primer cl\u00e1sico de la era profesional - Padre y Decano - El Sitio del Pueblo","og_description":"El 29 de abril de 1932, la Asociaci\u00f3n Uruguaya de F\u00fatbol aprob\u00f3 las bases para la implementaci\u00f3n del Profesionalismo en el f\u00fatbol uruguayo. El 7 de agosto de ese a\u00f1o se juega el primer cl\u00e1sico de la era profesional y como no pod\u00eda ser de otra manera lo gana Pe\u00f1arol. El Estadio Centenario contaba con [&hellip;]","og_url":"https:\/\/www.padreydecano.com\/cms\/historias-clasicas\/el-primer-clasico-de-la-era-profesional\/","og_site_name":"Padre y Decano - El Sitio del Pueblo","article_modified_time":"2015-08-06T22:46:49+00:00","og_image":[{"width":720,"height":467,"url":"https:\/\/www.padreydecano.com\/cms\/wp-content\/uploads\/2012\/08\/1932.png","type":"image\/png"}],"twitter_card":"summary_large_image","twitter_misc":{"Tiempo de lectura":"2 minutos"},"schema":{"@context":"https:\/\/schema.org","@graph":[{"@type":"WebPage","@id":"https:\/\/www.padreydecano.com\/cms\/historias-clasicas\/el-primer-clasico-de-la-era-profesional\/","url":"https:\/\/www.padreydecano.com\/cms\/historias-clasicas\/el-primer-clasico-de-la-era-profesional\/","name":"El primer cl\u00e1sico de la era profesional - Padre y Decano - El Sitio del Pueblo","isPartOf":{"@id":"https:\/\/www.padreydecano.com\/cms\/#website"},"primaryImageOfPage":{"@id":"https:\/\/www.padreydecano.com\/cms\/historias-clasicas\/el-primer-clasico-de-la-era-profesional\/#primaryimage"},"image":{"@id":"https:\/\/www.padreydecano.com\/cms\/historias-clasicas\/el-primer-clasico-de-la-era-profesional\/#primaryimage"},"thumbnailUrl":"https:\/\/www.padreydecano.com\/cms\/wp-content\/uploads\/2012\/08\/1932.png","datePublished":"2012-08-07T00:06:55+00:00","dateModified":"2015-08-06T22:46:49+00:00","breadcrumb":{"@id":"https:\/\/www.padreydecano.com\/cms\/historias-clasicas\/el-primer-clasico-de-la-era-profesional\/#breadcrumb"},"inLanguage":"es","potentialAction":[{"@type":"ReadAction","target":["https:\/\/www.padreydecano.com\/cms\/historias-clasicas\/el-primer-clasico-de-la-era-profesional\/"]}]},{"@type":"ImageObject","inLanguage":"es","@id":"https:\/\/www.padreydecano.com\/cms\/historias-clasicas\/el-primer-clasico-de-la-era-profesional\/#primaryimage","url":"https:\/\/www.padreydecano.com\/cms\/wp-content\/uploads\/2012\/08\/1932.png","contentUrl":"https:\/\/www.padreydecano.com\/cms\/wp-content\/uploads\/2012\/08\/1932.png","width":"720","height":"467"},{"@type":"BreadcrumbList","@id":"https:\/\/www.padreydecano.com\/cms\/historias-clasicas\/el-primer-clasico-de-la-era-profesional\/#breadcrumb","itemListElement":[{"@type":"ListItem","position":1,"name":"Portada","item":"https:\/\/www.padreydecano.com\/cms\/"},{"@type":"ListItem","position":2,"name":"Historias Cl\u00e1sicas","item":"https:\/\/www.padreydecano.com\/cms\/historias-clasicas\/"},{"@type":"ListItem","position":3,"name":"El primer cl\u00e1sico de la era profesional"}]},{"@type":"WebSite","@id":"https:\/\/www.padreydecano.com\/cms\/#website","url":"https:\/\/www.padreydecano.com\/cms\/","name":"Padre y Decano - El Sitio del Pueblo","description":"Club Atl\u00e9tico Pe\u00f1arol","publisher":{"@id":"https:\/\/www.padreydecano.com\/cms\/#organization"},"potentialAction":[{"@type":"SearchAction","target":{"@type":"EntryPoint","urlTemplate":"https:\/\/www.padreydecano.com\/cms\/?s={search_term_string}"},"query-input":"required name=search_term_string"}],"inLanguage":"es"},{"@type":"Organization","@id":"https:\/\/www.padreydecano.com\/cms\/#organization","name":"Padre y Decano","url":"https:\/\/www.padreydecano.com\/cms\/","logo":{"@type":"ImageObject","inLanguage":"es","@id":"https:\/\/www.padreydecano.com\/cms\/#\/schema\/logo\/image\/","url":"https:\/\/www.padreydecano.com\/cms\/wp-content\/uploads\/2022\/01\/avatar-square.png","contentUrl":"https:\/\/www.padreydecano.com\/cms\/wp-content\/uploads\/2022\/01\/avatar-square.png","width":1500,"height":1500,"caption":"Padre y Decano"},"image":{"@id":"https:\/\/www.padreydecano.com\/cms\/#\/schema\/logo\/image\/"}}]}},"_links":{"self":[{"href":"https:\/\/www.padreydecano.com\/cms\/wp-json\/wp\/v2\/pages\/27617"}],"collection":[{"href":"https:\/\/www.padreydecano.com\/cms\/wp-json\/wp\/v2\/pages"}],"about":[{"href":"https:\/\/www.padreydecano.com\/cms\/wp-json\/wp\/v2\/types\/page"}],"author":[{"embeddable":true,"href":"https:\/\/www.padreydecano.com\/cms\/wp-json\/wp\/v2\/users\/2"}],"replies":[{"embeddable":true,"href":"https:\/\/www.padreydecano.com\/cms\/wp-json\/wp\/v2\/comments?post=27617"}],"version-history":[{"count":0,"href":"https:\/\/www.padreydecano.com\/cms\/wp-json\/wp\/v2\/pages\/27617\/revisions"}],"up":[{"embeddable":true,"href":"https:\/\/www.padreydecano.com\/cms\/wp-json\/wp\/v2\/pages\/5170"}],"wp:featuredmedia":[{"embeddable":true,"href":"https:\/\/www.padreydecano.com\/cms\/wp-json\/wp\/v2\/media\/27646"}],"wp:attachment":[{"href":"https:\/\/www.padreydecano.com\/cms\/wp-json\/wp\/v2\/media?parent=27617"}],"curies":[{"name":"wp","href":"https:\/\/api.w.org\/{rel}","templated":true}]}}