{"id":24999,"date":"2012-06-20T08:15:12","date_gmt":"2012-06-20T11:15:12","guid":{"rendered":"http:\/\/www.padreydecano.com\/cms\/?page_id=24999"},"modified":"2012-06-20T11:40:29","modified_gmt":"2012-06-20T14:40:29","slug":"carlos-pato-aguilera","status":"publish","type":"page","link":"https:\/\/www.padreydecano.com\/cms\/idolos\/carlos-pato-aguilera\/","title":{"rendered":"Carlos \u00abPato\u00bb Aguilera"},"content":{"rendered":"<p style=\"text-align: justify;\"><img loading=\"lazy\" decoding=\"async\" class=\"alignright size-full wp-image-25012\" src=\"https:\/\/www.padreydecano.com\/cms\/wp-content\/uploads\/2012\/06\/pato-aguilera.jpg\" alt=\"\" width=\"159\" height=\"200\" \/>Nacido en Montevideo el 21 de setiembre de 1964, Carlos Aguilera es uno de los grandes \u00eddolos de los \u00faltimos tiempos en Pe\u00f1arol. Form\u00f3 parte de los planteles en los que Pe\u00f1arol obtuvo el <a title=\"El Segundo Quinquenio de Oro\" href=\"https:\/\/www.padreydecano.com\/cms\/campanas-historicas\/el-segundo-quinquenio-de-oro\/\" target=\"_blank\">Segundo Quinquenio de Oro<\/a>. Su apodo, \u00abPato\u00bb.\u00a0Defendiendo los colores de Pe\u00f1arol, se coron\u00f3 campe\u00f3n uruguayo de forma consecutiva desde 1994 a 1997 y tambi\u00e9n integr\u00f3 el plantel\u00a0<a title=\"La Campa\u00f1a de 1999\" href=\"https:\/\/www.padreydecano.com\/cms\/campanas-historicas\/la-campana-de-1999\/\" target=\"_blank\">en 1999<\/a>\u00a0que posteriormente se consagrara campe\u00f3n uruguayo.<\/p>\n<p style=\"text-align: justify;\">Hizo su debut en el f\u00fatbol profesional en River Plate (Uruguay) en 1980, cuadro en el cual estuvo dos a\u00f1os. Despu\u00e9s de un pasaje por el tradicional rival, lleg\u00f3 a Independiente de Medell\u00edn donde jug\u00f3 una sola temporada. Tambi\u00e9n jug\u00f3 en Racing Club de Avellaneda y luego de una estad\u00eda en Argentina sin pena ni gloria, vuelve al club sin acta de fundaci\u00f3n.<\/p>\n<p style=\"text-align: justify;\">Tuvo un breve pasaje por M\u00e9xico hasta 1988, a\u00f1o en el cual llega a nuestra gloriosa instituci\u00f3n. Luego de dos temporadas en el conjunto mirasol, fich\u00f3 por el Genoa de Italia quen reci\u00e9n obten\u00eda el ascenso a la primera divisi\u00f3n. Junto a \u00e9l llegaron dos compatriotas: Jos\u00e9 Perdomo y Ruben Paz. En este club tambi\u00e9n se consagr\u00f3 como \u00eddolo, reconocimiento de los tifosis y toda la parcialidad del Genoa. En 1992 es transferido al Torino de ese mismo pa\u00eds, para en 1994 llegar nuevamente al <a title=\"El Club del Siglo XX de Am\u00e9rica del Sur\" href=\"https:\/\/www.padreydecano.com\/cms\/el-club-del-siglo-xx-de-america-del-sur\/\" target=\"_blank\">Club Campe\u00f3n del Siglo XX<\/a>.<\/p>\n<div id=\"attachment_25013\" style=\"width: 226px\" class=\"wp-caption alignleft\"><a href=\"https:\/\/www.padreydecano.com\/cms\/wp-content\/uploads\/2012\/06\/Entrada-aguilera.jpg\" rel=\"shadowbox[sbpost-24999];player=img;\"><img loading=\"lazy\" decoding=\"async\" aria-describedby=\"caption-attachment-25013\" class=\" wp-image-25013 \" src=\"https:\/\/www.padreydecano.com\/cms\/wp-content\/uploads\/2012\/06\/Entrada-aguilera.jpg\" alt=\"\" width=\"216\" height=\"96\" srcset=\"https:\/\/www.padreydecano.com\/cms\/wp-content\/uploads\/2012\/06\/Entrada-aguilera.jpg 442w, https:\/\/www.padreydecano.com\/cms\/wp-content\/uploads\/2012\/06\/Entrada-aguilera-300x132.jpg 300w\" sizes=\"(max-width: 216px) 100vw, 216px\" \/><\/a><p id=\"caption-attachment-25013\" class=\"wp-caption-text\">Entrada del partido despedida<\/p><\/div>\n<p style=\"text-align: justify;\">A nivel de selecciones, obtuvo el t\u00edtulo de Campe\u00f3n de Am\u00e9rica en 1983. Tambi\u00e9n particip\u00f3 de los planteles uruguayos en las Copas Mundiales de 1986 y 1990, ambos eliminados en octavos de final.<\/p>\n<p style=\"text-align: justify;\"><strong>El 24 de junio del 2000<\/strong> se disput\u00f3 en el Estadio Centenario el partido despedida del \u201cPato\u201d Aguilera que termin\u00f3 con triunfo de Pe\u00f1arol por 6 a 2 sobre el Equipo de Estrellas. Los goles carboneros fueron de Jos\u00e9 Mar\u00eda Franco, Gabriel Cedr\u00e9s, Carlos Bueno en dos ocasiones y el homenajeado \u00abPato\u00bb, tambi\u00e9n en dos ocasiones. Para el Equipo de Estrellas anotaron el chileno Ivo Basay y el astro argentino Diego Armando Maradona.<\/p>\n<div id=\"attachment_25011\" style=\"width: 220px\" class=\"wp-caption alignright\"><a href=\"https:\/\/www.padreydecano.com\/cms\/wp-content\/uploads\/2012\/06\/despedida-aguilera.jpg\" rel=\"shadowbox[sbpost-24999];player=img;\"><img loading=\"lazy\" decoding=\"async\" aria-describedby=\"caption-attachment-25011\" class=\" wp-image-25011\" src=\"https:\/\/www.padreydecano.com\/cms\/wp-content\/uploads\/2012\/06\/despedida-aguilera.jpg\" alt=\"\" width=\"210\" height=\"147\" \/><\/a><p id=\"caption-attachment-25011\" class=\"wp-caption-text\">Aguilera junto a Maradona y Francescoli<\/p><\/div>\n<p style=\"text-align: justify;\">Jugaron por los aurinegros Federico Elduayen (Sergio Mart\u00ednez), Luciano \u00abCaf\u00fa\u00bb Barboza, Joe Bizera, Marcelo De Los Santos (Nelson Olveira), Ignacio Borjas, <a title=\"Pablo Javier Bengoechea\" href=\"https:\/\/www.padreydecano.com\/cms\/idolos\/pablo-javier-bengoechea\/\" target=\"_blank\">Pablo Bengochea<\/a>, Marcelo De Souza, Gabriel Cedr\u00e9s, Carlos Alberto Aguilera, Marcelo Romero (Nicol\u00e1s Rotundo), Jos\u00e9 Mar\u00eda Franco (Walter Pandiani). Director t\u00e9cnico: Julio Ribas. Ingresaron en el complemento: Luis De Agustini, Fabi\u00e1n C\u00e9saro, Oscar Aguirregaray, Carlos Bueno, Fernando Albermager, Mario Leguizam\u00f3n y Fernando Carre\u00f1o.<\/p>\n<div style=\"float: left; margin: 0 10px 5px 0;\">[youtubegallery]<br \/>\nLos primeros cuatro goles|G0DB4nyc22E<br \/>\n[\/youtubegallery]<\/div>\n<p style=\"text-align: justify;\">En el Equipo de Estrellas estuvo en cancha Gerardo Rabajda (Fernando Alvez), Jos\u00e9 Herrera, N\u00e9stor Goncalvez, Nelson Guti\u00e9rrez, Robert Lima, Gonzalo De Los Santos, Enzo Francescoli, Diego Maradona, Juan Ram\u00f3n Carrasco, Ivo Basay y Marcelo Otero. Director t\u00e9cnico: Carlos Aguilera (padre). En el complemento jugaron tambi\u00e9n, Leonel Pilipauskas, Danilo Baltierra, Jos\u00e9 Batlle Perdomo, Seraf\u00edn Garc\u00eda, Fernando \u00abTajo\u00bb Silva, Andr\u00e9s Mart\u00ednez, Ruben Pereira, Washington Villar, Leonardo Rodr\u00edguez, Carlos Morales, Jorge \u00abPolilla\u00bb Da Silva, Sebasti\u00e1n Abreu y <a title=\"Diego Vicente Aguirre\" href=\"https:\/\/www.padreydecano.com\/cms\/idolos\/diego-vicente-aguirre\/\" target=\"_blank\">Diego Aguirre<\/a>.<\/p>\n","protected":false},"excerpt":{"rendered":"<p>Nacido en Montevideo el 21 de setiembre de 1964, Carlos Aguilera es uno de los grandes \u00eddolos de los \u00faltimos tiempos en Pe\u00f1arol. Form\u00f3 parte de los planteles en los que Pe\u00f1arol obtuvo el Segundo Quinquenio de Oro. Su apodo, \u00abPato\u00bb.\u00a0Defendiendo los colores de Pe\u00f1arol, se coron\u00f3 campe\u00f3n uruguayo de forma consecutiva desde 1994 a [&hellip;]<\/p>\n","protected":false},"author":10,"featured_media":0,"parent":69,"menu_order":16,"comment_status":"open","ping_status":"open","template":"","meta":{"footnotes":""},"yoast_head":"<!-- This site is optimized with the Yoast SEO plugin v23.2 - https:\/\/yoast.com\/wordpress\/plugins\/seo\/ -->\n<title>Carlos &quot;Pato&quot; Aguilera - Padre y Decano - El Sitio del Pueblo<\/title>\n<meta name=\"robots\" content=\"index, follow, max-snippet:-1, max-image-preview:large, max-video-preview:-1\" \/>\n<link rel=\"canonical\" href=\"https:\/\/www.padreydecano.com\/cms\/idolos\/carlos-pato-aguilera\/\" \/>\n<meta property=\"og:locale\" content=\"es_ES\" \/>\n<meta property=\"og:type\" content=\"article\" \/>\n<meta property=\"og:title\" content=\"Carlos &quot;Pato&quot; Aguilera - Padre y Decano - El Sitio del Pueblo\" \/>\n<meta property=\"og:description\" content=\"Nacido en Montevideo el 21 de setiembre de 1964, Carlos Aguilera es uno de los grandes \u00eddolos de los \u00faltimos tiempos en Pe\u00f1arol. Form\u00f3 parte de los planteles en los que Pe\u00f1arol obtuvo el Segundo Quinquenio de Oro. Su apodo, \u00abPato\u00bb.\u00a0Defendiendo los colores de Pe\u00f1arol, se coron\u00f3 campe\u00f3n uruguayo de forma consecutiva desde 1994 a [&hellip;]\" \/>\n<meta property=\"og:url\" content=\"https:\/\/www.padreydecano.com\/cms\/idolos\/carlos-pato-aguilera\/\" \/>\n<meta property=\"og:site_name\" content=\"Padre y Decano - El Sitio del Pueblo\" \/>\n<meta property=\"article:modified_time\" content=\"2012-06-20T14:40:29+00:00\" \/>\n<meta property=\"og:image\" content=\"http:\/\/www.padreydecano.com\/cms\/wp-content\/uploads\/2012\/06\/pato-aguilera.jpg\" \/>\n<meta name=\"twitter:card\" content=\"summary_large_image\" \/>\n<meta name=\"twitter:label1\" content=\"Tiempo de lectura\" \/>\n\t<meta name=\"twitter:data1\" content=\"3 minutos\" \/>\n<script type=\"application\/ld+json\" class=\"yoast-schema-graph\">{\"@context\":\"https:\/\/schema.org\",\"@graph\":[{\"@type\":\"WebPage\",\"@id\":\"https:\/\/www.padreydecano.com\/cms\/idolos\/carlos-pato-aguilera\/\",\"url\":\"https:\/\/www.padreydecano.com\/cms\/idolos\/carlos-pato-aguilera\/\",\"name\":\"Carlos \\\"Pato\\\" Aguilera - Padre y Decano - El Sitio del Pueblo\",\"isPartOf\":{\"@id\":\"https:\/\/www.padreydecano.com\/cms\/#website\"},\"primaryImageOfPage\":{\"@id\":\"https:\/\/www.padreydecano.com\/cms\/idolos\/carlos-pato-aguilera\/#primaryimage\"},\"image\":{\"@id\":\"https:\/\/www.padreydecano.com\/cms\/idolos\/carlos-pato-aguilera\/#primaryimage\"},\"thumbnailUrl\":\"http:\/\/www.padreydecano.com\/cms\/wp-content\/uploads\/2012\/06\/pato-aguilera.jpg\",\"datePublished\":\"2012-06-20T11:15:12+00:00\",\"dateModified\":\"2012-06-20T14:40:29+00:00\",\"breadcrumb\":{\"@id\":\"https:\/\/www.padreydecano.com\/cms\/idolos\/carlos-pato-aguilera\/#breadcrumb\"},\"inLanguage\":\"es\",\"potentialAction\":[{\"@type\":\"ReadAction\",\"target\":[\"https:\/\/www.padreydecano.com\/cms\/idolos\/carlos-pato-aguilera\/\"]}]},{\"@type\":\"ImageObject\",\"inLanguage\":\"es\",\"@id\":\"https:\/\/www.padreydecano.com\/cms\/idolos\/carlos-pato-aguilera\/#primaryimage\",\"url\":\"http:\/\/www.padreydecano.com\/cms\/wp-content\/uploads\/2012\/06\/pato-aguilera.jpg\",\"contentUrl\":\"http:\/\/www.padreydecano.com\/cms\/wp-content\/uploads\/2012\/06\/pato-aguilera.jpg\"},{\"@type\":\"BreadcrumbList\",\"@id\":\"https:\/\/www.padreydecano.com\/cms\/idolos\/carlos-pato-aguilera\/#breadcrumb\",\"itemListElement\":[{\"@type\":\"ListItem\",\"position\":1,\"name\":\"Portada\",\"item\":\"https:\/\/www.padreydecano.com\/cms\/\"},{\"@type\":\"ListItem\",\"position\":2,\"name\":\"\u00cddolos\",\"item\":\"https:\/\/www.padreydecano.com\/cms\/idolos\/\"},{\"@type\":\"ListItem\",\"position\":3,\"name\":\"Carlos \u00abPato\u00bb Aguilera\"}]},{\"@type\":\"WebSite\",\"@id\":\"https:\/\/www.padreydecano.com\/cms\/#website\",\"url\":\"https:\/\/www.padreydecano.com\/cms\/\",\"name\":\"Padre y Decano - El Sitio del Pueblo\",\"description\":\"Club Atl\u00e9tico Pe\u00f1arol\",\"publisher\":{\"@id\":\"https:\/\/www.padreydecano.com\/cms\/#organization\"},\"potentialAction\":[{\"@type\":\"SearchAction\",\"target\":{\"@type\":\"EntryPoint\",\"urlTemplate\":\"https:\/\/www.padreydecano.com\/cms\/?s={search_term_string}\"},\"query-input\":\"required name=search_term_string\"}],\"inLanguage\":\"es\"},{\"@type\":\"Organization\",\"@id\":\"https:\/\/www.padreydecano.com\/cms\/#organization\",\"name\":\"Padre y Decano\",\"url\":\"https:\/\/www.padreydecano.com\/cms\/\",\"logo\":{\"@type\":\"ImageObject\",\"inLanguage\":\"es\",\"@id\":\"https:\/\/www.padreydecano.com\/cms\/#\/schema\/logo\/image\/\",\"url\":\"https:\/\/www.padreydecano.com\/cms\/wp-content\/uploads\/2022\/01\/avatar-square.png\",\"contentUrl\":\"https:\/\/www.padreydecano.com\/cms\/wp-content\/uploads\/2022\/01\/avatar-square.png\",\"width\":1500,\"height\":1500,\"caption\":\"Padre y Decano\"},\"image\":{\"@id\":\"https:\/\/www.padreydecano.com\/cms\/#\/schema\/logo\/image\/\"}}]}<\/script>\n<!-- \/ Yoast SEO plugin. -->","yoast_head_json":{"title":"Carlos \"Pato\" Aguilera - Padre y Decano - El Sitio del Pueblo","robots":{"index":"index","follow":"follow","max-snippet":"max-snippet:-1","max-image-preview":"max-image-preview:large","max-video-preview":"max-video-preview:-1"},"canonical":"https:\/\/www.padreydecano.com\/cms\/idolos\/carlos-pato-aguilera\/","og_locale":"es_ES","og_type":"article","og_title":"Carlos \"Pato\" Aguilera - Padre y Decano - El Sitio del Pueblo","og_description":"Nacido en Montevideo el 21 de setiembre de 1964, Carlos Aguilera es uno de los grandes \u00eddolos de los \u00faltimos tiempos en Pe\u00f1arol. Form\u00f3 parte de los planteles en los que Pe\u00f1arol obtuvo el Segundo Quinquenio de Oro. Su apodo, \u00abPato\u00bb.\u00a0Defendiendo los colores de Pe\u00f1arol, se coron\u00f3 campe\u00f3n uruguayo de forma consecutiva desde 1994 a [&hellip;]","og_url":"https:\/\/www.padreydecano.com\/cms\/idolos\/carlos-pato-aguilera\/","og_site_name":"Padre y Decano - El Sitio del Pueblo","article_modified_time":"2012-06-20T14:40:29+00:00","og_image":[{"url":"http:\/\/www.padreydecano.com\/cms\/wp-content\/uploads\/2012\/06\/pato-aguilera.jpg"}],"twitter_card":"summary_large_image","twitter_misc":{"Tiempo de lectura":"3 minutos"},"schema":{"@context":"https:\/\/schema.org","@graph":[{"@type":"WebPage","@id":"https:\/\/www.padreydecano.com\/cms\/idolos\/carlos-pato-aguilera\/","url":"https:\/\/www.padreydecano.com\/cms\/idolos\/carlos-pato-aguilera\/","name":"Carlos \"Pato\" Aguilera - Padre y Decano - El Sitio del Pueblo","isPartOf":{"@id":"https:\/\/www.padreydecano.com\/cms\/#website"},"primaryImageOfPage":{"@id":"https:\/\/www.padreydecano.com\/cms\/idolos\/carlos-pato-aguilera\/#primaryimage"},"image":{"@id":"https:\/\/www.padreydecano.com\/cms\/idolos\/carlos-pato-aguilera\/#primaryimage"},"thumbnailUrl":"http:\/\/www.padreydecano.com\/cms\/wp-content\/uploads\/2012\/06\/pato-aguilera.jpg","datePublished":"2012-06-20T11:15:12+00:00","dateModified":"2012-06-20T14:40:29+00:00","breadcrumb":{"@id":"https:\/\/www.padreydecano.com\/cms\/idolos\/carlos-pato-aguilera\/#breadcrumb"},"inLanguage":"es","potentialAction":[{"@type":"ReadAction","target":["https:\/\/www.padreydecano.com\/cms\/idolos\/carlos-pato-aguilera\/"]}]},{"@type":"ImageObject","inLanguage":"es","@id":"https:\/\/www.padreydecano.com\/cms\/idolos\/carlos-pato-aguilera\/#primaryimage","url":"http:\/\/www.padreydecano.com\/cms\/wp-content\/uploads\/2012\/06\/pato-aguilera.jpg","contentUrl":"http:\/\/www.padreydecano.com\/cms\/wp-content\/uploads\/2012\/06\/pato-aguilera.jpg"},{"@type":"BreadcrumbList","@id":"https:\/\/www.padreydecano.com\/cms\/idolos\/carlos-pato-aguilera\/#breadcrumb","itemListElement":[{"@type":"ListItem","position":1,"name":"Portada","item":"https:\/\/www.padreydecano.com\/cms\/"},{"@type":"ListItem","position":2,"name":"\u00cddolos","item":"https:\/\/www.padreydecano.com\/cms\/idolos\/"},{"@type":"ListItem","position":3,"name":"Carlos \u00abPato\u00bb Aguilera"}]},{"@type":"WebSite","@id":"https:\/\/www.padreydecano.com\/cms\/#website","url":"https:\/\/www.padreydecano.com\/cms\/","name":"Padre y Decano - El Sitio del Pueblo","description":"Club Atl\u00e9tico Pe\u00f1arol","publisher":{"@id":"https:\/\/www.padreydecano.com\/cms\/#organization"},"potentialAction":[{"@type":"SearchAction","target":{"@type":"EntryPoint","urlTemplate":"https:\/\/www.padreydecano.com\/cms\/?s={search_term_string}"},"query-input":"required name=search_term_string"}],"inLanguage":"es"},{"@type":"Organization","@id":"https:\/\/www.padreydecano.com\/cms\/#organization","name":"Padre y Decano","url":"https:\/\/www.padreydecano.com\/cms\/","logo":{"@type":"ImageObject","inLanguage":"es","@id":"https:\/\/www.padreydecano.com\/cms\/#\/schema\/logo\/image\/","url":"https:\/\/www.padreydecano.com\/cms\/wp-content\/uploads\/2022\/01\/avatar-square.png","contentUrl":"https:\/\/www.padreydecano.com\/cms\/wp-content\/uploads\/2022\/01\/avatar-square.png","width":1500,"height":1500,"caption":"Padre y Decano"},"image":{"@id":"https:\/\/www.padreydecano.com\/cms\/#\/schema\/logo\/image\/"}}]}},"_links":{"self":[{"href":"https:\/\/www.padreydecano.com\/cms\/wp-json\/wp\/v2\/pages\/24999"}],"collection":[{"href":"https:\/\/www.padreydecano.com\/cms\/wp-json\/wp\/v2\/pages"}],"about":[{"href":"https:\/\/www.padreydecano.com\/cms\/wp-json\/wp\/v2\/types\/page"}],"author":[{"embeddable":true,"href":"https:\/\/www.padreydecano.com\/cms\/wp-json\/wp\/v2\/users\/10"}],"replies":[{"embeddable":true,"href":"https:\/\/www.padreydecano.com\/cms\/wp-json\/wp\/v2\/comments?post=24999"}],"version-history":[{"count":0,"href":"https:\/\/www.padreydecano.com\/cms\/wp-json\/wp\/v2\/pages\/24999\/revisions"}],"up":[{"embeddable":true,"href":"https:\/\/www.padreydecano.com\/cms\/wp-json\/wp\/v2\/pages\/69"}],"wp:attachment":[{"href":"https:\/\/www.padreydecano.com\/cms\/wp-json\/wp\/v2\/media?parent=24999"}],"curies":[{"name":"wp","href":"https:\/\/api.w.org\/{rel}","templated":true}]}}