{"id":21770,"date":"2012-04-21T21:24:32","date_gmt":"2012-04-22T00:24:32","guid":{"rendered":"http:\/\/www.padreydecano.com\/cms\/?page_id=21770"},"modified":"2015-07-16T19:40:28","modified_gmt":"2015-07-16T22:40:28","slug":"alcides-edgardo-ghiggia","status":"publish","type":"page","link":"https:\/\/www.padreydecano.com\/cms\/idolos\/alcides-edgardo-ghiggia\/","title":{"rendered":"Alcides Edgardo Ghiggia"},"content":{"rendered":"<p style=\"text-align: justify;\"><a href=\"https:\/\/www.padreydecano.com\/cms\/wp-content\/uploads\/2012\/04\/ghiggia-1949.jpg\" rel=\"shadowbox[sbpost-21770];player=img;\"><img loading=\"lazy\" decoding=\"async\" class=\"alignright  wp-image-21771\" src=\"https:\/\/www.padreydecano.com\/cms\/wp-content\/uploads\/2012\/04\/ghiggia-1949-300x216.jpg\" alt=\"\" width=\"210\" height=\"151\" srcset=\"https:\/\/www.padreydecano.com\/cms\/wp-content\/uploads\/2012\/04\/ghiggia-1949-300x216.jpg 300w, https:\/\/www.padreydecano.com\/cms\/wp-content\/uploads\/2012\/04\/ghiggia-1949.jpg 400w\" sizes=\"(max-width: 210px) 100vw, 210px\" \/><\/a>Nacido en La Blanqueada el 22 de diciembre de 1926, Alcides Edgardo, se hizo hincha de Pe\u00f1arol desde muy chico sin importar el barrio. Se consagr\u00f3 Campe\u00f3n Uruguayo en dos oportunidades (1949 y 51), Campe\u00f3n Mundial con la selecci\u00f3n uruguaya en 1950 y tambi\u00e9n obtuvo t\u00edtulos en Italia con la Roma y el Milan.<\/p>\n<p style=\"text-align: justify;\">En 1944, uno de sus hermanos lo llev\u00f3 a probarse a Sud Am\u00e9rica y qued\u00f3. Comenz\u00f3 jugando de centro delantero, pero posteriormente y gracias a un DT de su club, cambi\u00f3 de puesto y ocup\u00f3 la punta derecha. Este cambio de posici\u00f3n empez\u00f3 a dar resultado y Alcides decidi\u00f3 abandonar el estudio y dedicarse al f\u00fatbol, sin mucho consentimiento de su padre.<\/p>\n<p style=\"text-align: justify;\">Un a\u00f1o despu\u00e9s de esa decisi\u00f3n,<strong>\u00a0el 22 de abril de 1948, Ghiggia pidi\u00f3 pase a Pe\u00f1arol<\/strong>. Su debut en primera se hizo esperar debido a que lleg\u00f3 fuera del per\u00edodo de pases pero mientras tanto, se desempe\u00f1\u00f3 en Tercera Especial. Cuando lleg\u00f3 el momento, Alcides disputaba el puesto con jugadores de gran nivel como Jos\u00e9 Ortiz y Julio C\u00e9sar Britos, pero debido al capricho de un DT h\u00fangaro que quiso probarlo, Alcides comenz\u00f3 su carrera hacia la cima.<\/p>\n<p style=\"text-align: justify;\">Form\u00f3 parte de la llamada \u201cM\u00e1quina del 49\u201d o \u201cEscuadrilla de la muerte\u201d, refiri\u00e9ndonos al potente y eficaz cuadro aurinegro conformado por Hohberg, Schiaffino y M\u00edguez entre otros. En ese a\u00f1o, Pe\u00f1arol marc\u00f3 118 goles y recibi\u00f3 34 en 33 partidos, sin haber sido derrotado ni una sola vez.<\/p>\n<p style=\"text-align: justify;\"><a href=\"https:\/\/www.padreydecano.com\/cms\/wp-content\/uploads\/2011\/06\/Gol-Ghiggia-49.jpg\" rel=\"shadowbox[sbpost-21770];player=img;\"><img loading=\"lazy\" decoding=\"async\" class=\"alignleft  wp-image-5084\" src=\"https:\/\/www.padreydecano.com\/cms\/wp-content\/uploads\/2011\/06\/Gol-Ghiggia-49-300x173.jpg\" alt=\"\" width=\"210\" height=\"121\" srcset=\"https:\/\/www.padreydecano.com\/cms\/wp-content\/uploads\/2011\/06\/Gol-Ghiggia-49-300x173.jpg 300w, https:\/\/www.padreydecano.com\/cms\/wp-content\/uploads\/2011\/06\/Gol-Ghiggia-49.jpg 880w\" sizes=\"(max-width: 210px) 100vw, 210px\" \/><\/a>Fue tambi\u00e9n parte del plantel de cuando, el 9 de octubre de 1949, Nacional decidi\u00f3 no presentarse al segundo tiempo de un partido cl\u00e1sico, record\u00e1ndolo como el <a title=\"El Cl\u00e1sico de la Fuga\" href=\"https:\/\/www.padreydecano.com\/cms\/historias-clasicas\/clasico-de-la-fuga\/\" target=\"_blank\">Cl\u00e1sico de la Fuga<\/a>, o por Alcides como el cl\u00e1sico de su primer gol ante este cuadro. \u201cA Nacional le hab\u00edan echado un par de jugadores y ten\u00edan miedo que los termin\u00e1ramos goleando. Lloviznaba ese d\u00eda y cuando iba a empezar el segundo tiempo, sali\u00f3 el sol\u201d comenta Alcides en el libro \u201cA lo Pe\u00f1arol\u201d de C\u00e9sar Bianchi.<\/p>\n<p style=\"text-align: justify;\">Es reconocido en todo el pa\u00eds y el mundo por haber sido h\u00e9roe con la selecci\u00f3n uruguaya ganadora del Mundial de 1950 convirtiendo el segundo gol ante 200.000 personas en la final ganada por la Celeste por dos goles contra uno, frente a Brasil. Alcides considera que Uruguay sali\u00f3 campe\u00f3n porque el destino es as\u00ed, ten\u00eda que ganar nuestra selecci\u00f3n. A lo largo de los a\u00f1os Ghiggia siempre coment\u00f3 con orgullo \u201c<em>Solo tres personas han conseguido silenciar al Maracan\u00e1\u2026 Sinatra, el Papa y yo\u201d.<\/em><\/p>\n<p style=\"text-align: justify;\">El destino o la casualidad quisieron que el 16 de julio de 2015, cuando se cumpl\u00edan 65 a\u00f1os del Maracanazo, falleciera a causa de un paro card\u00edaco.<\/p>\n","protected":false},"excerpt":{"rendered":"<p>Nacido en La Blanqueada el 22 de diciembre de 1926, Alcides Edgardo, se hizo hincha de Pe\u00f1arol desde muy chico sin importar el barrio. Se consagr\u00f3 Campe\u00f3n Uruguayo en dos oportunidades (1949 y 51), Campe\u00f3n Mundial con la selecci\u00f3n uruguaya en 1950 y tambi\u00e9n obtuvo t\u00edtulos en Italia con la Roma y el Milan. En [&hellip;]<\/p>\n","protected":false},"author":13,"featured_media":21771,"parent":69,"menu_order":28,"comment_status":"open","ping_status":"open","template":"","meta":{"footnotes":""},"yoast_head":"<!-- This site is optimized with the Yoast SEO plugin v23.2 - https:\/\/yoast.com\/wordpress\/plugins\/seo\/ -->\n<title>Alcides Edgardo Ghiggia - Padre y Decano - El Sitio del Pueblo<\/title>\n<meta name=\"robots\" content=\"index, follow, max-snippet:-1, max-image-preview:large, max-video-preview:-1\" \/>\n<link rel=\"canonical\" href=\"https:\/\/www.padreydecano.com\/cms\/idolos\/alcides-edgardo-ghiggia\/\" \/>\n<meta property=\"og:locale\" content=\"es_ES\" \/>\n<meta property=\"og:type\" content=\"article\" \/>\n<meta property=\"og:title\" content=\"Alcides Edgardo Ghiggia - Padre y Decano - El Sitio del Pueblo\" \/>\n<meta property=\"og:description\" content=\"Nacido en La Blanqueada el 22 de diciembre de 1926, Alcides Edgardo, se hizo hincha de Pe\u00f1arol desde muy chico sin importar el barrio. Se consagr\u00f3 Campe\u00f3n Uruguayo en dos oportunidades (1949 y 51), Campe\u00f3n Mundial con la selecci\u00f3n uruguaya en 1950 y tambi\u00e9n obtuvo t\u00edtulos en Italia con la Roma y el Milan. En [&hellip;]\" \/>\n<meta property=\"og:url\" content=\"https:\/\/www.padreydecano.com\/cms\/idolos\/alcides-edgardo-ghiggia\/\" \/>\n<meta property=\"og:site_name\" content=\"Padre y Decano - El Sitio del Pueblo\" \/>\n<meta property=\"article:modified_time\" content=\"2015-07-16T22:40:28+00:00\" \/>\n<meta property=\"og:image\" content=\"https:\/\/www.padreydecano.com\/cms\/wp-content\/uploads\/2012\/04\/ghiggia-1949.jpg\" \/>\n\t<meta property=\"og:image:width\" content=\"400\" \/>\n\t<meta property=\"og:image:height\" content=\"289\" \/>\n\t<meta property=\"og:image:type\" content=\"image\/jpeg\" \/>\n<meta name=\"twitter:card\" content=\"summary_large_image\" \/>\n<meta name=\"twitter:label1\" content=\"Tiempo de lectura\" \/>\n\t<meta name=\"twitter:data1\" content=\"2 minutos\" \/>\n<script type=\"application\/ld+json\" class=\"yoast-schema-graph\">{\"@context\":\"https:\/\/schema.org\",\"@graph\":[{\"@type\":\"WebPage\",\"@id\":\"https:\/\/www.padreydecano.com\/cms\/idolos\/alcides-edgardo-ghiggia\/\",\"url\":\"https:\/\/www.padreydecano.com\/cms\/idolos\/alcides-edgardo-ghiggia\/\",\"name\":\"Alcides Edgardo Ghiggia - Padre y Decano - El Sitio del Pueblo\",\"isPartOf\":{\"@id\":\"https:\/\/www.padreydecano.com\/cms\/#website\"},\"primaryImageOfPage\":{\"@id\":\"https:\/\/www.padreydecano.com\/cms\/idolos\/alcides-edgardo-ghiggia\/#primaryimage\"},\"image\":{\"@id\":\"https:\/\/www.padreydecano.com\/cms\/idolos\/alcides-edgardo-ghiggia\/#primaryimage\"},\"thumbnailUrl\":\"https:\/\/www.padreydecano.com\/cms\/wp-content\/uploads\/2012\/04\/ghiggia-1949.jpg\",\"datePublished\":\"2012-04-22T00:24:32+00:00\",\"dateModified\":\"2015-07-16T22:40:28+00:00\",\"breadcrumb\":{\"@id\":\"https:\/\/www.padreydecano.com\/cms\/idolos\/alcides-edgardo-ghiggia\/#breadcrumb\"},\"inLanguage\":\"es\",\"potentialAction\":[{\"@type\":\"ReadAction\",\"target\":[\"https:\/\/www.padreydecano.com\/cms\/idolos\/alcides-edgardo-ghiggia\/\"]}]},{\"@type\":\"ImageObject\",\"inLanguage\":\"es\",\"@id\":\"https:\/\/www.padreydecano.com\/cms\/idolos\/alcides-edgardo-ghiggia\/#primaryimage\",\"url\":\"https:\/\/www.padreydecano.com\/cms\/wp-content\/uploads\/2012\/04\/ghiggia-1949.jpg\",\"contentUrl\":\"https:\/\/www.padreydecano.com\/cms\/wp-content\/uploads\/2012\/04\/ghiggia-1949.jpg\",\"width\":\"400\",\"height\":\"289\"},{\"@type\":\"BreadcrumbList\",\"@id\":\"https:\/\/www.padreydecano.com\/cms\/idolos\/alcides-edgardo-ghiggia\/#breadcrumb\",\"itemListElement\":[{\"@type\":\"ListItem\",\"position\":1,\"name\":\"Portada\",\"item\":\"https:\/\/www.padreydecano.com\/cms\/\"},{\"@type\":\"ListItem\",\"position\":2,\"name\":\"\u00cddolos\",\"item\":\"https:\/\/www.padreydecano.com\/cms\/idolos\/\"},{\"@type\":\"ListItem\",\"position\":3,\"name\":\"Alcides Edgardo Ghiggia\"}]},{\"@type\":\"WebSite\",\"@id\":\"https:\/\/www.padreydecano.com\/cms\/#website\",\"url\":\"https:\/\/www.padreydecano.com\/cms\/\",\"name\":\"Padre y Decano - El Sitio del Pueblo\",\"description\":\"Club Atl\u00e9tico Pe\u00f1arol\",\"publisher\":{\"@id\":\"https:\/\/www.padreydecano.com\/cms\/#organization\"},\"potentialAction\":[{\"@type\":\"SearchAction\",\"target\":{\"@type\":\"EntryPoint\",\"urlTemplate\":\"https:\/\/www.padreydecano.com\/cms\/?s={search_term_string}\"},\"query-input\":\"required name=search_term_string\"}],\"inLanguage\":\"es\"},{\"@type\":\"Organization\",\"@id\":\"https:\/\/www.padreydecano.com\/cms\/#organization\",\"name\":\"Padre y Decano\",\"url\":\"https:\/\/www.padreydecano.com\/cms\/\",\"logo\":{\"@type\":\"ImageObject\",\"inLanguage\":\"es\",\"@id\":\"https:\/\/www.padreydecano.com\/cms\/#\/schema\/logo\/image\/\",\"url\":\"https:\/\/www.padreydecano.com\/cms\/wp-content\/uploads\/2022\/01\/avatar-square.png\",\"contentUrl\":\"https:\/\/www.padreydecano.com\/cms\/wp-content\/uploads\/2022\/01\/avatar-square.png\",\"width\":1500,\"height\":1500,\"caption\":\"Padre y Decano\"},\"image\":{\"@id\":\"https:\/\/www.padreydecano.com\/cms\/#\/schema\/logo\/image\/\"}}]}<\/script>\n<!-- \/ Yoast SEO plugin. -->","yoast_head_json":{"title":"Alcides Edgardo Ghiggia - Padre y Decano - El Sitio del Pueblo","robots":{"index":"index","follow":"follow","max-snippet":"max-snippet:-1","max-image-preview":"max-image-preview:large","max-video-preview":"max-video-preview:-1"},"canonical":"https:\/\/www.padreydecano.com\/cms\/idolos\/alcides-edgardo-ghiggia\/","og_locale":"es_ES","og_type":"article","og_title":"Alcides Edgardo Ghiggia - Padre y Decano - El Sitio del Pueblo","og_description":"Nacido en La Blanqueada el 22 de diciembre de 1926, Alcides Edgardo, se hizo hincha de Pe\u00f1arol desde muy chico sin importar el barrio. Se consagr\u00f3 Campe\u00f3n Uruguayo en dos oportunidades (1949 y 51), Campe\u00f3n Mundial con la selecci\u00f3n uruguaya en 1950 y tambi\u00e9n obtuvo t\u00edtulos en Italia con la Roma y el Milan. En [&hellip;]","og_url":"https:\/\/www.padreydecano.com\/cms\/idolos\/alcides-edgardo-ghiggia\/","og_site_name":"Padre y Decano - El Sitio del Pueblo","article_modified_time":"2015-07-16T22:40:28+00:00","og_image":[{"width":400,"height":289,"url":"https:\/\/www.padreydecano.com\/cms\/wp-content\/uploads\/2012\/04\/ghiggia-1949.jpg","type":"image\/jpeg"}],"twitter_card":"summary_large_image","twitter_misc":{"Tiempo de lectura":"2 minutos"},"schema":{"@context":"https:\/\/schema.org","@graph":[{"@type":"WebPage","@id":"https:\/\/www.padreydecano.com\/cms\/idolos\/alcides-edgardo-ghiggia\/","url":"https:\/\/www.padreydecano.com\/cms\/idolos\/alcides-edgardo-ghiggia\/","name":"Alcides Edgardo Ghiggia - Padre y Decano - El Sitio del Pueblo","isPartOf":{"@id":"https:\/\/www.padreydecano.com\/cms\/#website"},"primaryImageOfPage":{"@id":"https:\/\/www.padreydecano.com\/cms\/idolos\/alcides-edgardo-ghiggia\/#primaryimage"},"image":{"@id":"https:\/\/www.padreydecano.com\/cms\/idolos\/alcides-edgardo-ghiggia\/#primaryimage"},"thumbnailUrl":"https:\/\/www.padreydecano.com\/cms\/wp-content\/uploads\/2012\/04\/ghiggia-1949.jpg","datePublished":"2012-04-22T00:24:32+00:00","dateModified":"2015-07-16T22:40:28+00:00","breadcrumb":{"@id":"https:\/\/www.padreydecano.com\/cms\/idolos\/alcides-edgardo-ghiggia\/#breadcrumb"},"inLanguage":"es","potentialAction":[{"@type":"ReadAction","target":["https:\/\/www.padreydecano.com\/cms\/idolos\/alcides-edgardo-ghiggia\/"]}]},{"@type":"ImageObject","inLanguage":"es","@id":"https:\/\/www.padreydecano.com\/cms\/idolos\/alcides-edgardo-ghiggia\/#primaryimage","url":"https:\/\/www.padreydecano.com\/cms\/wp-content\/uploads\/2012\/04\/ghiggia-1949.jpg","contentUrl":"https:\/\/www.padreydecano.com\/cms\/wp-content\/uploads\/2012\/04\/ghiggia-1949.jpg","width":"400","height":"289"},{"@type":"BreadcrumbList","@id":"https:\/\/www.padreydecano.com\/cms\/idolos\/alcides-edgardo-ghiggia\/#breadcrumb","itemListElement":[{"@type":"ListItem","position":1,"name":"Portada","item":"https:\/\/www.padreydecano.com\/cms\/"},{"@type":"ListItem","position":2,"name":"\u00cddolos","item":"https:\/\/www.padreydecano.com\/cms\/idolos\/"},{"@type":"ListItem","position":3,"name":"Alcides Edgardo Ghiggia"}]},{"@type":"WebSite","@id":"https:\/\/www.padreydecano.com\/cms\/#website","url":"https:\/\/www.padreydecano.com\/cms\/","name":"Padre y Decano - El Sitio del Pueblo","description":"Club Atl\u00e9tico Pe\u00f1arol","publisher":{"@id":"https:\/\/www.padreydecano.com\/cms\/#organization"},"potentialAction":[{"@type":"SearchAction","target":{"@type":"EntryPoint","urlTemplate":"https:\/\/www.padreydecano.com\/cms\/?s={search_term_string}"},"query-input":"required name=search_term_string"}],"inLanguage":"es"},{"@type":"Organization","@id":"https:\/\/www.padreydecano.com\/cms\/#organization","name":"Padre y Decano","url":"https:\/\/www.padreydecano.com\/cms\/","logo":{"@type":"ImageObject","inLanguage":"es","@id":"https:\/\/www.padreydecano.com\/cms\/#\/schema\/logo\/image\/","url":"https:\/\/www.padreydecano.com\/cms\/wp-content\/uploads\/2022\/01\/avatar-square.png","contentUrl":"https:\/\/www.padreydecano.com\/cms\/wp-content\/uploads\/2022\/01\/avatar-square.png","width":1500,"height":1500,"caption":"Padre y Decano"},"image":{"@id":"https:\/\/www.padreydecano.com\/cms\/#\/schema\/logo\/image\/"}}]}},"_links":{"self":[{"href":"https:\/\/www.padreydecano.com\/cms\/wp-json\/wp\/v2\/pages\/21770"}],"collection":[{"href":"https:\/\/www.padreydecano.com\/cms\/wp-json\/wp\/v2\/pages"}],"about":[{"href":"https:\/\/www.padreydecano.com\/cms\/wp-json\/wp\/v2\/types\/page"}],"author":[{"embeddable":true,"href":"https:\/\/www.padreydecano.com\/cms\/wp-json\/wp\/v2\/users\/13"}],"replies":[{"embeddable":true,"href":"https:\/\/www.padreydecano.com\/cms\/wp-json\/wp\/v2\/comments?post=21770"}],"version-history":[{"count":0,"href":"https:\/\/www.padreydecano.com\/cms\/wp-json\/wp\/v2\/pages\/21770\/revisions"}],"up":[{"embeddable":true,"href":"https:\/\/www.padreydecano.com\/cms\/wp-json\/wp\/v2\/pages\/69"}],"wp:featuredmedia":[{"embeddable":true,"href":"https:\/\/www.padreydecano.com\/cms\/wp-json\/wp\/v2\/media\/21771"}],"wp:attachment":[{"href":"https:\/\/www.padreydecano.com\/cms\/wp-json\/wp\/v2\/media?parent=21770"}],"curies":[{"name":"wp","href":"https:\/\/api.w.org\/{rel}","templated":true}]}}