{"id":21540,"date":"2012-04-19T08:03:22","date_gmt":"2012-04-19T11:03:22","guid":{"rendered":"http:\/\/www.padreydecano.com\/cms\/?page_id=21540"},"modified":"2012-04-19T08:10:48","modified_gmt":"2012-04-19T11:10:48","slug":"obdulio-trasante","status":"publish","type":"page","link":"https:\/\/www.padreydecano.com\/cms\/idolos\/obdulio-trasante\/","title":{"rendered":"Obdulio Trasante"},"content":{"rendered":"<p style=\"text-align: justify;\"><img loading=\"lazy\" decoding=\"async\" class=\"alignright  wp-image-13749\" src=\"https:\/\/www.padreydecano.com\/cms\/wp-content\/uploads\/2012\/01\/Trasante-1987-255x300.jpg\" alt=\"\" width=\"179\" height=\"210\" srcset=\"https:\/\/www.padreydecano.com\/cms\/wp-content\/uploads\/2012\/01\/Trasante-1987-255x300.jpg 255w, https:\/\/www.padreydecano.com\/cms\/wp-content\/uploads\/2012\/01\/Trasante-1987.jpg 485w\" sizes=\"(max-width: 179px) 100vw, 179px\" \/>Hincha enfermo de Pe\u00f1arol. As\u00ed se autodefine Obdulio Trasante. Conocido por su fuerza y temperamento dentro del campo de juego, es uno de los jugadores del recordado plantel que levant\u00f3 la <a title=\"Copa Libertadores 1987\" href=\"https:\/\/www.padreydecano.com\/cms\/campanas-historicas\/copa-libertadores-1987\/\" target=\"_blank\">\u00faltima Copa Libertadores<\/a> con la camiseta aurinegra.<\/p>\n<p style=\"text-align: justify;\">Nacido en Colonia el 20 de abril de 1960, debut\u00f3 en primera divisi\u00f3n en 1980 con la camiseta de Central Espa\u00f1ol, cuadro con el cual sali\u00f3 Campe\u00f3n Uruguayo en 1984. En 1985 lleg\u00f3 a Pe\u00f1arol para hacer historia. Fue part\u00edcipe los t\u00edtulos uruguayos obtenidos en 1985 y 86. El a\u00f1o 1987 no fue uno m\u00e1s para \u00e9l. En abril, m\u00e1s precisamente el 23 de ese mes, integr\u00f3 el plantel (junto a jugadores de renombre como\u00a0Diego Aguirre y Jorge Gon\u00e7alves) de los <a title=\"El cl\u00e1sico de los 8 contra 11\" href=\"https:\/\/www.padreydecano.com\/cms\/historias-clasicas\/el-clasico-de-los-8-contra-11\/\" target=\"_blank\">8 leones que fueron m\u00e1s que 11<\/a> jugadores del tradicional rival.<\/p>\n<p style=\"text-align: justify;\">Como jugador fue muy respetado. Era recio, guapo y metedor. Incluso existe una leyenda en la cual habr\u00eda tenido un fuerte enfrentamiento de palabras con Diego Armando Maradona, en un partido a nivel de selecciones. El argentino que nunca fue temeroso de los defensas rivales, dicen que luego de esas palabras de Trasante, desapareci\u00f3 del match.<\/p>\n<p style=\"text-align: justify;\"><img loading=\"lazy\" decoding=\"async\" class=\"alignleft  wp-image-21541\" src=\"https:\/\/www.padreydecano.com\/cms\/wp-content\/uploads\/2012\/04\/obdulio-trasante-300x269.jpg\" alt=\"\" width=\"168\" height=\"150\" srcset=\"https:\/\/www.padreydecano.com\/cms\/wp-content\/uploads\/2012\/04\/obdulio-trasante-300x269.jpg 300w, https:\/\/www.padreydecano.com\/cms\/wp-content\/uploads\/2012\/04\/obdulio-trasante.jpg 417w\" sizes=\"(max-width: 168px) 100vw, 168px\" \/>M\u00e1s importante a\u00fan, es parte de los campeones de la \u00faltima Copa Libertadores en manos de Pe\u00f1arol. Obdulio oficiaba de defensa en la Copa de 1987, la cual es tan recordada por <a title=\"El gol de Aguirre contado por varios\" href=\"https:\/\/www.padreydecano.com\/cms\/noticias\/el-gol-de-diego-aguirre-final-libertadores-1987\/\" target=\"_blank\">el gol de Diego Aguirre<\/a> a falta de apenas un par de segundos. Trasante rememora ese festejo y cuenta para <strong><span style=\"color: #ffcc02;\">Padre y Decano<\/span><\/strong> que cuando Aguirre hizo el gol, \u00e9l sali\u00f3 corriendo para festejarlo junto al autor. En esa carrera se arrepinti\u00f3 y permiti\u00f3 que Aguirre festejara el gol solo, al igual que como hab\u00eda ganado la Copa; \u201c\u00e9sto lo gan\u00f3 \u00e9l solo\u201d comenta Trasante sobre Aguirre.<\/p>\n<p style=\"text-align: justify;\">En ese mismo a\u00f1o, fue parte del plantel que obtuvo el d\u00e9cimo tercer t\u00edtulo de Am\u00e9rica con la selecci\u00f3n uruguaya con gol de Pablo Bengoechea en la final ante Chile disputada en Argentina.<\/p>\n<div align=\"center\">\n<table class=\"video\">\n<tbody>\n<tr>\n<td><iframe loading=\"lazy\" src=\"http:\/\/www.youtube.com\/embed\/eDPz--_palQ?wmode=transparent\" frameborder=\"0\" width=\"560\" height=\"315\"><\/iframe><\/td>\n<\/tr>\n<\/tbody>\n<\/table>\n<\/div>\n<p style=\"text-align: justify; margin-top: 15px;\">Obdulio no es un jugador m\u00e1s. Es un conocido hincha aurinegro el cual se siente a gusto participando de las variadas actividades de la hinchada. Estuvo presente en la creaci\u00f3n de la Bandera m\u00e1s grande del Mundo en 2011, y se refiere a ella compar\u00e1ndola con la camiseta de Pe\u00f1arol: \u201c(La bandera) Pesa, pero es como la camiseta de Pe\u00f1arol. No hay cansancio, no hay derrota, no hay agotamiento.\u201d<\/p>\n","protected":false},"excerpt":{"rendered":"<p>Hincha enfermo de Pe\u00f1arol. As\u00ed se autodefine Obdulio Trasante. Conocido por su fuerza y temperamento dentro del campo de juego, es uno de los jugadores del recordado plantel que levant\u00f3 la \u00faltima Copa Libertadores con la camiseta aurinegra. Nacido en Colonia el 20 de abril de 1960, debut\u00f3 en primera divisi\u00f3n en 1980 con la [&hellip;]<\/p>\n","protected":false},"author":13,"featured_media":0,"parent":69,"menu_order":29,"comment_status":"open","ping_status":"open","template":"","meta":{"footnotes":""},"yoast_head":"<!-- This site is optimized with the Yoast SEO plugin v23.2 - https:\/\/yoast.com\/wordpress\/plugins\/seo\/ -->\n<title>Obdulio Trasante - Padre y Decano - El Sitio del Pueblo<\/title>\n<meta name=\"robots\" content=\"index, follow, max-snippet:-1, max-image-preview:large, max-video-preview:-1\" \/>\n<link rel=\"canonical\" href=\"https:\/\/www.padreydecano.com\/cms\/idolos\/obdulio-trasante\/\" \/>\n<meta property=\"og:locale\" content=\"es_ES\" \/>\n<meta property=\"og:type\" content=\"article\" \/>\n<meta property=\"og:title\" content=\"Obdulio Trasante - Padre y Decano - El Sitio del Pueblo\" \/>\n<meta property=\"og:description\" content=\"Hincha enfermo de Pe\u00f1arol. As\u00ed se autodefine Obdulio Trasante. Conocido por su fuerza y temperamento dentro del campo de juego, es uno de los jugadores del recordado plantel que levant\u00f3 la \u00faltima Copa Libertadores con la camiseta aurinegra. Nacido en Colonia el 20 de abril de 1960, debut\u00f3 en primera divisi\u00f3n en 1980 con la [&hellip;]\" \/>\n<meta property=\"og:url\" content=\"https:\/\/www.padreydecano.com\/cms\/idolos\/obdulio-trasante\/\" \/>\n<meta property=\"og:site_name\" content=\"Padre y Decano - El Sitio del Pueblo\" \/>\n<meta property=\"article:modified_time\" content=\"2012-04-19T11:10:48+00:00\" \/>\n<meta property=\"og:image\" content=\"http:\/\/www.padreydecano.com\/cms\/wp-content\/uploads\/2012\/01\/Trasante-1987-255x300.jpg\" \/>\n<meta name=\"twitter:card\" content=\"summary_large_image\" \/>\n<meta name=\"twitter:label1\" content=\"Tiempo de lectura\" \/>\n\t<meta name=\"twitter:data1\" content=\"2 minutos\" \/>\n<script type=\"application\/ld+json\" class=\"yoast-schema-graph\">{\"@context\":\"https:\/\/schema.org\",\"@graph\":[{\"@type\":\"WebPage\",\"@id\":\"https:\/\/www.padreydecano.com\/cms\/idolos\/obdulio-trasante\/\",\"url\":\"https:\/\/www.padreydecano.com\/cms\/idolos\/obdulio-trasante\/\",\"name\":\"Obdulio Trasante - Padre y Decano - El Sitio del Pueblo\",\"isPartOf\":{\"@id\":\"https:\/\/www.padreydecano.com\/cms\/#website\"},\"primaryImageOfPage\":{\"@id\":\"https:\/\/www.padreydecano.com\/cms\/idolos\/obdulio-trasante\/#primaryimage\"},\"image\":{\"@id\":\"https:\/\/www.padreydecano.com\/cms\/idolos\/obdulio-trasante\/#primaryimage\"},\"thumbnailUrl\":\"http:\/\/www.padreydecano.com\/cms\/wp-content\/uploads\/2012\/01\/Trasante-1987-255x300.jpg\",\"datePublished\":\"2012-04-19T11:03:22+00:00\",\"dateModified\":\"2012-04-19T11:10:48+00:00\",\"breadcrumb\":{\"@id\":\"https:\/\/www.padreydecano.com\/cms\/idolos\/obdulio-trasante\/#breadcrumb\"},\"inLanguage\":\"es\",\"potentialAction\":[{\"@type\":\"ReadAction\",\"target\":[\"https:\/\/www.padreydecano.com\/cms\/idolos\/obdulio-trasante\/\"]}]},{\"@type\":\"ImageObject\",\"inLanguage\":\"es\",\"@id\":\"https:\/\/www.padreydecano.com\/cms\/idolos\/obdulio-trasante\/#primaryimage\",\"url\":\"http:\/\/www.padreydecano.com\/cms\/wp-content\/uploads\/2012\/01\/Trasante-1987-255x300.jpg\",\"contentUrl\":\"http:\/\/www.padreydecano.com\/cms\/wp-content\/uploads\/2012\/01\/Trasante-1987-255x300.jpg\"},{\"@type\":\"BreadcrumbList\",\"@id\":\"https:\/\/www.padreydecano.com\/cms\/idolos\/obdulio-trasante\/#breadcrumb\",\"itemListElement\":[{\"@type\":\"ListItem\",\"position\":1,\"name\":\"Portada\",\"item\":\"https:\/\/www.padreydecano.com\/cms\/\"},{\"@type\":\"ListItem\",\"position\":2,\"name\":\"\u00cddolos\",\"item\":\"https:\/\/www.padreydecano.com\/cms\/idolos\/\"},{\"@type\":\"ListItem\",\"position\":3,\"name\":\"Obdulio Trasante\"}]},{\"@type\":\"WebSite\",\"@id\":\"https:\/\/www.padreydecano.com\/cms\/#website\",\"url\":\"https:\/\/www.padreydecano.com\/cms\/\",\"name\":\"Padre y Decano - El Sitio del Pueblo\",\"description\":\"Club Atl\u00e9tico Pe\u00f1arol\",\"publisher\":{\"@id\":\"https:\/\/www.padreydecano.com\/cms\/#organization\"},\"potentialAction\":[{\"@type\":\"SearchAction\",\"target\":{\"@type\":\"EntryPoint\",\"urlTemplate\":\"https:\/\/www.padreydecano.com\/cms\/?s={search_term_string}\"},\"query-input\":\"required name=search_term_string\"}],\"inLanguage\":\"es\"},{\"@type\":\"Organization\",\"@id\":\"https:\/\/www.padreydecano.com\/cms\/#organization\",\"name\":\"Padre y Decano\",\"url\":\"https:\/\/www.padreydecano.com\/cms\/\",\"logo\":{\"@type\":\"ImageObject\",\"inLanguage\":\"es\",\"@id\":\"https:\/\/www.padreydecano.com\/cms\/#\/schema\/logo\/image\/\",\"url\":\"https:\/\/www.padreydecano.com\/cms\/wp-content\/uploads\/2022\/01\/avatar-square.png\",\"contentUrl\":\"https:\/\/www.padreydecano.com\/cms\/wp-content\/uploads\/2022\/01\/avatar-square.png\",\"width\":1500,\"height\":1500,\"caption\":\"Padre y Decano\"},\"image\":{\"@id\":\"https:\/\/www.padreydecano.com\/cms\/#\/schema\/logo\/image\/\"}}]}<\/script>\n<!-- \/ Yoast SEO plugin. -->","yoast_head_json":{"title":"Obdulio Trasante - Padre y Decano - El Sitio del Pueblo","robots":{"index":"index","follow":"follow","max-snippet":"max-snippet:-1","max-image-preview":"max-image-preview:large","max-video-preview":"max-video-preview:-1"},"canonical":"https:\/\/www.padreydecano.com\/cms\/idolos\/obdulio-trasante\/","og_locale":"es_ES","og_type":"article","og_title":"Obdulio Trasante - Padre y Decano - El Sitio del Pueblo","og_description":"Hincha enfermo de Pe\u00f1arol. As\u00ed se autodefine Obdulio Trasante. Conocido por su fuerza y temperamento dentro del campo de juego, es uno de los jugadores del recordado plantel que levant\u00f3 la \u00faltima Copa Libertadores con la camiseta aurinegra. Nacido en Colonia el 20 de abril de 1960, debut\u00f3 en primera divisi\u00f3n en 1980 con la [&hellip;]","og_url":"https:\/\/www.padreydecano.com\/cms\/idolos\/obdulio-trasante\/","og_site_name":"Padre y Decano - El Sitio del Pueblo","article_modified_time":"2012-04-19T11:10:48+00:00","og_image":[{"url":"http:\/\/www.padreydecano.com\/cms\/wp-content\/uploads\/2012\/01\/Trasante-1987-255x300.jpg"}],"twitter_card":"summary_large_image","twitter_misc":{"Tiempo de lectura":"2 minutos"},"schema":{"@context":"https:\/\/schema.org","@graph":[{"@type":"WebPage","@id":"https:\/\/www.padreydecano.com\/cms\/idolos\/obdulio-trasante\/","url":"https:\/\/www.padreydecano.com\/cms\/idolos\/obdulio-trasante\/","name":"Obdulio Trasante - Padre y Decano - El Sitio del Pueblo","isPartOf":{"@id":"https:\/\/www.padreydecano.com\/cms\/#website"},"primaryImageOfPage":{"@id":"https:\/\/www.padreydecano.com\/cms\/idolos\/obdulio-trasante\/#primaryimage"},"image":{"@id":"https:\/\/www.padreydecano.com\/cms\/idolos\/obdulio-trasante\/#primaryimage"},"thumbnailUrl":"http:\/\/www.padreydecano.com\/cms\/wp-content\/uploads\/2012\/01\/Trasante-1987-255x300.jpg","datePublished":"2012-04-19T11:03:22+00:00","dateModified":"2012-04-19T11:10:48+00:00","breadcrumb":{"@id":"https:\/\/www.padreydecano.com\/cms\/idolos\/obdulio-trasante\/#breadcrumb"},"inLanguage":"es","potentialAction":[{"@type":"ReadAction","target":["https:\/\/www.padreydecano.com\/cms\/idolos\/obdulio-trasante\/"]}]},{"@type":"ImageObject","inLanguage":"es","@id":"https:\/\/www.padreydecano.com\/cms\/idolos\/obdulio-trasante\/#primaryimage","url":"http:\/\/www.padreydecano.com\/cms\/wp-content\/uploads\/2012\/01\/Trasante-1987-255x300.jpg","contentUrl":"http:\/\/www.padreydecano.com\/cms\/wp-content\/uploads\/2012\/01\/Trasante-1987-255x300.jpg"},{"@type":"BreadcrumbList","@id":"https:\/\/www.padreydecano.com\/cms\/idolos\/obdulio-trasante\/#breadcrumb","itemListElement":[{"@type":"ListItem","position":1,"name":"Portada","item":"https:\/\/www.padreydecano.com\/cms\/"},{"@type":"ListItem","position":2,"name":"\u00cddolos","item":"https:\/\/www.padreydecano.com\/cms\/idolos\/"},{"@type":"ListItem","position":3,"name":"Obdulio Trasante"}]},{"@type":"WebSite","@id":"https:\/\/www.padreydecano.com\/cms\/#website","url":"https:\/\/www.padreydecano.com\/cms\/","name":"Padre y Decano - El Sitio del Pueblo","description":"Club Atl\u00e9tico Pe\u00f1arol","publisher":{"@id":"https:\/\/www.padreydecano.com\/cms\/#organization"},"potentialAction":[{"@type":"SearchAction","target":{"@type":"EntryPoint","urlTemplate":"https:\/\/www.padreydecano.com\/cms\/?s={search_term_string}"},"query-input":"required name=search_term_string"}],"inLanguage":"es"},{"@type":"Organization","@id":"https:\/\/www.padreydecano.com\/cms\/#organization","name":"Padre y Decano","url":"https:\/\/www.padreydecano.com\/cms\/","logo":{"@type":"ImageObject","inLanguage":"es","@id":"https:\/\/www.padreydecano.com\/cms\/#\/schema\/logo\/image\/","url":"https:\/\/www.padreydecano.com\/cms\/wp-content\/uploads\/2022\/01\/avatar-square.png","contentUrl":"https:\/\/www.padreydecano.com\/cms\/wp-content\/uploads\/2022\/01\/avatar-square.png","width":1500,"height":1500,"caption":"Padre y Decano"},"image":{"@id":"https:\/\/www.padreydecano.com\/cms\/#\/schema\/logo\/image\/"}}]}},"_links":{"self":[{"href":"https:\/\/www.padreydecano.com\/cms\/wp-json\/wp\/v2\/pages\/21540"}],"collection":[{"href":"https:\/\/www.padreydecano.com\/cms\/wp-json\/wp\/v2\/pages"}],"about":[{"href":"https:\/\/www.padreydecano.com\/cms\/wp-json\/wp\/v2\/types\/page"}],"author":[{"embeddable":true,"href":"https:\/\/www.padreydecano.com\/cms\/wp-json\/wp\/v2\/users\/13"}],"replies":[{"embeddable":true,"href":"https:\/\/www.padreydecano.com\/cms\/wp-json\/wp\/v2\/comments?post=21540"}],"version-history":[{"count":0,"href":"https:\/\/www.padreydecano.com\/cms\/wp-json\/wp\/v2\/pages\/21540\/revisions"}],"up":[{"embeddable":true,"href":"https:\/\/www.padreydecano.com\/cms\/wp-json\/wp\/v2\/pages\/69"}],"wp:attachment":[{"href":"https:\/\/www.padreydecano.com\/cms\/wp-json\/wp\/v2\/media?parent=21540"}],"curies":[{"name":"wp","href":"https:\/\/api.w.org\/{rel}","templated":true}]}}