{"id":13727,"date":"2012-03-12T23:08:30","date_gmt":"2012-03-13T02:08:30","guid":{"rendered":"http:\/\/www.padreydecano.com\/cms\/?page_id=13727"},"modified":"2022-10-31T23:27:07","modified_gmt":"2022-11-01T02:27:07","slug":"copa-libertadores-1987","status":"publish","type":"page","link":"https:\/\/www.padreydecano.com\/cms\/campanas-historicas\/copa-libertadores-1987\/","title":{"rendered":"Copa Libertadores 1987"},"content":{"rendered":"<p style=\"text-align: justify;\"><a href=\"https:\/\/www.padreydecano.com\/cms\/wp-content\/uploads\/2012\/03\/damiani_libertadores1987.jpg\" rel=\"shadowbox[sbpost-13727];player=img;\"><img loading=\"lazy\" decoding=\"async\" class=\"alignleft wp-image-19607\" src=\"https:\/\/www.padreydecano.com\/cms\/wp-content\/uploads\/2012\/03\/damiani_libertadores1987-300x208.jpg\" alt=\"\" width=\"210\" height=\"146\" srcset=\"https:\/\/www.padreydecano.com\/cms\/wp-content\/uploads\/2012\/03\/damiani_libertadores1987-300x208.jpg 300w, https:\/\/www.padreydecano.com\/cms\/wp-content\/uploads\/2012\/03\/damiani_libertadores1987.jpg 720w\" sizes=\"(max-width: 210px) 100vw, 210px\" \/><\/a>Cuando comenzaba la copa ese a\u00f1o pocos apostaban por el equipo carbonero. Pe\u00f1arol contaba con un equipo muy joven pero a la vez muy valiente. Pocos cre\u00edan, s\u00f3lo los hinchas de Pe\u00f1arol y aquellos que conocen nuestra historia. Todos sabemos que en cualquier momento puede aparecer el <strong>\u201cPe\u00f1arol de los milagros\u201d<\/strong>.<\/p>\n<p style=\"text-align: justify;\">El a\u00f1o 1987 se deber\u00eda de catalogar como un a\u00f1o de renovaci\u00f3n en todos sus \u00f3rdenes, ya que el <strong>Cr. Damiani<\/strong> tom\u00f3 las riendas del club y su primer objetivo era mejorar la situaci\u00f3n econ\u00f3mica, por lo que no se hizo importantes contrataciones y se apunt\u00f3 a la cantera del club. Tambi\u00e9n hubo renovaci\u00f3n en cuanto a la direcci\u00f3n t\u00e9cnica, dado que lleg\u00f3 el <strong>Maestro Oscar Washington Tab\u00e1rez<\/strong> en lugar de <strong>Roque M\u00e1spoli<\/strong>.<\/p>\n<p style=\"text-align: justify;\">El inicio de temporada no fue bueno, y los rumores de una posible salida del entrenador estaban a la orden del d\u00eda. Sin embargo, la heroica victoria en el cl\u00e1sico recordado como <strong>el 8 contra 11<\/strong> fue el impulso an\u00edmico principal para que este equipo de muchachos lograran llegar a la cima de Am\u00e9rica.<\/p>\n<p style=\"text-align: justify;\"><a href=\"https:\/\/www.padreydecano.com\/cms\/wp-content\/uploads\/2012\/01\/pe\u00f1arol_campeon_de_america_1987_gol.jpg\" rel=\"shadowbox[sbpost-13727];player=img;\"><img loading=\"lazy\" decoding=\"async\" class=\"alignright wp-image-13754\" src=\"https:\/\/www.padreydecano.com\/cms\/wp-content\/uploads\/2012\/01\/pe\u00f1arol_campeon_de_america_1987_gol-158x300.jpg\" alt=\"\" width=\"111\" height=\"210\" srcset=\"https:\/\/www.padreydecano.com\/cms\/wp-content\/uploads\/2012\/01\/pe\u00f1arol_campeon_de_america_1987_gol-158x300.jpg 158w, https:\/\/www.padreydecano.com\/cms\/wp-content\/uploads\/2012\/01\/pe\u00f1arol_campeon_de_america_1987_gol-539x1024.jpg 539w, https:\/\/www.padreydecano.com\/cms\/wp-content\/uploads\/2012\/01\/pe\u00f1arol_campeon_de_america_1987_gol.jpg 561w\" sizes=\"(max-width: 111px) 100vw, 111px\" \/><\/a>\u00c9sta es<strong> una de las haza\u00f1as m\u00e1s grandes de la Copa Libertadores.<\/strong>\u00a0Es algo que no se ve todos los a\u00f1os y s\u00ed se repite a lo largo de la historia del Campe\u00f3n del Siglo. Por esto es que los hinchas de Pe\u00f1arol creemos que nuestro equipo es <strong>\u201cdue\u00f1o de las haza\u00f1as\u201d<\/strong>.<\/p>\n<p style=\"text-align: justify;\">Pe\u00f1arol se ubic\u00f3 en el Grupo 5 que estaba integrado por uruguayos y peruanos, y lo gan\u00f3 de forma invicta, con 4 victorias y 2 empates. En el debut, derrot\u00f3 a Progreso 3 a 2 en el Estadio Centenario en un partido que cost\u00f3 m\u00e1s de lo previsto. Posteriormente realiz\u00f3 su \u201cmini gira\u201d por Per\u00fa, donde derrot\u00f3 1 a 0 a uno de los grandes peruanos, Alianza Lima, y empat\u00f3 1 a 1 ante el modesto Colegio San Agust\u00edn.\u00a0En su vuelta a Montevideo, empat\u00f3 1 a 1 ante \u201cLos Gauchos del Pantanoso\u201d y derrot\u00f3 a los dos equipos peruanos por el mismo score: 2 a 0. <strong>Pe\u00f1arol se clasific\u00f3 para la segunda fase del torneo<\/strong> sin pasar sobresaltos, y con 4 puntos de diferencia sobre su escolta.<\/p>\n<p style=\"text-align: justify;\">En la instancia semifinal, Pe\u00f1arol integr\u00f3 la llave m\u00e1s complicada junto a Independiente de Avellaneda, y River Plate, \u00faltimo campe\u00f3n del torneo que buscaba la defensa del t\u00edtulo. En el debut en el Estadio Centenario, <strong>los aurinegros aplastaron con un c\u00f3modo 3 a 0 a los diablos de Avellaneda<\/strong> con goles de Aguirre, Cabrera y Viera. En su segunda presentaci\u00f3n, empat\u00f3 0 a 0 ante los \u201cmillonarios\u201d, tambi\u00e9n en el Estadio Centenario.<\/p>\n<p style=\"text-align: justify;\"><a href=\"https:\/\/www.padreydecano.com\/cms\/wp-content\/uploads\/2012\/01\/pe\u00f1arol_campeon_de_america_1987_aguirre.jpg\" rel=\"shadowbox[sbpost-13727];player=img;\"><img loading=\"lazy\" decoding=\"async\" class=\"alignleft wp-image-13752\" src=\"https:\/\/www.padreydecano.com\/cms\/wp-content\/uploads\/2012\/01\/pe\u00f1arol_campeon_de_america_1987_aguirre-220x300.jpg\" alt=\"\" width=\"154\" height=\"210\" srcset=\"https:\/\/www.padreydecano.com\/cms\/wp-content\/uploads\/2012\/01\/pe\u00f1arol_campeon_de_america_1987_aguirre-220x300.jpg 220w, https:\/\/www.padreydecano.com\/cms\/wp-content\/uploads\/2012\/01\/pe\u00f1arol_campeon_de_america_1987_aguirre.jpg 540w\" sizes=\"(max-width: 154px) 100vw, 154px\" \/><\/a>El 30 de setiembre nos volvimos a medir con Independiente, en un hist\u00f3rico partido disputado en el Estadio Doble Visera de Avellaneda. <strong>Los pibes de Pe\u00f1arol derrotaron 4 a 2 al \u00abRojo\u00bb<\/strong>, en un partido que quedar\u00e1 marcado para siempre en ambas instituciones porque derribamos<strong> el invicto de Independiente de local en Copa Libertadores<\/strong>. En el \u00faltimo encuentro de la serie, ca\u00edmos derrotados 1 a 0 en el Monumental pero ya nada importaba, <strong>Pe\u00f1arol estaba en la final de la Libertadores y se enfrentar\u00eda al Am\u00e9rica de Cali<\/strong>, que ven\u00eda de perder 2 finales consecutivas.<\/p>\n<p style=\"text-align: justify;\">La primera final se disput\u00f3 el 21 de octubre en el Estadio Pascual Guerrero con un marco repleto de colombianos que iban en b\u00fasqueda del primer t\u00edtulo para el equipo cale\u00f1o. Tab\u00e1rez aline\u00f3 a<strong> Eduardo Pereira, Jos\u00e9 Herrera, Marcelo Rotti, Obdulio Trasante, Alfonso Dom\u00ednguez, Jos\u00e9 Perdomo, Gustavo Matosas, Daniel Vidal, Ricardo Viera, Jorge Cabrera y Diego Aguirre.<\/strong> Con goles de Battaglia y Caba\u00f1as antes de la primera hora de juego, los colombianos se quedaron con la victoria y daban un paso fundamental para conquistar la copa. Luego de un mal arranque, donde fue ampliamente dominado, en el segundo tiempo el carbonero tuvo algunas chances y pudo descontar, pero la suerte y el por momentos \u201cbloqueo atrincherado\u201d de los colombianos lo evit\u00f3.<\/p>\n<p style=\"text-align: justify;\"><a href=\"https:\/\/www.padreydecano.com\/cms\/wp-content\/uploads\/2012\/01\/pe\u00f1arol_campeon_de_america_1987_aguirre_maestro.jpg\" rel=\"shadowbox[sbpost-13727];player=img;\"><img loading=\"lazy\" decoding=\"async\" class=\"alignright wp-image-13753\" src=\"https:\/\/www.padreydecano.com\/cms\/wp-content\/uploads\/2012\/01\/pe\u00f1arol_campeon_de_america_1987_aguirre_maestro-300x232.jpg\" alt=\"\" width=\"168\" height=\"130\" srcset=\"https:\/\/www.padreydecano.com\/cms\/wp-content\/uploads\/2012\/01\/pe\u00f1arol_campeon_de_america_1987_aguirre_maestro-300x232.jpg 300w, https:\/\/www.padreydecano.com\/cms\/wp-content\/uploads\/2012\/01\/pe\u00f1arol_campeon_de_america_1987_aguirre_maestro.jpg 453w\" sizes=\"(max-width: 168px) 100vw, 168px\" \/><\/a>La revancha se disput\u00f3 una semana despu\u00e9s en Montevideo. <strong>Pe\u00f1arol estaba obligado a ganar o ganar<\/strong>, sin importar el resultado, ya que<strong> la diferencia de gol no ten\u00eda influencia en los dos primeros partidos<\/strong>. Un Estadio Centenario desbordado recibi\u00f3 a <strong>Eduardo Pereira, Jos\u00e9 Herrera, Marcelo Rotti, Obdulio Trasante, Alfonso Dom\u00ednguez, Jos\u00e9 Perdomo, Eduardo Da Silva, Daniel Vidal, Ricardo Viera, Jorge Cabrera y Diego Aguirre.<\/strong><\/p>\n<p style=\"text-align: justify;\">Las cosas se complicaron de arranque ya que antes de los 20 minutos el paraguayo Roberto Caba\u00f1as abr\u00eda el marcador para el conjunto colombiano con un cabezazo cruzado inatajable para Pereira. El primer tiempo se fue con derrota, con un Pe\u00f1arol que iba en busca del empate con m\u00e1s garra que f\u00fatbol, pero con el plus de que era alentado por 65.000 personas.<\/p>\n<p style=\"text-align: justify;\">A los 68 minutos llega el empate carbonero tras una pelota que viene de un tiro de esquina, y <strong>Diego Aguirre, se anticipa en el primer palo para cambiar la trayectoria del bal\u00f3n y poner a Pe\u00f1arol nuevamente en partido<\/strong>. Continu\u00e1bamos dominando el partido pero hab\u00eda una realidad, no pod\u00edamos penetrar el arco colombiano, y este empate nos dejaba sin copa. A falta de 3 minutos para que termine el partido, tenemos un tiro libre de frente al arco de la \u00c1msterdam y <strong>\u201cel Bomba\u201d Villar con magn\u00edfica pegada marc\u00f3 el 2 a 1<\/strong> para desatar la locura en el Centenario y forzar un tercer partido. Est\u00e1bamos m\u00e1s vivos que nunca.<\/p>\n<p style=\"text-align: center;\"><a href=\"https:\/\/www.padreydecano.com\/cms\/wp-content\/uploads\/2012\/03\/Gol-del-Bomba-Villa-1987.jpg\" rel=\"shadowbox[sbpost-13727];player=img;\"><img loading=\"lazy\" decoding=\"async\" class=\"aligncenter wp-image-32580\" src=\"https:\/\/www.padreydecano.com\/cms\/wp-content\/uploads\/2012\/03\/Gol-del-Bomba-Villa-1987.jpg\" alt=\"\" width=\"553\" height=\"331\" srcset=\"https:\/\/www.padreydecano.com\/cms\/wp-content\/uploads\/2012\/03\/Gol-del-Bomba-Villa-1987.jpg 768w, https:\/\/www.padreydecano.com\/cms\/wp-content\/uploads\/2012\/03\/Gol-del-Bomba-Villa-1987-300x179.jpg 300w\" sizes=\"(max-width: 553px) 100vw, 553px\" \/><\/a><\/p>\n<p style=\"text-align: justify;\">Si esta final hab\u00eda sido apasionante, qu\u00e9 adjetivo quedar\u00eda para la \u00faltima. Se disput\u00f3 el 31 de octubre en el Estadio Nacional de Santiago,<strong> escenario donde se escribieron p\u00e1ginas gloriosas en la historia del club<\/strong>, y que en 1987 tendr\u00eda un nuevo cap\u00edtulo. El reglamento indicaba que en caso de empate en los 90, se ir\u00eda a un tiempo suplementario, y de persistir la igualdad, Am\u00e9rica de Cali ser\u00eda el campe\u00f3n debido a que ten\u00eda un mejor saldo de goles en las finales (2 a 0 vs 2 a 1). Aquel s\u00e1bado de tarde en octubre defendieron a Pe\u00f1arol <strong>Eduardo Pereira, Jos\u00e9 Herrera, Marcelo Rotti, Obdulio Trasante, Alfonso Dom\u00ednguez, Jos\u00e9 Perdomo, Eduardo da Silva, Daniel Vidal, Ricardo Viera, Jorge Cabrera y Diego Aguirre<\/strong>.<\/p>\n<p style=\"text-align: justify;\">El encuentro fue entretenido con llegadas para ambos equipos, aunque eran bastante imprecisos en cuanto a la elaboraci\u00f3n de juego. La tensi\u00f3n y el nerviosismo se notaba en ambos equipos, pero Am\u00e9rica sab\u00eda que ten\u00eda una ventaja. En el segundo tiempo, el zurdo Viera tuvo la m\u00e1s clara, con un remate de afuera del \u00e1rea que da en el vertical izquierdo de Falcioni. Posteriormente Aguirre marca un golazo pero es anulado por offside. Am\u00e9rica tambi\u00e9n contestaba, y llegaba con algunas situaciones de peligro. Para sumarle dramatismo, fueron expulsados Jos\u00e9 \u201cPepe\u201d Herrera y Roberto Caba\u00f1as.<\/p>\n<p style=\"text-align: justify;\"><a href=\"https:\/\/www.padreydecano.com\/cms\/wp-content\/uploads\/2012\/01\/Vestuario-1987.jpg\" rel=\"shadowbox[sbpost-13727];player=img;\"><img loading=\"lazy\" decoding=\"async\" class=\"alignleft wp-image-13750\" src=\"https:\/\/www.padreydecano.com\/cms\/wp-content\/uploads\/2012\/01\/Vestuario-1987-269x300.jpg\" alt=\"\" width=\"161\" height=\"180\" srcset=\"https:\/\/www.padreydecano.com\/cms\/wp-content\/uploads\/2012\/01\/Vestuario-1987-269x300.jpg 269w, https:\/\/www.padreydecano.com\/cms\/wp-content\/uploads\/2012\/01\/Vestuario-1987.jpg 474w\" sizes=\"(max-width: 161px) 100vw, 161px\" \/><\/a>Una de las jugadas m\u00e1s dram\u00e1ticas se dio sobre el cierre del partido, tras un centro llovido que cae al \u00e1rea carbonera, Trasante se la quiere pasar de pecho a Pereira, y la impulsa con tanta potencia y altura que la pelota da en el horizontal y le queda servida a Gareca, que remata hacia arriba. Sobre el final, Jorge Villar ingresa al \u00e1rea colombiana y es derribado claramente por un defensa colombiano, pero el \u00e1rbitro se desentiende de la jugada y no cobra un penal que vio todo el estadio.<\/p>\n<p style=\"text-align: justify;\">El alargue iba a ser un sufrimiento. El reloj jugar\u00eda a favor del Am\u00e9rica de Cali, que ten\u00eda que aguantar apenas 30 minutos m\u00e1s para ganar la copa que todos quieren. Ambos equipos iban en b\u00fasqueda del gol, Pe\u00f1arol porque estaba quedando con las manos vac\u00edas, y Am\u00e9rica para jugar m\u00e1s tranquilo los minutos finales. El clima se estaba caldeando y espesando. Los colombianos hac\u00edan tiempo y nuestros jugadores no se iban a dejar pasar por arriba. El juego sucio tambi\u00e9n se hac\u00eda presente: los alcanza pelotas demoraban y los suplentes del Am\u00e9rica tiraban balones a la cancha.<\/p>\n<p style=\"text-align: justify;\">Cuando llegaba el minuto 120, sucedi\u00f3 el milagro y lleg\u00f3 <a title=\"El gol de Aguirre contado por varios\" href=\"https:\/\/www.padreydecano.com\/cms\/noticias\/el-gol-de-diego-aguirre-final-libertadores-1987\/\" target=\"_blank\" rel=\"noopener\">el gol de Diego Aguirre<\/a>. El n\u00famero 9 ingres\u00f3 por el sector izquierdo del \u00e1rea y remat\u00f3 cruzado para marcar el 1 a 0 y darle la quinta Libertadores de Am\u00e9rica a Pe\u00f1arol, en la agon\u00eda, como nos gusta a los manyas, a lo Pe\u00f1arol, en <a title=\"\u201cEl arco sur es de ustedes\u201d\" href=\"https:\/\/www.padreydecano.com\/cms\/columnas\/el-arco-sur-es-de-ustedes\/\" target=\"_blank\" rel=\"noopener\">el mismo arco<\/a> donde 5 a\u00f1os atr\u00e1s la meti\u00f3 Morena, en el mismo arc\u00f3 donde en el 66 comenzaba la remontada hist\u00f3rica contra River Plate. Pe\u00f1arol fue fiel a su historia, y se qued\u00f3 con el t\u00edtulo. <a title=\"La Revista El Gr\u00e1fico lo cont\u00f3 as\u00ed\" href=\"https:\/\/www.padreydecano.com\/cms\/noticias\/penarol-campeon-de-america-revista-el-grafico\/\" target=\"_blank\" rel=\"noopener\">As\u00ed lo cont\u00f3 El Gr\u00e1fico<\/a>.<\/p>\n<div id=\"attachment_19606\" style=\"width: 603px\" class=\"wp-caption aligncenter\"><a href=\"https:\/\/www.padreydecano.com\/cms\/wp-content\/uploads\/2012\/03\/pe\u00f1arol_campeon_de_america_1987_plantel.jpg\" rel=\"shadowbox[sbpost-13727];player=img;\"><img loading=\"lazy\" decoding=\"async\" aria-describedby=\"caption-attachment-19606\" class=\" wp-image-19606 \" src=\"https:\/\/www.padreydecano.com\/cms\/wp-content\/uploads\/2012\/03\/pe\u00f1arol_campeon_de_america_1987_plantel.jpg\" alt=\"\" width=\"593\" height=\"378\" srcset=\"https:\/\/www.padreydecano.com\/cms\/wp-content\/uploads\/2012\/03\/pe\u00f1arol_campeon_de_america_1987_plantel.jpg 942w, https:\/\/www.padreydecano.com\/cms\/wp-content\/uploads\/2012\/03\/pe\u00f1arol_campeon_de_america_1987_plantel-300x191.jpg 300w\" sizes=\"(max-width: 593px) 100vw, 593px\" \/><\/a><p id=\"caption-attachment-19606\" class=\"wp-caption-text\">Equipo de la final: E.Pereira, O.Trasante, M.Rotti, J.B.Perdomo, J.Herrera, A.Dominguez, D.Vidal, E. Da Silva, D.Aguirre, R.Viera y J.Cabrera.<\/p><\/div>\n<div align=\"center\">\n<p style=\"text-align: center; margin-top: 15px;\"><span style=\"color: #ffcc02;\"><strong>Campa\u00f1a Partido a Partido<\/strong><\/span><\/p>\n<p><strong>Primera Fase<\/strong><\/p>\n<\/div>\n<div align=\"center\">\n<table class=\"comun\" width=\"600\">\n<tbody>\n<tr>\n<td><strong>6\/03\/1897<\/strong><\/td>\n<td><span style=\"color: #ffcc02;\"><strong>Pe\u00f1arol<\/strong><\/span><\/td>\n<td width=\"30\"><span style=\"color: #ffcc02;\"><strong>3<\/strong><\/span><\/td>\n<td width=\"30\">2<\/td>\n<td>Progreso<\/td>\n<td style=\"text-align: center;\">(Estadio Centenario)<\/td>\n<td style=\"text-align: right;\">(Aguirre, Herrera, Viera)<\/td>\n<\/tr>\n<tr>\n<td><strong>18\/04\/1987<\/strong><\/td>\n<td>Alianza Lima<\/td>\n<td>0<\/td>\n<td><span style=\"color: #ffcc02;\"><strong>1<\/strong><\/span><\/td>\n<td><span style=\"color: #ffcc02;\"><strong>Pe\u00f1arol<\/strong><\/span><\/td>\n<td style=\"text-align: center;\">(Estadio La Victoria)<\/td>\n<td style=\"text-align: right;\">(Paz)<\/td>\n<\/tr>\n<tr>\n<td><strong>21\/05\/1987<\/strong><\/td>\n<td>Colegio San Agust\u00edn<\/td>\n<td>1<\/td>\n<td><span style=\"color: #ffcc02;\"><strong>1<\/strong><\/span><\/td>\n<td><span style=\"color: #ffcc02;\"><strong>Pe\u00f1arol<\/strong><\/span><\/td>\n<td style=\"text-align: center;\">(Estadio Nacional de Lima)<\/td>\n<td style=\"text-align: right;\">(Paz)<\/td>\n<\/tr>\n<tr>\n<td><strong>26\/05\/1987<\/strong><\/td>\n<td>Progreso<\/td>\n<td>1<\/td>\n<td><span style=\"color: #ffcc02;\"><strong>1<\/strong><\/span><\/td>\n<td><span style=\"color: #ffcc02;\"><strong>Pe\u00f1arol<\/strong><\/span><\/td>\n<td style=\"text-align: center;\">(Estadio Centenario)<\/td>\n<td style=\"text-align: right;\">(Herrera)<\/td>\n<\/tr>\n<tr>\n<td><strong>02\/06\/1987<\/strong><\/td>\n<td><span style=\"color: #ffcc02;\"><strong>Pe\u00f1arol<\/strong><\/span><\/td>\n<td><span style=\"color: #ffcc02;\"><strong>2<\/strong><\/span><\/td>\n<td>0<\/td>\n<td>Alianza Lima<\/td>\n<td style=\"text-align: center;\">(Estadio Centenario)<\/td>\n<td style=\"text-align: right;\">(Matosas, Herrera)<\/td>\n<\/tr>\n<tr>\n<td><strong>05\/06\/1987<\/strong><\/td>\n<td><span style=\"color: #ffcc02;\"><strong>Pe\u00f1arol<\/strong><\/span><\/td>\n<td><span style=\"color: #ffcc02;\"><strong>2<\/strong><\/span><\/td>\n<td>0<\/td>\n<td>Colegio San Agust\u00edn<\/td>\n<td style=\"text-align: center;\">(Estadio Centenario)<\/td>\n<td style=\"text-align: right;\">(Herrera, Viera)<\/td>\n<\/tr>\n<\/tbody>\n<\/table>\n<p>&nbsp;<\/p>\n<table class=\"comun\" width=\"400\">\n<tbody>\n<tr>\n<td><strong>#<\/strong><\/td>\n<td><strong>Equipo<\/strong><\/td>\n<td width=\"30\">\n<div align=\"center\"><strong>Pts<\/strong><\/div>\n<\/td>\n<td width=\"30\">\n<div align=\"center\"><strong>PJ<\/strong><\/div>\n<\/td>\n<td>\n<div align=\"center\"><strong>PG<\/strong><\/div>\n<\/td>\n<td>\n<div align=\"center\"><strong>PE<\/strong><\/div>\n<\/td>\n<td>\n<div align=\"center\"><strong>PP<\/strong><\/div>\n<\/td>\n<td>\n<div align=\"center\"><strong>GF<\/strong><\/div>\n<\/td>\n<td>\n<div align=\"center\"><strong>GC<\/strong><\/div>\n<\/td>\n<td>\n<div align=\"center\"><strong>Dif<\/strong><\/div>\n<\/td>\n<\/tr>\n<tr>\n<td><span style=\"color: #ffcc02;\"><strong>1.<\/strong><\/span><\/td>\n<td><span style=\"color: #ffcc02;\"><strong>Pe\u00f1arol<\/strong><\/span><\/td>\n<td>\n<div align=\"center\"><span style=\"color: #ffcc02;\"><strong>10<\/strong><\/span><\/div>\n<\/td>\n<td>\n<div align=\"center\"><span style=\"color: #ffcc02;\"><strong>6<\/strong><\/span><\/div>\n<\/td>\n<td>\n<div align=\"center\"><span style=\"color: #ffcc02;\"><strong>4<\/strong><\/span><\/div>\n<\/td>\n<td>\n<div align=\"center\"><span style=\"color: #ffcc02;\"><strong>2<\/strong><\/span><\/div>\n<\/td>\n<td>\n<div align=\"center\"><span style=\"color: #ffcc02;\"><strong>0<\/strong><\/span><\/div>\n<\/td>\n<td>\n<div align=\"center\"><span style=\"color: #ffcc02;\"><strong>10<\/strong><\/span><\/div>\n<\/td>\n<td>\n<div align=\"center\"><span style=\"color: #ffcc02;\"><strong>4<\/strong><\/span><\/div>\n<\/td>\n<td>\n<div align=\"center\"><span style=\"color: #ffcc02;\"><strong>6<\/strong><\/span><\/div>\n<\/td>\n<\/tr>\n<tr>\n<td>2.<\/td>\n<td>Alianza Lima<\/td>\n<td>\n<div align=\"center\">6<\/div>\n<\/td>\n<td>\n<div align=\"center\">6<\/div>\n<\/td>\n<td>\n<div align=\"center\">2<\/div>\n<\/td>\n<td>\n<div align=\"center\">2<\/div>\n<\/td>\n<td>\n<div align=\"center\">2<\/div>\n<\/td>\n<td>\n<div align=\"center\">4<\/div>\n<\/td>\n<td>\n<div align=\"center\">4<\/div>\n<\/td>\n<td>\n<div align=\"center\">0<\/div>\n<\/td>\n<\/tr>\n<tr>\n<td>3.<\/td>\n<td>Progreso<\/td>\n<td>\n<div align=\"center\">5<\/div>\n<\/td>\n<td>\n<div align=\"center\">6<\/div>\n<\/td>\n<td>\n<div align=\"center\">1<\/div>\n<\/td>\n<td>\n<div align=\"center\">3<\/div>\n<\/td>\n<td>\n<div align=\"center\">2<\/div>\n<\/td>\n<td>\n<div align=\"center\">7<\/div>\n<\/td>\n<td>\n<div align=\"center\">7<\/div>\n<\/td>\n<td>\n<div align=\"center\">0<\/div>\n<\/td>\n<\/tr>\n<tr>\n<td>4.<\/td>\n<td>Colegio San Agust\u00edn<\/td>\n<td>\n<div align=\"center\">3<\/div>\n<\/td>\n<td>\n<div align=\"center\">6<\/div>\n<\/td>\n<td>\n<div align=\"center\">1<\/div>\n<\/td>\n<td>\n<div align=\"center\">1<\/div>\n<\/td>\n<td>\n<div align=\"center\">4<\/div>\n<\/td>\n<td>\n<div align=\"center\">5<\/div>\n<\/td>\n<td>\n<div align=\"center\">11<\/div>\n<\/td>\n<td>\n<div align=\"center\">-6<\/div>\n<\/td>\n<\/tr>\n<\/tbody>\n<\/table>\n<p>&nbsp;<\/p>\n<p><strong>Segunda Fase<\/strong><\/p>\n<table class=\"comun\" width=\"600\">\n<tbody>\n<tr>\n<td><strong>03\/09\/1987<\/strong><\/td>\n<td><span style=\"color: #ffcc02;\"><strong>Pe\u00f1arol<\/strong><\/span><\/td>\n<td width=\"30\"><span style=\"color: #ffcc02;\"><strong>3<\/strong><\/span><\/td>\n<td width=\"30\">0<\/td>\n<td>Independiente<\/td>\n<td style=\"text-align: center;\">(Estadio Centenario)<\/td>\n<td style=\"text-align: right;\">(Aguirre, Cabrera y Viera)<\/td>\n<\/tr>\n<tr>\n<td><strong>16\/09\/1987<\/strong><\/td>\n<td><span style=\"color: #ffcc02;\"><strong>Pe\u00f1arol<\/strong><\/span><\/td>\n<td><span style=\"color: #ffcc02;\"><strong>0<\/strong><\/span><\/td>\n<td>0<\/td>\n<td>River Plate<\/td>\n<td style=\"text-align: center;\">(Estadio Centenario)<\/td>\n<td><\/td>\n<\/tr>\n<tr>\n<td><strong>30\/09\/1987<\/strong><\/td>\n<td>Independiente<\/td>\n<td>2<\/td>\n<td><span style=\"color: #ffcc02;\"><strong>4<\/strong><\/span><\/td>\n<td><span style=\"color: #ffcc02;\"><strong>Pe\u00f1arol<\/strong><\/span><\/td>\n<td style=\"text-align: center;\">(Estadio Doble Visera)<\/td>\n<td style=\"text-align: right;\">(Aguirre, Cabrera (x2) y Da Silva)<\/td>\n<\/tr>\n<tr>\n<td><strong>07\/10\/1987<\/strong><\/td>\n<td>River Plate<\/td>\n<td>1<\/td>\n<td><strong><span style=\"color: #ffcc02;\">0<\/span><\/strong><\/td>\n<td><strong><span style=\"color: #ffcc02;\">Pe\u00f1arol<\/span><\/strong><\/td>\n<td style=\"text-align: center;\">(Estadio Monumental)<\/td>\n<td><\/td>\n<\/tr>\n<\/tbody>\n<\/table>\n<p>&nbsp;<\/p>\n<table class=\"comun\" width=\"400\">\n<tbody>\n<tr>\n<td><strong>#<\/strong><\/td>\n<td><strong>Equipo<\/strong><\/td>\n<td width=\"30\">\n<div align=\"center\"><strong>Pts<\/strong><\/div>\n<\/td>\n<td width=\"30\">\n<div align=\"center\"><strong>PJ<\/strong><\/div>\n<\/td>\n<td>\n<div align=\"center\"><strong>PG<\/strong><\/div>\n<\/td>\n<td>\n<div align=\"center\"><strong>PE<\/strong><\/div>\n<\/td>\n<td>\n<div align=\"center\"><strong>PP<\/strong><\/div>\n<\/td>\n<td>\n<div align=\"center\"><strong>GF<\/strong><\/div>\n<\/td>\n<td>\n<div align=\"center\"><strong>GC<\/strong><\/div>\n<\/td>\n<td>\n<div align=\"center\"><strong>Dif<\/strong><\/div>\n<\/td>\n<\/tr>\n<tr>\n<td><span style=\"color: #ffcc02;\"><strong>1.<\/strong><\/span><\/td>\n<td><span style=\"color: #ffcc02;\"><strong>Pe\u00f1arol<\/strong><\/span><\/td>\n<td>\n<div align=\"center\"><span style=\"color: #ffcc02;\"><strong>5<\/strong><\/span><\/div>\n<\/td>\n<td>\n<div align=\"center\"><span style=\"color: #ffcc02;\"><strong>4<\/strong><\/span><\/div>\n<\/td>\n<td>\n<div align=\"center\"><span style=\"color: #ffcc02;\"><strong>2<\/strong><\/span><\/div>\n<\/td>\n<td>\n<div align=\"center\"><span style=\"color: #ffcc02;\"><strong>1<\/strong><\/span><\/div>\n<\/td>\n<td>\n<div align=\"center\"><span style=\"color: #ffcc02;\"><strong>1<\/strong><\/span><\/div>\n<\/td>\n<td>\n<div align=\"center\"><span style=\"color: #ffcc02;\"><strong>7<\/strong><\/span><\/div>\n<\/td>\n<td>\n<div align=\"center\"><span style=\"color: #ffcc02;\"><strong>3<\/strong><\/span><\/div>\n<\/td>\n<td>\n<div align=\"center\"><span style=\"color: #ffcc02;\"><strong>4<\/strong><\/span><\/div>\n<\/td>\n<\/tr>\n<tr>\n<td>2.<\/td>\n<td>River Plate<\/td>\n<td>\n<div align=\"center\">4<\/div>\n<\/td>\n<td>\n<div align=\"center\">4<\/div>\n<\/td>\n<td>\n<div align=\"center\">1<\/div>\n<\/td>\n<td>\n<div align=\"center\">2<\/div>\n<\/td>\n<td>\n<div align=\"center\">1<\/div>\n<\/td>\n<td>\n<div align=\"center\">1<\/div>\n<\/td>\n<td>\n<div align=\"center\">2<\/div>\n<\/td>\n<td>\n<div align=\"center\">-1<\/div>\n<\/td>\n<\/tr>\n<tr>\n<td>3.<\/td>\n<td>Independiente<\/td>\n<td>\n<div align=\"center\">3<\/div>\n<\/td>\n<td>\n<div align=\"center\">4<\/div>\n<\/td>\n<td>\n<div align=\"center\">1<\/div>\n<\/td>\n<td>\n<div align=\"center\">1<\/div>\n<\/td>\n<td>\n<div align=\"center\">2<\/div>\n<\/td>\n<td>\n<div align=\"center\">4<\/div>\n<\/td>\n<td>\n<div align=\"center\">7<\/div>\n<\/td>\n<td>\n<div align=\"center\">-3<\/div>\n<\/td>\n<\/tr>\n<\/tbody>\n<\/table>\n<p>&nbsp;<\/p>\n<p><strong>Finales<\/strong><\/p>\n<table class=\"comun\" width=\"600\">\n<tbody>\n<tr>\n<td><strong>21\/10\/1987<\/strong><\/td>\n<td>Am\u00e9rica de Cali<\/td>\n<td width=\"30\">2<\/td>\n<td width=\"30\"><span style=\"color: #ffcc02;\"><strong>0<\/strong><\/span><\/td>\n<td><span style=\"color: #ffcc02;\"><strong>Pe\u00f1arol<\/strong><\/span><\/td>\n<td style=\"text-align: center;\">(Estadio Pascual Guerrero)<\/td>\n<td style=\"text-align: right;\">(Aguirre y Villar)<\/td>\n<\/tr>\n<tr>\n<td><strong>28\/10\/1987<\/strong><\/td>\n<td><span style=\"color: #ffcc02;\"><strong>Pe\u00f1arol<\/strong><\/span><\/td>\n<td><span style=\"color: #ffcc02;\"><strong>2<\/strong><\/span><\/td>\n<td>1<\/td>\n<td>Am\u00e9rica de Cali<\/td>\n<td style=\"text-align: center;\">(Estadio Centenario)<\/td>\n<td><\/td>\n<\/tr>\n<tr>\n<td><strong>31\/10\/1987<\/strong><\/td>\n<td><span style=\"color: #ffcc02;\"><strong>Pe\u00f1arol<\/strong><\/span><\/td>\n<td><span style=\"color: #ffcc02;\"><strong>1<\/strong><\/span><\/td>\n<td>0<\/td>\n<td>Am\u00e9rica de Cali<\/td>\n<td style=\"text-align: center;\">(Estadio Nacional de Santiago)<\/td>\n<td style=\"text-align: right;\">(Aguirre)<\/td>\n<\/tr>\n<\/tbody>\n<\/table>\n<\/div>\n<div align=\"center\">\n<table class=\"comun2\">\n<tbody>\n<tr>\n<td><a href=\"https:\/\/www.padreydecano.com\/cms\/wp-content\/uploads\/2012\/01\/pe\u00f1arol_campeon_de_america_1987_trasante.jpg\" rel=\"shadowbox[sbpost-13727];player=img;\"><img loading=\"lazy\" decoding=\"async\" class=\"alignleft size-thumbnail wp-image-13755\" title=\"\" src=\"https:\/\/www.padreydecano.com\/cms\/wp-content\/uploads\/2012\/01\/pe\u00f1arol_campeon_de_america_1987_trasante-150x150.jpg\" alt=\"\" width=\"150\" height=\"150\" srcset=\"https:\/\/www.padreydecano.com\/cms\/wp-content\/uploads\/2012\/01\/pe\u00f1arol_campeon_de_america_1987_trasante-150x150.jpg 150w, https:\/\/www.padreydecano.com\/cms\/wp-content\/uploads\/2012\/01\/pe\u00f1arol_campeon_de_america_1987_trasante-36x36.jpg 36w, https:\/\/www.padreydecano.com\/cms\/wp-content\/uploads\/2012\/01\/pe\u00f1arol_campeon_de_america_1987_trasante-115x115.jpg 115w\" sizes=\"(max-width: 150px) 100vw, 150px\" \/><\/a><\/td>\n<td><a href=\"https:\/\/www.padreydecano.com\/cms\/wp-content\/uploads\/2012\/01\/Trasante-1987.jpg\" rel=\"shadowbox[sbpost-13727];player=img;\"><img loading=\"lazy\" decoding=\"async\" class=\"alignleft size-thumbnail wp-image-13749\" title=\"\" src=\"https:\/\/www.padreydecano.com\/cms\/wp-content\/uploads\/2012\/01\/Trasante-1987-150x150.jpg\" alt=\"\" width=\"150\" height=\"150\" srcset=\"https:\/\/www.padreydecano.com\/cms\/wp-content\/uploads\/2012\/01\/Trasante-1987-150x150.jpg 150w, https:\/\/www.padreydecano.com\/cms\/wp-content\/uploads\/2012\/01\/Trasante-1987-36x36.jpg 36w, https:\/\/www.padreydecano.com\/cms\/wp-content\/uploads\/2012\/01\/Trasante-1987-115x115.jpg 115w\" sizes=\"(max-width: 150px) 100vw, 150px\" \/><\/a><\/td>\n<\/tr>\n<\/tbody>\n<\/table>\n<\/div>\n<div style=\"margin: 15px 0;\"><span style=\"color: #ffcc02;\"><strong>Notas relacionadas<\/strong><\/span><\/div>\n<div align=\"center\">\n<table class=\"comun2\" width=\"618\">\n<tbody>\n<tr>\n<td valign=\"top\"><a href=\"https:\/\/www.padreydecano.com\/cms\/noticias\/el-gol-de-diego-aguirre-final-libertadores-1987\/\"><img loading=\"lazy\" decoding=\"async\" class=\"alignleft size-full wp-image-32583\" src=\"https:\/\/www.padreydecano.com\/cms\/wp-content\/uploads\/2012\/03\/el-gol-de-aguirre-contado-por-varios.jpg\" alt=\"\" width=\"70\" height=\"70\" srcset=\"https:\/\/www.padreydecano.com\/cms\/wp-content\/uploads\/2012\/03\/el-gol-de-aguirre-contado-por-varios.jpg 70w, https:\/\/www.padreydecano.com\/cms\/wp-content\/uploads\/2012\/03\/el-gol-de-aguirre-contado-por-varios-36x36.jpg 36w\" sizes=\"(max-width: 70px) 100vw, 70px\" \/><\/a><\/td>\n<td style=\"text-align: justify;\" valign=\"top\"><strong><a href=\"https:\/\/www.padreydecano.com\/cms\/noticias\/el-gol-de-diego-aguirre-final-libertadores-1987\/\">El gol de Aguirre contado por varios<\/a><br \/>\n<\/strong>Hasta que lleg\u00f3 el milagro faltando apenas dos segundos para bajar el tel\u00f3n. El cabezazo de Viera, toque adentro de Villar, la filtraci\u00f3n por la izquierda de Aguirre&#8230;<br \/>\n<a href=\"https:\/\/www.padreydecano.com\/cms\/noticias\/el-gol-de-diego-aguirre-final-libertadores-1987\/\"><img loading=\"lazy\" decoding=\"async\" class=\"foto-sin-formato alignnone\" style=\"margin-top: 5px;\" src=\"https:\/\/www.padreydecano.com\/cms\/wp-users-files\/leer-mas.jpg\" alt=\"\" width=\"60\" height=\"12\" \/><\/a><\/td>\n<\/tr>\n<tr>\n<td valign=\"top\"><a href=\"https:\/\/www.padreydecano.com\/cms\/noticias\/penarol-campeon-de-america-revista-el-grafico\/\"><img loading=\"lazy\" decoding=\"async\" class=\"alignleft size-full wp-image-32582\" src=\"https:\/\/www.padreydecano.com\/cms\/wp-content\/uploads\/2012\/03\/el-grafico-lo-conto-asi.jpg\" alt=\"\" width=\"70\" height=\"70\" srcset=\"https:\/\/www.padreydecano.com\/cms\/wp-content\/uploads\/2012\/03\/el-grafico-lo-conto-asi.jpg 70w, https:\/\/www.padreydecano.com\/cms\/wp-content\/uploads\/2012\/03\/el-grafico-lo-conto-asi-36x36.jpg 36w\" sizes=\"(max-width: 70px) 100vw, 70px\" \/><\/a><\/td>\n<td style=\"text-align: justify;\" valign=\"top\"><strong><a href=\"https:\/\/www.padreydecano.com\/cms\/noticias\/penarol-campeon-de-america-revista-el-grafico\/\">La revista El Gr\u00e1fico lo cont\u00f3 as\u00ed<\/a><br \/>\n<\/strong>Con el t\u00edtulo de \u201cPe\u00f1arol de los Milagros\u201d, el famoso semanario deportivo argentino \u201cEl Gr\u00e1fico\u201d public\u00f3 la siguiente hermosa y emotiva nota de su enviado especial&#8230;<br \/>\n<a href=\"https:\/\/www.padreydecano.com\/cms\/noticias\/penarol-campeon-de-america-revista-el-grafico\/\"><img loading=\"lazy\" decoding=\"async\" class=\"foto-sin-formato alignnone\" style=\"margin-top: 5px;\" src=\"https:\/\/www.padreydecano.com\/cms\/wp-users-files\/leer-mas.jpg\" alt=\"\" width=\"60\" height=\"12\" \/><\/a><\/td>\n<\/tr>\n<\/tbody>\n<\/table>\n<\/div>\n","protected":false},"excerpt":{"rendered":"<p>Cuando comenzaba la copa ese a\u00f1o pocos apostaban por el equipo carbonero. Pe\u00f1arol contaba con un equipo muy joven pero a la vez muy valiente. Pocos cre\u00edan, s\u00f3lo los hinchas de Pe\u00f1arol y aquellos que conocen nuestra historia. Todos sabemos que en cualquier momento puede aparecer el \u201cPe\u00f1arol de los milagros\u201d. El a\u00f1o 1987 se [&hellip;]<\/p>\n","protected":false},"author":13,"featured_media":0,"parent":79,"menu_order":18,"comment_status":"open","ping_status":"open","template":"","meta":{"footnotes":""},"yoast_head":"<!-- This site is optimized with the Yoast SEO plugin v23.2 - https:\/\/yoast.com\/wordpress\/plugins\/seo\/ -->\n<title>Copa Libertadores 1987 - Padre y Decano - El Sitio del Pueblo<\/title>\n<meta name=\"robots\" content=\"index, follow, max-snippet:-1, max-image-preview:large, max-video-preview:-1\" \/>\n<link rel=\"canonical\" href=\"https:\/\/www.padreydecano.com\/cms\/campanas-historicas\/copa-libertadores-1987\/\" \/>\n<meta property=\"og:locale\" content=\"es_ES\" \/>\n<meta property=\"og:type\" content=\"article\" \/>\n<meta property=\"og:title\" content=\"Copa Libertadores 1987 - Padre y Decano - El Sitio del Pueblo\" \/>\n<meta property=\"og:description\" content=\"Cuando comenzaba la copa ese a\u00f1o pocos apostaban por el equipo carbonero. Pe\u00f1arol contaba con un equipo muy joven pero a la vez muy valiente. Pocos cre\u00edan, s\u00f3lo los hinchas de Pe\u00f1arol y aquellos que conocen nuestra historia. Todos sabemos que en cualquier momento puede aparecer el \u201cPe\u00f1arol de los milagros\u201d. El a\u00f1o 1987 se [&hellip;]\" \/>\n<meta property=\"og:url\" content=\"https:\/\/www.padreydecano.com\/cms\/campanas-historicas\/copa-libertadores-1987\/\" \/>\n<meta property=\"og:site_name\" content=\"Padre y Decano - El Sitio del Pueblo\" \/>\n<meta property=\"article:modified_time\" content=\"2022-11-01T02:27:07+00:00\" \/>\n<meta property=\"og:image\" content=\"http:\/\/www.padreydecano.com\/cms\/wp-content\/uploads\/2012\/03\/damiani_libertadores1987-300x208.jpg\" \/>\n<meta name=\"twitter:card\" content=\"summary_large_image\" \/>\n<meta name=\"twitter:label1\" content=\"Tiempo de lectura\" \/>\n\t<meta name=\"twitter:data1\" content=\"9 minutos\" \/>\n<script type=\"application\/ld+json\" class=\"yoast-schema-graph\">{\"@context\":\"https:\/\/schema.org\",\"@graph\":[{\"@type\":\"WebPage\",\"@id\":\"https:\/\/www.padreydecano.com\/cms\/campanas-historicas\/copa-libertadores-1987\/\",\"url\":\"https:\/\/www.padreydecano.com\/cms\/campanas-historicas\/copa-libertadores-1987\/\",\"name\":\"Copa Libertadores 1987 - Padre y Decano - El Sitio del Pueblo\",\"isPartOf\":{\"@id\":\"https:\/\/www.padreydecano.com\/cms\/#website\"},\"primaryImageOfPage\":{\"@id\":\"https:\/\/www.padreydecano.com\/cms\/campanas-historicas\/copa-libertadores-1987\/#primaryimage\"},\"image\":{\"@id\":\"https:\/\/www.padreydecano.com\/cms\/campanas-historicas\/copa-libertadores-1987\/#primaryimage\"},\"thumbnailUrl\":\"http:\/\/www.padreydecano.com\/cms\/wp-content\/uploads\/2012\/03\/damiani_libertadores1987-300x208.jpg\",\"datePublished\":\"2012-03-13T02:08:30+00:00\",\"dateModified\":\"2022-11-01T02:27:07+00:00\",\"breadcrumb\":{\"@id\":\"https:\/\/www.padreydecano.com\/cms\/campanas-historicas\/copa-libertadores-1987\/#breadcrumb\"},\"inLanguage\":\"es\",\"potentialAction\":[{\"@type\":\"ReadAction\",\"target\":[\"https:\/\/www.padreydecano.com\/cms\/campanas-historicas\/copa-libertadores-1987\/\"]}]},{\"@type\":\"ImageObject\",\"inLanguage\":\"es\",\"@id\":\"https:\/\/www.padreydecano.com\/cms\/campanas-historicas\/copa-libertadores-1987\/#primaryimage\",\"url\":\"https:\/\/www.padreydecano.com\/cms\/wp-content\/uploads\/2012\/03\/damiani_libertadores1987.jpg\",\"contentUrl\":\"https:\/\/www.padreydecano.com\/cms\/wp-content\/uploads\/2012\/03\/damiani_libertadores1987.jpg\",\"width\":\"720\",\"height\":\"500\"},{\"@type\":\"BreadcrumbList\",\"@id\":\"https:\/\/www.padreydecano.com\/cms\/campanas-historicas\/copa-libertadores-1987\/#breadcrumb\",\"itemListElement\":[{\"@type\":\"ListItem\",\"position\":1,\"name\":\"Portada\",\"item\":\"https:\/\/www.padreydecano.com\/cms\/\"},{\"@type\":\"ListItem\",\"position\":2,\"name\":\"Campa\u00f1as Hist\u00f3ricas\",\"item\":\"https:\/\/www.padreydecano.com\/cms\/campanas-historicas\/\"},{\"@type\":\"ListItem\",\"position\":3,\"name\":\"Copa Libertadores 1987\"}]},{\"@type\":\"WebSite\",\"@id\":\"https:\/\/www.padreydecano.com\/cms\/#website\",\"url\":\"https:\/\/www.padreydecano.com\/cms\/\",\"name\":\"Padre y Decano - El Sitio del Pueblo\",\"description\":\"Club Atl\u00e9tico Pe\u00f1arol\",\"publisher\":{\"@id\":\"https:\/\/www.padreydecano.com\/cms\/#organization\"},\"potentialAction\":[{\"@type\":\"SearchAction\",\"target\":{\"@type\":\"EntryPoint\",\"urlTemplate\":\"https:\/\/www.padreydecano.com\/cms\/?s={search_term_string}\"},\"query-input\":\"required name=search_term_string\"}],\"inLanguage\":\"es\"},{\"@type\":\"Organization\",\"@id\":\"https:\/\/www.padreydecano.com\/cms\/#organization\",\"name\":\"Padre y Decano\",\"url\":\"https:\/\/www.padreydecano.com\/cms\/\",\"logo\":{\"@type\":\"ImageObject\",\"inLanguage\":\"es\",\"@id\":\"https:\/\/www.padreydecano.com\/cms\/#\/schema\/logo\/image\/\",\"url\":\"https:\/\/www.padreydecano.com\/cms\/wp-content\/uploads\/2022\/01\/avatar-square.png\",\"contentUrl\":\"https:\/\/www.padreydecano.com\/cms\/wp-content\/uploads\/2022\/01\/avatar-square.png\",\"width\":1500,\"height\":1500,\"caption\":\"Padre y Decano\"},\"image\":{\"@id\":\"https:\/\/www.padreydecano.com\/cms\/#\/schema\/logo\/image\/\"}}]}<\/script>\n<!-- \/ Yoast SEO plugin. -->","yoast_head_json":{"title":"Copa Libertadores 1987 - Padre y Decano - El Sitio del Pueblo","robots":{"index":"index","follow":"follow","max-snippet":"max-snippet:-1","max-image-preview":"max-image-preview:large","max-video-preview":"max-video-preview:-1"},"canonical":"https:\/\/www.padreydecano.com\/cms\/campanas-historicas\/copa-libertadores-1987\/","og_locale":"es_ES","og_type":"article","og_title":"Copa Libertadores 1987 - Padre y Decano - El Sitio del Pueblo","og_description":"Cuando comenzaba la copa ese a\u00f1o pocos apostaban por el equipo carbonero. Pe\u00f1arol contaba con un equipo muy joven pero a la vez muy valiente. Pocos cre\u00edan, s\u00f3lo los hinchas de Pe\u00f1arol y aquellos que conocen nuestra historia. Todos sabemos que en cualquier momento puede aparecer el \u201cPe\u00f1arol de los milagros\u201d. El a\u00f1o 1987 se [&hellip;]","og_url":"https:\/\/www.padreydecano.com\/cms\/campanas-historicas\/copa-libertadores-1987\/","og_site_name":"Padre y Decano - El Sitio del Pueblo","article_modified_time":"2022-11-01T02:27:07+00:00","og_image":[{"url":"http:\/\/www.padreydecano.com\/cms\/wp-content\/uploads\/2012\/03\/damiani_libertadores1987-300x208.jpg"}],"twitter_card":"summary_large_image","twitter_misc":{"Tiempo de lectura":"9 minutos"},"schema":{"@context":"https:\/\/schema.org","@graph":[{"@type":"WebPage","@id":"https:\/\/www.padreydecano.com\/cms\/campanas-historicas\/copa-libertadores-1987\/","url":"https:\/\/www.padreydecano.com\/cms\/campanas-historicas\/copa-libertadores-1987\/","name":"Copa Libertadores 1987 - Padre y Decano - El Sitio del Pueblo","isPartOf":{"@id":"https:\/\/www.padreydecano.com\/cms\/#website"},"primaryImageOfPage":{"@id":"https:\/\/www.padreydecano.com\/cms\/campanas-historicas\/copa-libertadores-1987\/#primaryimage"},"image":{"@id":"https:\/\/www.padreydecano.com\/cms\/campanas-historicas\/copa-libertadores-1987\/#primaryimage"},"thumbnailUrl":"http:\/\/www.padreydecano.com\/cms\/wp-content\/uploads\/2012\/03\/damiani_libertadores1987-300x208.jpg","datePublished":"2012-03-13T02:08:30+00:00","dateModified":"2022-11-01T02:27:07+00:00","breadcrumb":{"@id":"https:\/\/www.padreydecano.com\/cms\/campanas-historicas\/copa-libertadores-1987\/#breadcrumb"},"inLanguage":"es","potentialAction":[{"@type":"ReadAction","target":["https:\/\/www.padreydecano.com\/cms\/campanas-historicas\/copa-libertadores-1987\/"]}]},{"@type":"ImageObject","inLanguage":"es","@id":"https:\/\/www.padreydecano.com\/cms\/campanas-historicas\/copa-libertadores-1987\/#primaryimage","url":"https:\/\/www.padreydecano.com\/cms\/wp-content\/uploads\/2012\/03\/damiani_libertadores1987.jpg","contentUrl":"https:\/\/www.padreydecano.com\/cms\/wp-content\/uploads\/2012\/03\/damiani_libertadores1987.jpg","width":"720","height":"500"},{"@type":"BreadcrumbList","@id":"https:\/\/www.padreydecano.com\/cms\/campanas-historicas\/copa-libertadores-1987\/#breadcrumb","itemListElement":[{"@type":"ListItem","position":1,"name":"Portada","item":"https:\/\/www.padreydecano.com\/cms\/"},{"@type":"ListItem","position":2,"name":"Campa\u00f1as Hist\u00f3ricas","item":"https:\/\/www.padreydecano.com\/cms\/campanas-historicas\/"},{"@type":"ListItem","position":3,"name":"Copa Libertadores 1987"}]},{"@type":"WebSite","@id":"https:\/\/www.padreydecano.com\/cms\/#website","url":"https:\/\/www.padreydecano.com\/cms\/","name":"Padre y Decano - El Sitio del Pueblo","description":"Club Atl\u00e9tico Pe\u00f1arol","publisher":{"@id":"https:\/\/www.padreydecano.com\/cms\/#organization"},"potentialAction":[{"@type":"SearchAction","target":{"@type":"EntryPoint","urlTemplate":"https:\/\/www.padreydecano.com\/cms\/?s={search_term_string}"},"query-input":"required name=search_term_string"}],"inLanguage":"es"},{"@type":"Organization","@id":"https:\/\/www.padreydecano.com\/cms\/#organization","name":"Padre y Decano","url":"https:\/\/www.padreydecano.com\/cms\/","logo":{"@type":"ImageObject","inLanguage":"es","@id":"https:\/\/www.padreydecano.com\/cms\/#\/schema\/logo\/image\/","url":"https:\/\/www.padreydecano.com\/cms\/wp-content\/uploads\/2022\/01\/avatar-square.png","contentUrl":"https:\/\/www.padreydecano.com\/cms\/wp-content\/uploads\/2022\/01\/avatar-square.png","width":1500,"height":1500,"caption":"Padre y Decano"},"image":{"@id":"https:\/\/www.padreydecano.com\/cms\/#\/schema\/logo\/image\/"}}]}},"_links":{"self":[{"href":"https:\/\/www.padreydecano.com\/cms\/wp-json\/wp\/v2\/pages\/13727"}],"collection":[{"href":"https:\/\/www.padreydecano.com\/cms\/wp-json\/wp\/v2\/pages"}],"about":[{"href":"https:\/\/www.padreydecano.com\/cms\/wp-json\/wp\/v2\/types\/page"}],"author":[{"embeddable":true,"href":"https:\/\/www.padreydecano.com\/cms\/wp-json\/wp\/v2\/users\/13"}],"replies":[{"embeddable":true,"href":"https:\/\/www.padreydecano.com\/cms\/wp-json\/wp\/v2\/comments?post=13727"}],"version-history":[{"count":0,"href":"https:\/\/www.padreydecano.com\/cms\/wp-json\/wp\/v2\/pages\/13727\/revisions"}],"up":[{"embeddable":true,"href":"https:\/\/www.padreydecano.com\/cms\/wp-json\/wp\/v2\/pages\/79"}],"wp:attachment":[{"href":"https:\/\/www.padreydecano.com\/cms\/wp-json\/wp\/v2\/media?parent=13727"}],"curies":[{"name":"wp","href":"https:\/\/api.w.org\/{rel}","templated":true}]}}