{"version":"1.0","provider_name":"Padre y Decano - El Sitio del Pueblo","provider_url":"https:\/\/www.padreydecano.com\/cms","title":"Pe\u00f1as que entregaron en la Campa\u00f1a del Abrigo - Padre y Decano - El Sitio del Pueblo","type":"rich","width":600,"height":338,"html":"<blockquote class=\"wp-embedded-content\" data-secret=\"Ya4MjOrF9F\"><a href=\"https:\/\/www.padreydecano.com\/cms\/penas\/penas-que-entregaron-la-campana-del-abrigo\/\">Pe\u00f1as que entregaron en la Campa\u00f1a del Abrigo<\/a><\/blockquote><iframe sandbox=\"allow-scripts\" security=\"restricted\" src=\"https:\/\/www.padreydecano.com\/cms\/penas\/penas-que-entregaron-la-campana-del-abrigo\/embed\/#?secret=Ya4MjOrF9F\" width=\"600\" height=\"338\" title=\"\u00abPe\u00f1as que entregaron en la Campa\u00f1a del Abrigo\u00bb \u2014 Padre y Decano - El Sitio del Pueblo\" data-secret=\"Ya4MjOrF9F\" frameborder=\"0\" marginwidth=\"0\" marginheight=\"0\" scrolling=\"no\" class=\"wp-embedded-content\"><\/iframe><script type=\"text\/javascript\">\n\/* <![CDATA[ *\/\n\/*! This file is auto-generated *\/\n!function(d,l){\"use strict\";l.querySelector&&d.addEventListener&&\"undefined\"!=typeof URL&&(d.wp=d.wp||{},d.wp.receiveEmbedMessage||(d.wp.receiveEmbedMessage=function(e){var t=e.data;if((t||t.secret||t.message||t.value)&&!\/[^a-zA-Z0-9]\/.test(t.secret)){for(var s,r,n,a=l.querySelectorAll('iframe[data-secret=\"'+t.secret+'\"]'),o=l.querySelectorAll('blockquote[data-secret=\"'+t.secret+'\"]'),c=new RegExp(\"^https?:$\",\"i\"),i=0;i<o.length;i++)o[i].style.display=\"none\";for(i=0;i<a.length;i++)s=a[i],e.source===s.contentWindow&&(s.removeAttribute(\"style\"),\"height\"===t.message?(1e3<(r=parseInt(t.value,10))?r=1e3:~~r<200&&(r=200),s.height=r):\"link\"===t.message&&(r=new URL(s.getAttribute(\"src\")),n=new URL(t.value),c.test(n.protocol))&&n.host===r.host&&l.activeElement===s&&(d.top.location.href=t.value))}},d.addEventListener(\"message\",d.wp.receiveEmbedMessage,!1),l.addEventListener(\"DOMContentLoaded\",function(){for(var e,t,s=l.querySelectorAll(\"iframe.wp-embedded-content\"),r=0;r<s.length;r++)(t=(e=s[r]).getAttribute(\"data-secret\"))||(t=Math.random().toString(36).substring(2,12),e.src+=\"#?secret=\"+t,e.setAttribute(\"data-secret\",t)),e.contentWindow.postMessage({message:\"ready\",secret:t},\"*\")},!1)))}(window,document);\n\/* ]]> *\/\n<\/script>\n","description":"Hace unas semanas la Comisi\u00f3n de Pe\u00f1as\u00a0lanz\u00f3 por tercer a\u00f1o consecutivo la Campa\u00f1a del Abrigo. Varias Pe\u00f1as se han sumado al gran acto solidario que conlleva recolectar prendas para todas las edades y donarlas a los centros m\u00e1s carenciados del departamento en el cual reciden. A continuaci\u00f3n les mostramos las Pe\u00f1as que al momento\u00a0entregaron la [&hellip;]","thumbnail_url":"https:\/\/www.padreydecano.com\/cms\/wp-content\/uploads\/2012\/05\/Pe\u00f1as-que-entregaron-la-Campa\u00f1a-del-Abrigo-01-150x150.jpg"}