{"version":"1.0","provider_name":"Padre y Decano - El Sitio del Pueblo","provider_url":"https:\/\/www.padreydecano.com\/cms","title":"Pe\u00f1a Mercedes realiz\u00f3 donaci\u00f3n de abrigo - Padre y Decano - El Sitio del Pueblo","type":"rich","width":600,"height":338,"html":"<blockquote class=\"wp-embedded-content\" data-secret=\"5NgjFmfIVh\"><a href=\"https:\/\/www.padreydecano.com\/cms\/penas\/pena-mercedes-realizo-donacion-de-abrigo\/\">Pe\u00f1a Mercedes realiz\u00f3 donaci\u00f3n de abrigo<\/a><\/blockquote><iframe sandbox=\"allow-scripts\" security=\"restricted\" src=\"https:\/\/www.padreydecano.com\/cms\/penas\/pena-mercedes-realizo-donacion-de-abrigo\/embed\/#?secret=5NgjFmfIVh\" width=\"600\" height=\"338\" title=\"\u00abPe\u00f1a Mercedes realiz\u00f3 donaci\u00f3n de abrigo\u00bb \u2014 Padre y Decano - El Sitio del Pueblo\" data-secret=\"5NgjFmfIVh\" frameborder=\"0\" marginwidth=\"0\" marginheight=\"0\" scrolling=\"no\" class=\"wp-embedded-content\"><\/iframe><script type=\"text\/javascript\">\n\/* <![CDATA[ *\/\n\/*! This file is auto-generated *\/\n!function(d,l){\"use strict\";l.querySelector&&d.addEventListener&&\"undefined\"!=typeof URL&&(d.wp=d.wp||{},d.wp.receiveEmbedMessage||(d.wp.receiveEmbedMessage=function(e){var t=e.data;if((t||t.secret||t.message||t.value)&&!\/[^a-zA-Z0-9]\/.test(t.secret)){for(var s,r,n,a=l.querySelectorAll('iframe[data-secret=\"'+t.secret+'\"]'),o=l.querySelectorAll('blockquote[data-secret=\"'+t.secret+'\"]'),c=new RegExp(\"^https?:$\",\"i\"),i=0;i<o.length;i++)o[i].style.display=\"none\";for(i=0;i<a.length;i++)s=a[i],e.source===s.contentWindow&&(s.removeAttribute(\"style\"),\"height\"===t.message?(1e3<(r=parseInt(t.value,10))?r=1e3:~~r<200&&(r=200),s.height=r):\"link\"===t.message&&(r=new URL(s.getAttribute(\"src\")),n=new URL(t.value),c.test(n.protocol))&&n.host===r.host&&l.activeElement===s&&(d.top.location.href=t.value))}},d.addEventListener(\"message\",d.wp.receiveEmbedMessage,!1),l.addEventListener(\"DOMContentLoaded\",function(){for(var e,t,s=l.querySelectorAll(\"iframe.wp-embedded-content\"),r=0;r<s.length;r++)(t=(e=s[r]).getAttribute(\"data-secret\"))||(t=Math.random().toString(36).substring(2,12),e.src+=\"#?secret=\"+t,e.setAttribute(\"data-secret\",t)),e.contentWindow.postMessage({message:\"ready\",secret:t},\"*\")},!1)))}(window,document);\n\/* ]]> *\/\n<\/script>\n","thumbnail_url":"https:\/\/www.padreydecano.com\/cms\/wp-content\/uploads\/2012\/07\/foto-110.jpg","thumbnail_width":"718","thumbnail_height":"540","description":"La Pe\u00f1a de Mercedes\u00a0\u00abPablo y Diego Forlan\u00a0&#8216;Barra Mercedes\u00bb\u00a0se unieron\u00a0a la Campa\u00f1a del Abrigo durante este invierno y\u00a0Padre y Decano\u00a0dialog\u00f3 con\u00a0Fabio\u00a0Garcilazo,\u00a0integrante de la\u00a0Pe\u00f1a de Mercedes, para contarnos de la movida. \u00bfC\u00f3mo surgi\u00f3 la idea de llevar adelante esta campa\u00f1a? Este es el segundo a\u00f1o que realizamos la campa\u00f1a del abrigo. Nos gust\u00f3 la misma idea de [&hellip;]"}