{"version":"1.0","provider_name":"Padre y Decano - El Sitio del Pueblo","provider_url":"https:\/\/www.padreydecano.com\/cms","title":"Pe\u00f1a Cord\u00f3n: Pe\u00f1arol como instituci\u00f3n social - Padre y Decano - El Sitio del Pueblo","type":"rich","width":600,"height":338,"html":"<blockquote class=\"wp-embedded-content\" data-secret=\"qXhxDwCdBS\"><a href=\"https:\/\/www.padreydecano.com\/cms\/penas\/pena-cordon-penarol-como-institucion-social\/\">Pe\u00f1a Cord\u00f3n: Pe\u00f1arol como instituci\u00f3n social<\/a><\/blockquote><iframe sandbox=\"allow-scripts\" security=\"restricted\" src=\"https:\/\/www.padreydecano.com\/cms\/penas\/pena-cordon-penarol-como-institucion-social\/embed\/#?secret=qXhxDwCdBS\" width=\"600\" height=\"338\" title=\"\u00abPe\u00f1a Cord\u00f3n: Pe\u00f1arol como instituci\u00f3n social\u00bb \u2014 Padre y Decano - El Sitio del Pueblo\" data-secret=\"qXhxDwCdBS\" frameborder=\"0\" marginwidth=\"0\" marginheight=\"0\" scrolling=\"no\" class=\"wp-embedded-content\"><\/iframe><script type=\"text\/javascript\">\n\/* <![CDATA[ *\/\n\/*! This file is auto-generated *\/\n!function(d,l){\"use strict\";l.querySelector&&d.addEventListener&&\"undefined\"!=typeof URL&&(d.wp=d.wp||{},d.wp.receiveEmbedMessage||(d.wp.receiveEmbedMessage=function(e){var t=e.data;if((t||t.secret||t.message||t.value)&&!\/[^a-zA-Z0-9]\/.test(t.secret)){for(var s,r,n,a=l.querySelectorAll('iframe[data-secret=\"'+t.secret+'\"]'),o=l.querySelectorAll('blockquote[data-secret=\"'+t.secret+'\"]'),c=new RegExp(\"^https?:$\",\"i\"),i=0;i<o.length;i++)o[i].style.display=\"none\";for(i=0;i<a.length;i++)s=a[i],e.source===s.contentWindow&&(s.removeAttribute(\"style\"),\"height\"===t.message?(1e3<(r=parseInt(t.value,10))?r=1e3:~~r<200&&(r=200),s.height=r):\"link\"===t.message&&(r=new URL(s.getAttribute(\"src\")),n=new URL(t.value),c.test(n.protocol))&&n.host===r.host&&l.activeElement===s&&(d.top.location.href=t.value))}},d.addEventListener(\"message\",d.wp.receiveEmbedMessage,!1),l.addEventListener(\"DOMContentLoaded\",function(){for(var e,t,s=l.querySelectorAll(\"iframe.wp-embedded-content\"),r=0;r<s.length;r++)(t=(e=s[r]).getAttribute(\"data-secret\"))||(t=Math.random().toString(36).substring(2,12),e.src+=\"#?secret=\"+t,e.setAttribute(\"data-secret\",t)),e.contentWindow.postMessage({message:\"ready\",secret:t},\"*\")},!1)))}(window,document);\n\/* ]]> *\/\n<\/script>\n","thumbnail_url":"https:\/\/www.padreydecano.com\/cms\/wp-content\/uploads\/2019\/03\/IMG_20190311_114759.jpg","thumbnail_width":1024,"thumbnail_height":768,"description":"De Montevideo a Artigas. De Uruguay al mundo. Pe\u00f1arol tiene una gran cantidad de agrupaciones de hinchas que se han creado para unir carboneros de diferentes rincones del pa\u00eds, como tambi\u00e9n, agrandar el nombre de Pe\u00f1arol como instituci\u00f3n social. La Pe\u00f1a Cord\u00f3n, o mejor llamada Gast\u00f3n G\u00fcelfi (en honor al ex presidente de Pe\u00f1arol, qui\u00e9n [&hellip;]"}