{"version":"1.0","provider_name":"Padre y Decano - El Sitio del Pueblo","provider_url":"https:\/\/www.padreydecano.com\/cms","title":"Las Pe\u00f1as colaboraron con la Telet\u00f3n - Padre y Decano - El Sitio del Pueblo","type":"rich","width":600,"height":338,"html":"<blockquote class=\"wp-embedded-content\" data-secret=\"iGmUuW9Nt5\"><a href=\"https:\/\/www.padreydecano.com\/cms\/penas\/las-penas-colaboraron-con-la-teleton\/\">Las Pe\u00f1as colaboraron con la Telet\u00f3n<\/a><\/blockquote><iframe sandbox=\"allow-scripts\" security=\"restricted\" src=\"https:\/\/www.padreydecano.com\/cms\/penas\/las-penas-colaboraron-con-la-teleton\/embed\/#?secret=iGmUuW9Nt5\" width=\"600\" height=\"338\" title=\"\u00abLas Pe\u00f1as colaboraron con la Telet\u00f3n\u00bb \u2014 Padre y Decano - El Sitio del Pueblo\" data-secret=\"iGmUuW9Nt5\" frameborder=\"0\" marginwidth=\"0\" marginheight=\"0\" scrolling=\"no\" class=\"wp-embedded-content\"><\/iframe><script type=\"text\/javascript\">\n\/* <![CDATA[ *\/\n\/*! This file is auto-generated *\/\n!function(d,l){\"use strict\";l.querySelector&&d.addEventListener&&\"undefined\"!=typeof URL&&(d.wp=d.wp||{},d.wp.receiveEmbedMessage||(d.wp.receiveEmbedMessage=function(e){var t=e.data;if((t||t.secret||t.message||t.value)&&!\/[^a-zA-Z0-9]\/.test(t.secret)){for(var s,r,n,a=l.querySelectorAll('iframe[data-secret=\"'+t.secret+'\"]'),o=l.querySelectorAll('blockquote[data-secret=\"'+t.secret+'\"]'),c=new RegExp(\"^https?:$\",\"i\"),i=0;i<o.length;i++)o[i].style.display=\"none\";for(i=0;i<a.length;i++)s=a[i],e.source===s.contentWindow&&(s.removeAttribute(\"style\"),\"height\"===t.message?(1e3<(r=parseInt(t.value,10))?r=1e3:~~r<200&&(r=200),s.height=r):\"link\"===t.message&&(r=new URL(s.getAttribute(\"src\")),n=new URL(t.value),c.test(n.protocol))&&n.host===r.host&&l.activeElement===s&&(d.top.location.href=t.value))}},d.addEventListener(\"message\",d.wp.receiveEmbedMessage,!1),l.addEventListener(\"DOMContentLoaded\",function(){for(var e,t,s=l.querySelectorAll(\"iframe.wp-embedded-content\"),r=0;r<s.length;r++)(t=(e=s[r]).getAttribute(\"data-secret\"))||(t=Math.random().toString(36).substring(2,12),e.src+=\"#?secret=\"+t,e.setAttribute(\"data-secret\",t)),e.contentWindow.postMessage({message:\"ready\",secret:t},\"*\")},!1)))}(window,document);\n\/* ]]> *\/\n<\/script>\n","description":"En el marco de una nueva edici\u00f3n de la Telet\u00f3n, 48 Pe\u00f1as de Montevideo y el Interior del pa\u00eds recolectaron fondos en 60 alcanc\u00edas que fueron entregadas hoy en el Palacio Pe\u00f1arol. En total se recaudaron \u00a0$201.550. Como viene sucediendo hace bastante tiempo, el club apuesta fuerte a la responsabilidad social, el compromiso y la [&hellip;]","thumbnail_url":"http:\/\/www.padreydecano.com\/cms\/wp-content\/uploads\/2016\/12\/pe\u00f1as-alcancias-600x393.png"}