{"version":"1.0","provider_name":"Padre y Decano - El Sitio del Pueblo","provider_url":"https:\/\/www.padreydecano.com\/cms","title":"Volvi\u00f3 la Pe\u00f1a Buceo - Padre y Decano - El Sitio del Pueblo","type":"rich","width":600,"height":338,"html":"<blockquote class=\"wp-embedded-content\" data-secret=\"RHHj3gjbT6\"><a href=\"https:\/\/www.padreydecano.com\/cms\/noticias\/volvio-la-pena-buceo\/\">Volvi\u00f3 la Pe\u00f1a Buceo<\/a><\/blockquote><iframe sandbox=\"allow-scripts\" security=\"restricted\" src=\"https:\/\/www.padreydecano.com\/cms\/noticias\/volvio-la-pena-buceo\/embed\/#?secret=RHHj3gjbT6\" width=\"600\" height=\"338\" title=\"\u00abVolvi\u00f3 la Pe\u00f1a Buceo\u00bb \u2014 Padre y Decano - El Sitio del Pueblo\" data-secret=\"RHHj3gjbT6\" frameborder=\"0\" marginwidth=\"0\" marginheight=\"0\" scrolling=\"no\" class=\"wp-embedded-content\"><\/iframe><script type=\"text\/javascript\">\n\/* <![CDATA[ *\/\n\/*! This file is auto-generated *\/\n!function(d,l){\"use strict\";l.querySelector&&d.addEventListener&&\"undefined\"!=typeof URL&&(d.wp=d.wp||{},d.wp.receiveEmbedMessage||(d.wp.receiveEmbedMessage=function(e){var t=e.data;if((t||t.secret||t.message||t.value)&&!\/[^a-zA-Z0-9]\/.test(t.secret)){for(var s,r,n,a=l.querySelectorAll('iframe[data-secret=\"'+t.secret+'\"]'),o=l.querySelectorAll('blockquote[data-secret=\"'+t.secret+'\"]'),c=new RegExp(\"^https?:$\",\"i\"),i=0;i<o.length;i++)o[i].style.display=\"none\";for(i=0;i<a.length;i++)s=a[i],e.source===s.contentWindow&&(s.removeAttribute(\"style\"),\"height\"===t.message?(1e3<(r=parseInt(t.value,10))?r=1e3:~~r<200&&(r=200),s.height=r):\"link\"===t.message&&(r=new URL(s.getAttribute(\"src\")),n=new URL(t.value),c.test(n.protocol))&&n.host===r.host&&l.activeElement===s&&(d.top.location.href=t.value))}},d.addEventListener(\"message\",d.wp.receiveEmbedMessage,!1),l.addEventListener(\"DOMContentLoaded\",function(){for(var e,t,s=l.querySelectorAll(\"iframe.wp-embedded-content\"),r=0;r<s.length;r++)(t=(e=s[r]).getAttribute(\"data-secret\"))||(t=Math.random().toString(36).substring(2,12),e.src+=\"#?secret=\"+t,e.setAttribute(\"data-secret\",t)),e.contentWindow.postMessage({message:\"ready\",secret:t},\"*\")},!1)))}(window,document);\n\/* ]]> *\/\n<\/script>\n","thumbnail_url":"https:\/\/www.padreydecano.com\/cms\/wp-content\/uploads\/2019\/04\/D2HTp6nXQAApf1w.jpg","thumbnail_width":654,"thumbnail_height":462,"description":"Continuando con la intensa actividad que realizan las Pe\u00f1as durante todo el a\u00f1o, en este 2019 se volvi\u00f3 a sumar la Pe\u00f1a del barrio Buceo, por este motivo charlamos con Mart\u00edn, uno de sus integrantes, que nos cont\u00f3 un poco m\u00e1s sobre la misma. \u00bfPor qu\u00e9 surgi\u00f3 la reapertura? \u00abVarios integrantes de la pe\u00f1a vamos [&hellip;]"}