{"version":"1.0","provider_name":"Padre y Decano - El Sitio del Pueblo","provider_url":"https:\/\/www.padreydecano.com\/cms","title":"Sancho Gracia, espa\u00f1ol simpatizante de Pe\u00f1arol - Padre y Decano - El Sitio del Pueblo","type":"rich","width":600,"height":338,"html":"<blockquote class=\"wp-embedded-content\" data-secret=\"TCWwf0LNs0\"><a href=\"https:\/\/www.padreydecano.com\/cms\/noticias\/sancho-gracia-actor-espanol-simpatizante-de-penarol\/\">Sancho Gracia, espa\u00f1ol simpatizante de Pe\u00f1arol<\/a><\/blockquote><iframe sandbox=\"allow-scripts\" security=\"restricted\" src=\"https:\/\/www.padreydecano.com\/cms\/noticias\/sancho-gracia-actor-espanol-simpatizante-de-penarol\/embed\/#?secret=TCWwf0LNs0\" width=\"600\" height=\"338\" title=\"\u00abSancho Gracia, espa\u00f1ol simpatizante de Pe\u00f1arol\u00bb \u2014 Padre y Decano - El Sitio del Pueblo\" data-secret=\"TCWwf0LNs0\" frameborder=\"0\" marginwidth=\"0\" marginheight=\"0\" scrolling=\"no\" class=\"wp-embedded-content\"><\/iframe><script type=\"text\/javascript\">\n\/* <![CDATA[ *\/\n\/*! This file is auto-generated *\/\n!function(d,l){\"use strict\";l.querySelector&&d.addEventListener&&\"undefined\"!=typeof URL&&(d.wp=d.wp||{},d.wp.receiveEmbedMessage||(d.wp.receiveEmbedMessage=function(e){var t=e.data;if((t||t.secret||t.message||t.value)&&!\/[^a-zA-Z0-9]\/.test(t.secret)){for(var s,r,n,a=l.querySelectorAll('iframe[data-secret=\"'+t.secret+'\"]'),o=l.querySelectorAll('blockquote[data-secret=\"'+t.secret+'\"]'),c=new RegExp(\"^https?:$\",\"i\"),i=0;i<o.length;i++)o[i].style.display=\"none\";for(i=0;i<a.length;i++)s=a[i],e.source===s.contentWindow&&(s.removeAttribute(\"style\"),\"height\"===t.message?(1e3<(r=parseInt(t.value,10))?r=1e3:~~r<200&&(r=200),s.height=r):\"link\"===t.message&&(r=new URL(s.getAttribute(\"src\")),n=new URL(t.value),c.test(n.protocol))&&n.host===r.host&&l.activeElement===s&&(d.top.location.href=t.value))}},d.addEventListener(\"message\",d.wp.receiveEmbedMessage,!1),l.addEventListener(\"DOMContentLoaded\",function(){for(var e,t,s=l.querySelectorAll(\"iframe.wp-embedded-content\"),r=0;r<s.length;r++)(t=(e=s[r]).getAttribute(\"data-secret\"))||(t=Math.random().toString(36).substring(2,12),e.src+=\"#?secret=\"+t,e.setAttribute(\"data-secret\",t)),e.contentWindow.postMessage({message:\"ready\",secret:t},\"*\")},!1)))}(window,document);\n\/* ]]> *\/\n<\/script>\n","thumbnail_url":"https:\/\/www.padreydecano.com\/cms\/wp-content\/uploads\/2012\/08\/sancho.jpg","thumbnail_width":"768","thumbnail_height":"432","description":"A primera hora de la ma\u00f1ana, nos encontramos con la triste noticia del fallecimiento del actor espa\u00f1ol Sancho Gracia, recordado como el bandolero &#8216;Curro Jim\u00e9nez&#8217;.\u00a0Muri\u00f3 a los 75 a\u00f1os tras una larga lucha contra el c\u00e1ncer.\u00a0Nacido en Madrid en 1936, Sancho Gracia hab\u00eda emigrado durante la posguerra civil espa\u00f1ola con su familia a Uruguay, donde [&hellip;]"}