{"version":"1.0","provider_name":"Padre y Decano - El Sitio del Pueblo","provider_url":"https:\/\/www.padreydecano.com\/cms","title":"Rodrigo Abascal es aurinegro - Padre y Decano - El Sitio del Pueblo","type":"rich","width":600,"height":338,"html":"<blockquote class=\"wp-embedded-content\" data-secret=\"P1U55b4Vmh\"><a href=\"https:\/\/www.padreydecano.com\/cms\/noticias\/rodrigo-abascal-es-aurinegro\/\">Rodrigo Abascal es aurinegro<\/a><\/blockquote><iframe sandbox=\"allow-scripts\" security=\"restricted\" src=\"https:\/\/www.padreydecano.com\/cms\/noticias\/rodrigo-abascal-es-aurinegro\/embed\/#?secret=P1U55b4Vmh\" width=\"600\" height=\"338\" title=\"\u00abRodrigo Abascal es aurinegro\u00bb \u2014 Padre y Decano - El Sitio del Pueblo\" data-secret=\"P1U55b4Vmh\" frameborder=\"0\" marginwidth=\"0\" marginheight=\"0\" scrolling=\"no\" class=\"wp-embedded-content\"><\/iframe><script type=\"text\/javascript\">\n\/* <![CDATA[ *\/\n\/*! This file is auto-generated *\/\n!function(d,l){\"use strict\";l.querySelector&&d.addEventListener&&\"undefined\"!=typeof URL&&(d.wp=d.wp||{},d.wp.receiveEmbedMessage||(d.wp.receiveEmbedMessage=function(e){var t=e.data;if((t||t.secret||t.message||t.value)&&!\/[^a-zA-Z0-9]\/.test(t.secret)){for(var s,r,n,a=l.querySelectorAll('iframe[data-secret=\"'+t.secret+'\"]'),o=l.querySelectorAll('blockquote[data-secret=\"'+t.secret+'\"]'),c=new RegExp(\"^https?:$\",\"i\"),i=0;i<o.length;i++)o[i].style.display=\"none\";for(i=0;i<a.length;i++)s=a[i],e.source===s.contentWindow&&(s.removeAttribute(\"style\"),\"height\"===t.message?(1e3<(r=parseInt(t.value,10))?r=1e3:~~r<200&&(r=200),s.height=r):\"link\"===t.message&&(r=new URL(s.getAttribute(\"src\")),n=new URL(t.value),c.test(n.protocol))&&n.host===r.host&&l.activeElement===s&&(d.top.location.href=t.value))}},d.addEventListener(\"message\",d.wp.receiveEmbedMessage,!1),l.addEventListener(\"DOMContentLoaded\",function(){for(var e,t,s=l.querySelectorAll(\"iframe.wp-embedded-content\"),r=0;r<s.length;r++)(t=(e=s[r]).getAttribute(\"data-secret\"))||(t=Math.random().toString(36).substring(2,12),e.src+=\"#?secret=\"+t,e.setAttribute(\"data-secret\",t)),e.contentWindow.postMessage({message:\"ready\",secret:t},\"*\")},!1)))}(window,document);\n\/* ]]> *\/\n<\/script>\n","thumbnail_url":"https:\/\/www.padreydecano.com\/cms\/wp-content\/uploads\/2019\/07\/Abascal.png","thumbnail_width":1474,"thumbnail_height":962,"description":"Adem\u00e1s de Gabriel Rojas, se sumar\u00e1 Rodrigo Abascal al plantel de Diego L\u00f3pez, para enfrentar el segundo semestre del a\u00f1o. El zaguero de 25 a\u00f1os proveniente de F\u00e9nix, firmar\u00e1 contrato por 2 a\u00f1os con la entidad decana. Junto a Fabricio Formiliano, Enzo Mart\u00ednez y Juan Izquierdo, ser\u00e1n los defensas centrales con los que Diego L\u00f3pez [&hellip;]"}