{"version":"1.0","provider_name":"Padre y Decano - El Sitio del Pueblo","provider_url":"https:\/\/www.padreydecano.com\/cms","title":"Pe\u00f1arol entren\u00f3 a puertas cerradas - Padre y Decano - El Sitio del Pueblo","type":"rich","width":600,"height":338,"html":"<blockquote class=\"wp-embedded-content\" data-secret=\"eDNIk6iUU2\"><a href=\"https:\/\/www.padreydecano.com\/cms\/noticias\/penarol-entreno-a-puertas-cerradas\/\">Pe\u00f1arol entren\u00f3 a puertas cerradas<\/a><\/blockquote><iframe sandbox=\"allow-scripts\" security=\"restricted\" src=\"https:\/\/www.padreydecano.com\/cms\/noticias\/penarol-entreno-a-puertas-cerradas\/embed\/#?secret=eDNIk6iUU2\" width=\"600\" height=\"338\" title=\"\u00abPe\u00f1arol entren\u00f3 a puertas cerradas\u00bb \u2014 Padre y Decano - El Sitio del Pueblo\" data-secret=\"eDNIk6iUU2\" frameborder=\"0\" marginwidth=\"0\" marginheight=\"0\" scrolling=\"no\" class=\"wp-embedded-content\"><\/iframe><script type=\"text\/javascript\">\n\/* <![CDATA[ *\/\n\/*! This file is auto-generated *\/\n!function(d,l){\"use strict\";l.querySelector&&d.addEventListener&&\"undefined\"!=typeof URL&&(d.wp=d.wp||{},d.wp.receiveEmbedMessage||(d.wp.receiveEmbedMessage=function(e){var t=e.data;if((t||t.secret||t.message||t.value)&&!\/[^a-zA-Z0-9]\/.test(t.secret)){for(var s,r,n,a=l.querySelectorAll('iframe[data-secret=\"'+t.secret+'\"]'),o=l.querySelectorAll('blockquote[data-secret=\"'+t.secret+'\"]'),c=new RegExp(\"^https?:$\",\"i\"),i=0;i<o.length;i++)o[i].style.display=\"none\";for(i=0;i<a.length;i++)s=a[i],e.source===s.contentWindow&&(s.removeAttribute(\"style\"),\"height\"===t.message?(1e3<(r=parseInt(t.value,10))?r=1e3:~~r<200&&(r=200),s.height=r):\"link\"===t.message&&(r=new URL(s.getAttribute(\"src\")),n=new URL(t.value),c.test(n.protocol))&&n.host===r.host&&l.activeElement===s&&(d.top.location.href=t.value))}},d.addEventListener(\"message\",d.wp.receiveEmbedMessage,!1),l.addEventListener(\"DOMContentLoaded\",function(){for(var e,t,s=l.querySelectorAll(\"iframe.wp-embedded-content\"),r=0;r<s.length;r++)(t=(e=s[r]).getAttribute(\"data-secret\"))||(t=Math.random().toString(36).substring(2,12),e.src+=\"#?secret=\"+t,e.setAttribute(\"data-secret\",t)),e.contentWindow.postMessage({message:\"ready\",secret:t},\"*\")},!1)))}(window,document);\n\/* ]]> *\/\n<\/script>\n","thumbnail_url":"https:\/\/www.padreydecano.com\/cms\/wp-content\/uploads\/2020\/01\/WhatsApp-Image-2020-01-07-at-10.03.36.jpg","thumbnail_width":900,"thumbnail_height":599,"description":"El equipo de Diego Forl\u00e1n est\u00e1 en formaci\u00f3n, pero el nuevo t\u00e9cnico hace los primeros movimientos t\u00e1cticos en cancha. Hubo trabajos de definici\u00f3n en el Estadio Campe\u00f3n Del Siglo. Ma\u00f1ana calurosa en la que el DT estuvo presente en el CAR (Centro de Alto Rendimiento) donde empez\u00f3 a trabajar la Tercera Divisi\u00f3n, que conduce Ra\u00fal [&hellip;]"}