{"version":"1.0","provider_name":"Padre y Decano - El Sitio del Pueblo","provider_url":"https:\/\/www.padreydecano.com\/cms","title":"Mi\u00e9rcoles en el gimnasio; hoy t\u00e1ctico - Padre y Decano - El Sitio del Pueblo","type":"rich","width":600,"height":338,"html":"<blockquote class=\"wp-embedded-content\" data-secret=\"XrunnMIQ30\"><a href=\"https:\/\/www.padreydecano.com\/cms\/noticias\/miercoles-en-el-gimnasio\/\">Mi\u00e9rcoles en el gimnasio; hoy t\u00e1ctico<\/a><\/blockquote><iframe sandbox=\"allow-scripts\" security=\"restricted\" src=\"https:\/\/www.padreydecano.com\/cms\/noticias\/miercoles-en-el-gimnasio\/embed\/#?secret=XrunnMIQ30\" width=\"600\" height=\"338\" title=\"\u00abMi\u00e9rcoles en el gimnasio; hoy t\u00e1ctico\u00bb \u2014 Padre y Decano - El Sitio del Pueblo\" data-secret=\"XrunnMIQ30\" frameborder=\"0\" marginwidth=\"0\" marginheight=\"0\" scrolling=\"no\" class=\"wp-embedded-content\"><\/iframe><script type=\"text\/javascript\">\n\/* <![CDATA[ *\/\n\/*! This file is auto-generated *\/\n!function(d,l){\"use strict\";l.querySelector&&d.addEventListener&&\"undefined\"!=typeof URL&&(d.wp=d.wp||{},d.wp.receiveEmbedMessage||(d.wp.receiveEmbedMessage=function(e){var t=e.data;if((t||t.secret||t.message||t.value)&&!\/[^a-zA-Z0-9]\/.test(t.secret)){for(var s,r,n,a=l.querySelectorAll('iframe[data-secret=\"'+t.secret+'\"]'),o=l.querySelectorAll('blockquote[data-secret=\"'+t.secret+'\"]'),c=new RegExp(\"^https?:$\",\"i\"),i=0;i<o.length;i++)o[i].style.display=\"none\";for(i=0;i<a.length;i++)s=a[i],e.source===s.contentWindow&&(s.removeAttribute(\"style\"),\"height\"===t.message?(1e3<(r=parseInt(t.value,10))?r=1e3:~~r<200&&(r=200),s.height=r):\"link\"===t.message&&(r=new URL(s.getAttribute(\"src\")),n=new URL(t.value),c.test(n.protocol))&&n.host===r.host&&l.activeElement===s&&(d.top.location.href=t.value))}},d.addEventListener(\"message\",d.wp.receiveEmbedMessage,!1),l.addEventListener(\"DOMContentLoaded\",function(){for(var e,t,s=l.querySelectorAll(\"iframe.wp-embedded-content\"),r=0;r<s.length;r++)(t=(e=s[r]).getAttribute(\"data-secret\"))||(t=Math.random().toString(36).substring(2,12),e.src+=\"#?secret=\"+t,e.setAttribute(\"data-secret\",t)),e.contentWindow.postMessage({message:\"ready\",secret:t},\"*\")},!1)))}(window,document);\n\/* ]]> *\/\n<\/script>\n","thumbnail_url":"https:\/\/www.padreydecano.com\/cms\/wp-content\/uploads\/2011\/11\/388831_305415262801834_126612594015436_1289973_777508901_n.jpg","thumbnail_width":"677","thumbnail_height":"472","description":"El temporal s\u00ed afect\u00f3 la planificaci\u00f3n del Polilla y los entrenamientos estipulados para el mi\u00e9rcoles. El doble horario se transform\u00f3 en trabajos en el gimnasio bajo las \u00f3rdenes del Prof. Pablo Placeres, mientras que el trabajo t\u00e1ctico qued\u00f3 para hoy. Lo que se puede especular es con el regreso de Marcelo Zalayeta a la oncena [&hellip;]"}