{"version":"1.0","provider_name":"Padre y Decano - El Sitio del Pueblo","provider_url":"https:\/\/www.padreydecano.com\/cms","title":"La gesti\u00f3n T\u00edo S\u00e1nchez - Padre y Decano - El Sitio del Pueblo","type":"rich","width":600,"height":338,"html":"<blockquote class=\"wp-embedded-content\" data-secret=\"BGlkMPFI2h\"><a href=\"https:\/\/www.padreydecano.com\/cms\/noticias\/la-gestion-tio-sanchez\/\">La gesti\u00f3n T\u00edo S\u00e1nchez<\/a><\/blockquote><iframe sandbox=\"allow-scripts\" security=\"restricted\" src=\"https:\/\/www.padreydecano.com\/cms\/noticias\/la-gestion-tio-sanchez\/embed\/#?secret=BGlkMPFI2h\" width=\"600\" height=\"338\" title=\"\u00abLa gesti\u00f3n T\u00edo S\u00e1nchez\u00bb \u2014 Padre y Decano - El Sitio del Pueblo\" data-secret=\"BGlkMPFI2h\" frameborder=\"0\" marginwidth=\"0\" marginheight=\"0\" scrolling=\"no\" class=\"wp-embedded-content\"><\/iframe><script type=\"text\/javascript\">\n\/* <![CDATA[ *\/\n\/*! This file is auto-generated *\/\n!function(d,l){\"use strict\";l.querySelector&&d.addEventListener&&\"undefined\"!=typeof URL&&(d.wp=d.wp||{},d.wp.receiveEmbedMessage||(d.wp.receiveEmbedMessage=function(e){var t=e.data;if((t||t.secret||t.message||t.value)&&!\/[^a-zA-Z0-9]\/.test(t.secret)){for(var s,r,n,a=l.querySelectorAll('iframe[data-secret=\"'+t.secret+'\"]'),o=l.querySelectorAll('blockquote[data-secret=\"'+t.secret+'\"]'),c=new RegExp(\"^https?:$\",\"i\"),i=0;i<o.length;i++)o[i].style.display=\"none\";for(i=0;i<a.length;i++)s=a[i],e.source===s.contentWindow&&(s.removeAttribute(\"style\"),\"height\"===t.message?(1e3<(r=parseInt(t.value,10))?r=1e3:~~r<200&&(r=200),s.height=r):\"link\"===t.message&&(r=new URL(s.getAttribute(\"src\")),n=new URL(t.value),c.test(n.protocol))&&n.host===r.host&&l.activeElement===s&&(d.top.location.href=t.value))}},d.addEventListener(\"message\",d.wp.receiveEmbedMessage,!1),l.addEventListener(\"DOMContentLoaded\",function(){for(var e,t,s=l.querySelectorAll(\"iframe.wp-embedded-content\"),r=0;r<s.length;r++)(t=(e=s[r]).getAttribute(\"data-secret\"))||(t=Math.random().toString(36).substring(2,12),e.src+=\"#?secret=\"+t,e.setAttribute(\"data-secret\",t)),e.contentWindow.postMessage({message:\"ready\",secret:t},\"*\")},!1)))}(window,document);\n\/* ]]> *\/\n<\/script>\n","thumbnail_url":"https:\/\/www.padreydecano.com\/cms\/wp-content\/uploads\/2019\/09\/IMG_0176.jpg","thumbnail_width":900,"thumbnail_height":600,"description":"\u201cEste es el mejor per\u00edodo de pases\u201d. As\u00ed lo describi\u00f3 nuestro gerente deportivo, Carlos \u201cT\u00edo\u201d S\u00e1nchez, el d\u00eda antes de comenzar el Torneo Intermedio, cuando muchos de nosotros quer\u00edamos hacer notar la gravedad del desmantelamiento del primer equipo. Un plantel al que ya no le hab\u00eda sobrado nada en el Apertura (32 puntos de 45), [&hellip;]"}