{"version":"1.0","provider_name":"Padre y Decano - El Sitio del Pueblo","provider_url":"https:\/\/www.padreydecano.com\/cms","title":"Kevin Dawson baja ante F\u00e9nix - Padre y Decano - El Sitio del Pueblo","type":"rich","width":600,"height":338,"html":"<blockquote class=\"wp-embedded-content\" data-secret=\"gg3q2kiVyl\"><a href=\"https:\/\/www.padreydecano.com\/cms\/noticias\/kevin-dawson-baja-ante-fenix\/\">Kevin Dawson baja ante F\u00e9nix<\/a><\/blockquote><iframe sandbox=\"allow-scripts\" security=\"restricted\" src=\"https:\/\/www.padreydecano.com\/cms\/noticias\/kevin-dawson-baja-ante-fenix\/embed\/#?secret=gg3q2kiVyl\" width=\"600\" height=\"338\" title=\"\u00abKevin Dawson baja ante F\u00e9nix\u00bb \u2014 Padre y Decano - El Sitio del Pueblo\" data-secret=\"gg3q2kiVyl\" frameborder=\"0\" marginwidth=\"0\" marginheight=\"0\" scrolling=\"no\" class=\"wp-embedded-content\"><\/iframe><script type=\"text\/javascript\">\n\/* <![CDATA[ *\/\n\/*! This file is auto-generated *\/\n!function(d,l){\"use strict\";l.querySelector&&d.addEventListener&&\"undefined\"!=typeof URL&&(d.wp=d.wp||{},d.wp.receiveEmbedMessage||(d.wp.receiveEmbedMessage=function(e){var t=e.data;if((t||t.secret||t.message||t.value)&&!\/[^a-zA-Z0-9]\/.test(t.secret)){for(var s,r,n,a=l.querySelectorAll('iframe[data-secret=\"'+t.secret+'\"]'),o=l.querySelectorAll('blockquote[data-secret=\"'+t.secret+'\"]'),c=new RegExp(\"^https?:$\",\"i\"),i=0;i<o.length;i++)o[i].style.display=\"none\";for(i=0;i<a.length;i++)s=a[i],e.source===s.contentWindow&&(s.removeAttribute(\"style\"),\"height\"===t.message?(1e3<(r=parseInt(t.value,10))?r=1e3:~~r<200&&(r=200),s.height=r):\"link\"===t.message&&(r=new URL(s.getAttribute(\"src\")),n=new URL(t.value),c.test(n.protocol))&&n.host===r.host&&l.activeElement===s&&(d.top.location.href=t.value))}},d.addEventListener(\"message\",d.wp.receiveEmbedMessage,!1),l.addEventListener(\"DOMContentLoaded\",function(){for(var e,t,s=l.querySelectorAll(\"iframe.wp-embedded-content\"),r=0;r<s.length;r++)(t=(e=s[r]).getAttribute(\"data-secret\"))||(t=Math.random().toString(36).substring(2,12),e.src+=\"#?secret=\"+t,e.setAttribute(\"data-secret\",t)),e.contentWindow.postMessage({message:\"ready\",secret:t},\"*\")},!1)))}(window,document);\n\/* ]]> *\/\n<\/script>\n","thumbnail_url":"https:\/\/www.padreydecano.com\/cms\/wp-content\/uploads\/2018\/02\/Kevin-Dawson-tapada-Guille-Varela.jpg","thumbnail_width":1100,"thumbnail_height":734,"description":"Kevin Dawson sufri\u00f3 una lesi\u00f3n muscular en el gemelo y no jugar\u00e1 ma\u00f1ana ante F\u00e9nix. El guardameta titular ya hab\u00eda preocupado en el partido cl\u00e1sico, cuando luego de una jugada qued\u00f3 en el suelo por un lapso m\u00ednimo de tiempo. En los pr\u00f3ximos d\u00edas se estudiar\u00e1 su lesi\u00f3n para estimar su tiempo de recuperaci\u00f3n. Su [&hellip;]"}