{"version":"1.0","provider_name":"Padre y Decano - El Sitio del Pueblo","provider_url":"https:\/\/www.padreydecano.com\/cms","title":"Estadio: La preventa empezar\u00eda el 28  - Padre y Decano - El Sitio del Pueblo","type":"rich","width":600,"height":338,"html":"<blockquote class=\"wp-embedded-content\" data-secret=\"TBcmzFz4cI\"><a href=\"https:\/\/www.padreydecano.com\/cms\/noticias\/estadio-la-preventa-empezaria-el-28\/\">Estadio: La preventa empezar\u00eda el 28<\/a><\/blockquote><iframe sandbox=\"allow-scripts\" security=\"restricted\" src=\"https:\/\/www.padreydecano.com\/cms\/noticias\/estadio-la-preventa-empezaria-el-28\/embed\/#?secret=TBcmzFz4cI\" width=\"600\" height=\"338\" title=\"\u00abEstadio: La preventa empezar\u00eda el 28\u00bb \u2014 Padre y Decano - El Sitio del Pueblo\" data-secret=\"TBcmzFz4cI\" frameborder=\"0\" marginwidth=\"0\" marginheight=\"0\" scrolling=\"no\" class=\"wp-embedded-content\"><\/iframe><script type=\"text\/javascript\">\n\/* <![CDATA[ *\/\n\/*! This file is auto-generated *\/\n!function(d,l){\"use strict\";l.querySelector&&d.addEventListener&&\"undefined\"!=typeof URL&&(d.wp=d.wp||{},d.wp.receiveEmbedMessage||(d.wp.receiveEmbedMessage=function(e){var t=e.data;if((t||t.secret||t.message||t.value)&&!\/[^a-zA-Z0-9]\/.test(t.secret)){for(var s,r,n,a=l.querySelectorAll('iframe[data-secret=\"'+t.secret+'\"]'),o=l.querySelectorAll('blockquote[data-secret=\"'+t.secret+'\"]'),c=new RegExp(\"^https?:$\",\"i\"),i=0;i<o.length;i++)o[i].style.display=\"none\";for(i=0;i<a.length;i++)s=a[i],e.source===s.contentWindow&&(s.removeAttribute(\"style\"),\"height\"===t.message?(1e3<(r=parseInt(t.value,10))?r=1e3:~~r<200&&(r=200),s.height=r):\"link\"===t.message&&(r=new URL(s.getAttribute(\"src\")),n=new URL(t.value),c.test(n.protocol))&&n.host===r.host&&l.activeElement===s&&(d.top.location.href=t.value))}},d.addEventListener(\"message\",d.wp.receiveEmbedMessage,!1),l.addEventListener(\"DOMContentLoaded\",function(){for(var e,t,s=l.querySelectorAll(\"iframe.wp-embedded-content\"),r=0;r<s.length;r++)(t=(e=s[r]).getAttribute(\"data-secret\"))||(t=Math.random().toString(36).substring(2,12),e.src+=\"#?secret=\"+t,e.setAttribute(\"data-secret\",t)),e.contentWindow.postMessage({message:\"ready\",secret:t},\"*\")},!1)))}(window,document);\n\/* ]]> *\/\n<\/script>\n","thumbnail_url":"https:\/\/www.padreydecano.com\/cms\/wp-content\/uploads\/2011\/12\/estadio_pe\u00f1arol.jpg","thumbnail_width":"726","thumbnail_height":"399","description":"El presidente de Pe\u00f1arol, Juan Pedro Damiani dijo en Las Voces del F\u00fatbol (programa de Julio R\u00edos emitido por 1410 am) que se espera lanzar la preventa de palcos y butacas el 28 de setiembre y que \u00abel estadio ya depende de la preventa\u00bb. Adem\u00e1s confirm\u00f3 que \u00abla autorizaci\u00f3n para que se construya el estadio [&hellip;]"}