{"version":"1.0","provider_name":"Padre y Decano - El Sitio del Pueblo","provider_url":"https:\/\/www.padreydecano.com\/cms","title":"\u00bfCl\u00e1sico sin jugadores de Selecci\u00f3n? - Padre y Decano - El Sitio del Pueblo","type":"rich","width":600,"height":338,"html":"<blockquote class=\"wp-embedded-content\" data-secret=\"rKHRScHD7V\"><a href=\"https:\/\/www.padreydecano.com\/cms\/noticias\/clasico-sin-jugadores-de-seleccion\/\">\u00bfCl\u00e1sico sin jugadores de Selecci\u00f3n?<\/a><\/blockquote><iframe sandbox=\"allow-scripts\" security=\"restricted\" src=\"https:\/\/www.padreydecano.com\/cms\/noticias\/clasico-sin-jugadores-de-seleccion\/embed\/#?secret=rKHRScHD7V\" width=\"600\" height=\"338\" title=\"\u00ab\u00bfCl\u00e1sico sin jugadores de Selecci\u00f3n?\u00bb \u2014 Padre y Decano - El Sitio del Pueblo\" data-secret=\"rKHRScHD7V\" frameborder=\"0\" marginwidth=\"0\" marginheight=\"0\" scrolling=\"no\" class=\"wp-embedded-content\"><\/iframe><script type=\"text\/javascript\">\n\/* <![CDATA[ *\/\n\/*! This file is auto-generated *\/\n!function(d,l){\"use strict\";l.querySelector&&d.addEventListener&&\"undefined\"!=typeof URL&&(d.wp=d.wp||{},d.wp.receiveEmbedMessage||(d.wp.receiveEmbedMessage=function(e){var t=e.data;if((t||t.secret||t.message||t.value)&&!\/[^a-zA-Z0-9]\/.test(t.secret)){for(var s,r,n,a=l.querySelectorAll('iframe[data-secret=\"'+t.secret+'\"]'),o=l.querySelectorAll('blockquote[data-secret=\"'+t.secret+'\"]'),c=new RegExp(\"^https?:$\",\"i\"),i=0;i<o.length;i++)o[i].style.display=\"none\";for(i=0;i<a.length;i++)s=a[i],e.source===s.contentWindow&&(s.removeAttribute(\"style\"),\"height\"===t.message?(1e3<(r=parseInt(t.value,10))?r=1e3:~~r<200&&(r=200),s.height=r):\"link\"===t.message&&(r=new URL(s.getAttribute(\"src\")),n=new URL(t.value),c.test(n.protocol))&&n.host===r.host&&l.activeElement===s&&(d.top.location.href=t.value))}},d.addEventListener(\"message\",d.wp.receiveEmbedMessage,!1),l.addEventListener(\"DOMContentLoaded\",function(){for(var e,t,s=l.querySelectorAll(\"iframe.wp-embedded-content\"),r=0;r<s.length;r++)(t=(e=s[r]).getAttribute(\"data-secret\"))||(t=Math.random().toString(36).substring(2,12),e.src+=\"#?secret=\"+t,e.setAttribute(\"data-secret\",t)),e.contentWindow.postMessage({message:\"ready\",secret:t},\"*\")},!1)))}(window,document);\n\/* ]]> *\/\n<\/script>\n","thumbnail_url":"https:\/\/www.padreydecano.com\/cms\/wp-content\/uploads\/2021\/05\/facundo-torres.jpg","thumbnail_width":635,"thumbnail_height":426,"description":"El sorteo del Campeonato Uruguayo 2021 determin\u00f3 que el cl\u00e1sico del Torneo Apertura se juegue en la fecha 9. Seg\u00fan lo programado, el partido ser\u00eda el fin de semana del 27 de junio, en plena Copa Am\u00e9rica. Ese d\u00eda, Uruguay enfrenta a Paraguay. Seg\u00fan los trascendidos de los \u00faltimos d\u00edas, hay tres jugadores del plantel [&hellip;]"}