{"version":"1.0","provider_name":"Padre y Decano - El Sitio del Pueblo","provider_url":"https:\/\/www.padreydecano.com\/cms","title":"#PYDRadio habl\u00f3 con el Preparador F\u00edsico de Pe\u00f1arol - Padre y Decano - El Sitio del Pueblo","type":"rich","width":600,"height":338,"html":"<blockquote class=\"wp-embedded-content\" data-secret=\"MIcP2KSPWK\"><a href=\"https:\/\/www.padreydecano.com\/cms\/entrevistas\/pydradio-hablo-con-el-preparador-fisico-de-penarol\/\">#PYDRadio habl\u00f3 con el Preparador F\u00edsico de Pe\u00f1arol<\/a><\/blockquote><iframe sandbox=\"allow-scripts\" security=\"restricted\" src=\"https:\/\/www.padreydecano.com\/cms\/entrevistas\/pydradio-hablo-con-el-preparador-fisico-de-penarol\/embed\/#?secret=MIcP2KSPWK\" width=\"600\" height=\"338\" title=\"\u00ab#PYDRadio habl\u00f3 con el Preparador F\u00edsico de Pe\u00f1arol\u00bb \u2014 Padre y Decano - El Sitio del Pueblo\" data-secret=\"MIcP2KSPWK\" frameborder=\"0\" marginwidth=\"0\" marginheight=\"0\" scrolling=\"no\" class=\"wp-embedded-content\"><\/iframe><script type=\"text\/javascript\">\n\/* <![CDATA[ *\/\n\/*! This file is auto-generated *\/\n!function(d,l){\"use strict\";l.querySelector&&d.addEventListener&&\"undefined\"!=typeof URL&&(d.wp=d.wp||{},d.wp.receiveEmbedMessage||(d.wp.receiveEmbedMessage=function(e){var t=e.data;if((t||t.secret||t.message||t.value)&&!\/[^a-zA-Z0-9]\/.test(t.secret)){for(var s,r,n,a=l.querySelectorAll('iframe[data-secret=\"'+t.secret+'\"]'),o=l.querySelectorAll('blockquote[data-secret=\"'+t.secret+'\"]'),c=new RegExp(\"^https?:$\",\"i\"),i=0;i<o.length;i++)o[i].style.display=\"none\";for(i=0;i<a.length;i++)s=a[i],e.source===s.contentWindow&&(s.removeAttribute(\"style\"),\"height\"===t.message?(1e3<(r=parseInt(t.value,10))?r=1e3:~~r<200&&(r=200),s.height=r):\"link\"===t.message&&(r=new URL(s.getAttribute(\"src\")),n=new URL(t.value),c.test(n.protocol))&&n.host===r.host&&l.activeElement===s&&(d.top.location.href=t.value))}},d.addEventListener(\"message\",d.wp.receiveEmbedMessage,!1),l.addEventListener(\"DOMContentLoaded\",function(){for(var e,t,s=l.querySelectorAll(\"iframe.wp-embedded-content\"),r=0;r<s.length;r++)(t=(e=s[r]).getAttribute(\"data-secret\"))||(t=Math.random().toString(36).substring(2,12),e.src+=\"#?secret=\"+t,e.setAttribute(\"data-secret\",t)),e.contentWindow.postMessage({message:\"ready\",secret:t},\"*\")},!1)))}(window,document);\n\/* ]]> *\/\n<\/script>\n","thumbnail_url":"https:\/\/www.padreydecano.com\/cms\/wp-content\/uploads\/2014\/02\/avelino-chica.jpg","thumbnail_width":258,"thumbnail_height":202,"description":"Padre y Decano Radio entrevist\u00f3 a Sebasti\u00e1n Avelino, preparador f\u00edsico del cuerpo t\u00e9cnico de Jorge Fossati, el viernes por la noche (antes de disputarse el partido ante Racing). El PF habl\u00f3 sobre los trabajos que se vienen realizando, metodolog\u00edas, y el cuidado que deben tener los jugadores. Escuch\u00e1 la entrevista con Avelino ac\u00e1:"}