{"version":"1.0","provider_name":"Padre y Decano - El Sitio del Pueblo","provider_url":"https:\/\/www.padreydecano.com\/cms","title":"Ahuntchain: \"El potencial de Pe\u00f1arol es grand\u00edsimo\" - Padre y Decano - El Sitio del Pueblo","type":"rich","width":600,"height":338,"html":"<blockquote class=\"wp-embedded-content\" data-secret=\"hHm6ljZP4W\"><a href=\"https:\/\/www.padreydecano.com\/cms\/entrevistas\/juan-ahuntchain-el-potencial-de-penarol-es-grandisimo\/\">Ahuntchain: \u00abEl potencial de Pe\u00f1arol es grand\u00edsimo\u00bb<\/a><\/blockquote><iframe sandbox=\"allow-scripts\" security=\"restricted\" src=\"https:\/\/www.padreydecano.com\/cms\/entrevistas\/juan-ahuntchain-el-potencial-de-penarol-es-grandisimo\/embed\/#?secret=hHm6ljZP4W\" width=\"600\" height=\"338\" title=\"\u00abAhuntchain: \u00abEl potencial de Pe\u00f1arol es grand\u00edsimo\u00bb\u00bb \u2014 Padre y Decano - El Sitio del Pueblo\" data-secret=\"hHm6ljZP4W\" frameborder=\"0\" marginwidth=\"0\" marginheight=\"0\" scrolling=\"no\" class=\"wp-embedded-content\"><\/iframe><script type=\"text\/javascript\">\n\/* <![CDATA[ *\/\n\/*! This file is auto-generated *\/\n!function(d,l){\"use strict\";l.querySelector&&d.addEventListener&&\"undefined\"!=typeof URL&&(d.wp=d.wp||{},d.wp.receiveEmbedMessage||(d.wp.receiveEmbedMessage=function(e){var t=e.data;if((t||t.secret||t.message||t.value)&&!\/[^a-zA-Z0-9]\/.test(t.secret)){for(var s,r,n,a=l.querySelectorAll('iframe[data-secret=\"'+t.secret+'\"]'),o=l.querySelectorAll('blockquote[data-secret=\"'+t.secret+'\"]'),c=new RegExp(\"^https?:$\",\"i\"),i=0;i<o.length;i++)o[i].style.display=\"none\";for(i=0;i<a.length;i++)s=a[i],e.source===s.contentWindow&&(s.removeAttribute(\"style\"),\"height\"===t.message?(1e3<(r=parseInt(t.value,10))?r=1e3:~~r<200&&(r=200),s.height=r):\"link\"===t.message&&(r=new URL(s.getAttribute(\"src\")),n=new URL(t.value),c.test(n.protocol))&&n.host===r.host&&l.activeElement===s&&(d.top.location.href=t.value))}},d.addEventListener(\"message\",d.wp.receiveEmbedMessage,!1),l.addEventListener(\"DOMContentLoaded\",function(){for(var e,t,s=l.querySelectorAll(\"iframe.wp-embedded-content\"),r=0;r<s.length;r++)(t=(e=s[r]).getAttribute(\"data-secret\"))||(t=Math.random().toString(36).substring(2,12),e.src+=\"#?secret=\"+t,e.setAttribute(\"data-secret\",t)),e.contentWindow.postMessage({message:\"ready\",secret:t},\"*\")},!1)))}(window,document);\n\/* ]]> *\/\n<\/script>\n","thumbnail_url":"https:\/\/www.padreydecano.com\/cms\/wp-content\/uploads\/2013\/11\/Juan-Ahuntchain.jpg","thumbnail_width":800,"thumbnail_height":533,"description":"Padre y Decano Radio habl\u00f3 con Juan Ahuntchain, Coordinador de divisiones formativas del Club Atl\u00e9tico Pe\u00f1arol,\u00a0para conocer la situaci\u00f3n actual de los juveniles del club, c\u00f3mo se viene trabajando en el CAR y la proyecci\u00f3n que se hace de los jugadores m\u00e1s jovenes. Escuchala ac\u00e1:"}