{"version":"1.0","provider_name":"Padre y Decano - El Sitio del Pueblo","provider_url":"https:\/\/www.padreydecano.com\/cms","title":"Banderas: Pe\u00f1arol sos incre\u00edble - Padre y Decano - El Sitio del Pueblo","type":"rich","width":600,"height":338,"html":"<blockquote class=\"wp-embedded-content\" data-secret=\"D5OQNpyfPi\"><a href=\"https:\/\/www.padreydecano.com\/cms\/entrevistas\/banderas-penarol-sos-increible\/\">Banderas: Pe\u00f1arol sos incre\u00edble<\/a><\/blockquote><iframe sandbox=\"allow-scripts\" security=\"restricted\" src=\"https:\/\/www.padreydecano.com\/cms\/entrevistas\/banderas-penarol-sos-increible\/embed\/#?secret=D5OQNpyfPi\" width=\"600\" height=\"338\" title=\"\u00abBanderas: Pe\u00f1arol sos incre\u00edble\u00bb \u2014 Padre y Decano - El Sitio del Pueblo\" data-secret=\"D5OQNpyfPi\" frameborder=\"0\" marginwidth=\"0\" marginheight=\"0\" scrolling=\"no\" class=\"wp-embedded-content\"><\/iframe><script type=\"text\/javascript\">\n\/* <![CDATA[ *\/\n\/*! This file is auto-generated *\/\n!function(d,l){\"use strict\";l.querySelector&&d.addEventListener&&\"undefined\"!=typeof URL&&(d.wp=d.wp||{},d.wp.receiveEmbedMessage||(d.wp.receiveEmbedMessage=function(e){var t=e.data;if((t||t.secret||t.message||t.value)&&!\/[^a-zA-Z0-9]\/.test(t.secret)){for(var s,r,n,a=l.querySelectorAll('iframe[data-secret=\"'+t.secret+'\"]'),o=l.querySelectorAll('blockquote[data-secret=\"'+t.secret+'\"]'),c=new RegExp(\"^https?:$\",\"i\"),i=0;i<o.length;i++)o[i].style.display=\"none\";for(i=0;i<a.length;i++)s=a[i],e.source===s.contentWindow&&(s.removeAttribute(\"style\"),\"height\"===t.message?(1e3<(r=parseInt(t.value,10))?r=1e3:~~r<200&&(r=200),s.height=r):\"link\"===t.message&&(r=new URL(s.getAttribute(\"src\")),n=new URL(t.value),c.test(n.protocol))&&n.host===r.host&&l.activeElement===s&&(d.top.location.href=t.value))}},d.addEventListener(\"message\",d.wp.receiveEmbedMessage,!1),l.addEventListener(\"DOMContentLoaded\",function(){for(var e,t,s=l.querySelectorAll(\"iframe.wp-embedded-content\"),r=0;r<s.length;r++)(t=(e=s[r]).getAttribute(\"data-secret\"))||(t=Math.random().toString(36).substring(2,12),e.src+=\"#?secret=\"+t,e.setAttribute(\"data-secret\",t)),e.contentWindow.postMessage({message:\"ready\",secret:t},\"*\")},!1)))}(window,document);\n\/* ]]> *\/\n<\/script>\n","thumbnail_url":"https:\/\/www.padreydecano.com\/cms\/wp-content\/uploads\/2012\/07\/Pe\u00f1arol-sos-incre\u00edble-6-Copiar.jpg","thumbnail_width":"646","thumbnail_height":"540","description":"Padre y Decano aprovecha el parate del f\u00fatbol para seguir entrevistando a los protagonistas de la tribuna. En este caso, los due\u00f1os del trapo \u00abPe\u00f1arol sos incre\u00edble\u00bb nos responden. \u00bfEn qu\u00e9 a\u00f1o arrancaron a ir a la cancha? \u00bfQui\u00e9n los llevaba? Arrancamos en el 90, por ah\u00ed, con mi primo y amigo el Chupo. \u00cdbamos\u00a0 [&hellip;]"}